{"id":72214,"date":"2024-05-24T13:06:17","date_gmt":"2024-05-24T11:06:17","guid":{"rendered":"https:\/\/entente-de-la-tet.fr\/?page_id=72214"},"modified":"2024-12-20T14:24:50","modified_gmt":"2024-12-20T13:24:50","slug":"equipe-junior","status":"publish","type":"page","link":"https:\/\/entente-de-la-tet.fr\/?page_id=72214","title":{"rendered":"Junior"},"content":{"rendered":"<p>[et_pb_section fb_built=\u00a0\u00bb1&Prime; _builder_version=\u00a0\u00bb4.16&Prime; _module_preset=\u00a0\u00bbdefault\u00a0\u00bb background_image=\u00a0\u00bbhttps:\/\/entente-de-la-tet.fr\/wp-content\/uploads\/2024\/03\/Creation-WEB.png\u00a0\u00bb custom_padding=\u00a0\u00bb||27px|||\u00a0\u00bb global_colors_info=\u00a0\u00bb{}\u00a0\u00bb][et_pb_row _builder_version=\u00a0\u00bb4.16&Prime; _module_preset=\u00a0\u00bbdefault\u00a0\u00bb global_colors_info=\u00a0\u00bb{}\u00a0\u00bb][et_pb_column type=\u00a0\u00bb4_4&Prime; _builder_version=\u00a0\u00bb4.16&Prime; _module_preset=\u00a0\u00bbdefault\u00a0\u00bb global_colors_info=\u00a0\u00bb{}\u00a0\u00bb][et_pb_image src=\u00a0\u00bbhttps:\/\/entente-de-la-tet.fr\/wp-content\/uploads\/2024\/03\/logo_entente-removebg-preview.png\u00a0\u00bb title_text=\u00a0\u00bblogo_entente-removebg-preview\u00a0\u00bb align=\u00a0\u00bbcenter\u00a0\u00bb _builder_version=\u00a0\u00bb4.16&Prime; _module_preset=\u00a0\u00bbdefault\u00a0\u00bb width=\u00a0\u00bb24%\u00a0\u00bb max_width=\u00a0\u00bb97%\u00a0\u00bb global_colors_info=\u00a0\u00bb{}\u00a0\u00bb][\/et_pb_image][et_pb_text _builder_version=\u00a0\u00bb4.25.1&Prime; _module_preset=\u00a0\u00bbdefault\u00a0\u00bb text_font=\u00a0\u00bbAbril Fatface|700|||||||\u00a0\u00bb text_text_color=\u00a0\u00bb#FFFFFF\u00a0\u00bb header_font=\u00a0\u00bbAdamina||||||||\u00a0\u00bb header_text_color=\u00a0\u00bb#FFFFFF\u00a0\u00bb header_font_size=\u00a0\u00bb50px\u00a0\u00bb header_font_size_tablet=\u00a0\u00bb50px\u00a0\u00bb header_font_size_phone=\u00a0\u00bb40px\u00a0\u00bb header_font_size_last_edited=\u00a0\u00bbon|desktop\u00a0\u00bb header_text_shadow_style=\u00a0\u00bbpreset1&Prime; global_colors_info=\u00a0\u00bb{}\u00a0\u00bb]<\/p>\n<h1 style=\"text-align: center;\">Nos Juniors<\/h1>\n<p>[\/et_pb_text][\/et_pb_column][\/et_pb_row][\/et_pb_section][et_pb_section fb_built=\u00a0\u00bb1&Prime; _builder_version=\u00a0\u00bb4.16&Prime; _module_preset=\u00a0\u00bbdefault\u00a0\u00bb custom_padding=\u00a0\u00bb0px||||false|false\u00a0\u00bb global_colors_info=\u00a0\u00bb{}\u00a0\u00bb][et_pb_row _builder_version=\u00a0\u00bb4.16&Prime; _module_preset=\u00a0\u00bbdefault\u00a0\u00bb global_colors_info=\u00a0\u00bb{}\u00a0\u00bb][et_pb_column type=\u00a0\u00bb4_4&Prime; _builder_version=\u00a0\u00bb4.16&Prime; _module_preset=\u00a0\u00bbdefault\u00a0\u00bb global_colors_info=\u00a0\u00bb{}\u00a0\u00bb][et_pb_text _builder_version=\u00a0\u00bb4.25.1&Prime; _module_preset=\u00a0\u00bbdefault\u00a0\u00bb text_font=\u00a0\u00bbAcme||||||||\u00a0\u00bb text_text_color=\u00a0\u00bb#000000&Prime; text_font_size=\u00a0\u00bb40px\u00a0\u00bb text_line_height=\u00a0\u00bb1.8em\u00a0\u00bb text_orientation=\u00a0\u00bbcenter\u00a0\u00bb custom_margin=\u00a0\u00bb10px||||false|false\u00a0\u00bb global_colors_info=\u00a0\u00bb{}\u00a0\u00bb]<\/p>\n<p>Notre \u00e9quipe Junior<\/p>\n<p>[\/et_pb_text][\/et_pb_column][\/et_pb_row][et_pb_row column_structure=\u00a0\u00bb1_2,1_2&Prime; _builder_version=\u00a0\u00bb4.25.1&Prime; _module_preset=\u00a0\u00bbdefault\u00a0\u00bb custom_margin=\u00a0\u00bb-40px||||false|false\u00a0\u00bb global_colors_info=\u00a0\u00bb{}\u00a0\u00bb][et_pb_column type=\u00a0\u00bb1_2&Prime; _builder_version=\u00a0\u00bb4.16&Prime; _module_preset=\u00a0\u00bbdefault\u00a0\u00bb global_colors_info=\u00a0\u00bb{}\u00a0\u00bb][et_pb_image src=\u00a0\u00bbhttps:\/\/entente-de-la-tet.fr\/wp-content\/uploads\/2024\/05\/Capture-decran-2024-05-20-a-17.40.03.png\u00a0\u00bb title_text=\u00a0\u00bbCapture d\u2019\u00e9cran 2024-05-20 \u00e0 17.40.03&Prime; _builder_version=\u00a0\u00bb4.25.1&Prime; _module_preset=\u00a0\u00bbdefault\u00a0\u00bb custom_margin=\u00a0\u00bb15px||||false|false\u00a0\u00bb global_colors_info=\u00a0\u00bb{}\u00a0\u00bb][\/et_pb_image][\/et_pb_column][et_pb_column type=\u00a0\u00bb1_2&Prime; _builder_version=\u00a0\u00bb4.16&Prime; _module_preset=\u00a0\u00bbdefault\u00a0\u00bb global_colors_info=\u00a0\u00bb{}\u00a0\u00bb][et_pb_text _builder_version=\u00a0\u00bb4.25.1&Prime; _module_preset=\u00a0\u00bbdefault\u00a0\u00bb global_colors_info=\u00a0\u00bb{}\u00a0\u00bb]<\/p>\n<p>\u00c0 l\u2019Entente de la T\u00eat, nous croyons fermement <strong><span style=\"color: #000000;\">en l\u2019importance de cultiver et de d\u00e9velopper les jeunes talents.<\/span><\/strong> Notre \u00e9quipe junior incarne cet engagement, offrant aux jeunes joueurs <span style=\"color: #000000;\"><strong>une plateforme pour grandir, apprendre et s\u2019\u00e9panouir dans le monde exigeant mais gratifiant du rugby.<\/strong><\/span><\/p>\n<p>Les juniors de l\u2019Entente de la T\u00eat partagent les m\u00eames valeurs fondamentales que nos \u00e9quipes seniors : <span style=\"color: #000000;\"><strong>le respect, la solidarit\u00e9 et le d\u00e9passement de soi.<\/strong> <\/span>Chaque membre de l\u2019\u00e9quipe contribue \u00e0 cr\u00e9er <span style=\"color: #000000;\"><strong>une atmosph\u00e8re o\u00f9 l\u2019entraide, l\u2019amiti\u00e9 et la passion pour le jeu<\/strong> <\/span>sont au c\u0153ur de chaque entra\u00eenement et de chaque match.<\/p>\n<p>Sous la direction de coaches exp\u00e9riment\u00e9s et passionn\u00e9s, nos juniors b\u00e9n\u00e9ficient <span style=\"color: #000000;\"><strong>d\u2019un encadrement de qualit\u00e9, ax\u00e9 sur le d\u00e9veloppement technique, tactique et mental.<\/strong> <\/span>Nous croyons en l\u2019importance d\u2019offrir aux jeunes joueurs <span style=\"color: #000000;\"><strong>les outils n\u00e9cessaires pour atteindre leur plein potentiel<\/strong><\/span>, tant sur le terrain que dans leur vie personnelle.<\/p>\n<p>Pour nos juniors, la saison est bien plus qu\u2019une simple s\u00e9rie de matchs : c\u2019est <span style=\"color: #000000;\"><strong>une aventure sportive enrichissante<\/strong> <\/span>o\u00f9 chaque comp\u00e9tition, chaque victoire et chaque d\u00e9fi surmont\u00e9 c<span style=\"color: #000000;\"><strong>ontribue \u00e0 la croissance individuelle et collective de l\u2019\u00e9quipe.<\/strong><\/span><\/p>\n<p><span style=\"color: #000000;\"><strong>Rejoindre notre \u00e9quipe junior<\/strong><\/span>, c\u2019est participer \u00e0 une formidable aventure o\u00f9 <span style=\"color: #000000;\"><strong>le rugby est bien plus qu\u2019un sport,<\/strong><\/span> c\u2019est un mode de vie. <span style=\"color: #000000;\"><strong>Ensemble, nous construirons un avenir brillant pour le rugby et pour les jeunes talents de l\u2019Entente de la T\u00eat<\/strong><\/span><\/p>\n<p>&nbsp;<\/p>\n<p>[\/et_pb_text][\/et_pb_column][\/et_pb_row][\/et_pb_section][et_pb_section fb_built=\u00a0\u00bb1&Prime; _builder_version=\u00a0\u00bb4.25.1&Prime; _module_preset=\u00a0\u00bbdefault\u00a0\u00bb custom_margin=\u00a0\u00bb||-184px|||\u00a0\u00bb global_colors_info=\u00a0\u00bb{}\u00a0\u00bb][et_pb_row _builder_version=\u00a0\u00bb4.25.1&Prime; _module_preset=\u00a0\u00bbdefault\u00a0\u00bb custom_margin=\u00a0\u00bb-115px||||false|false\u00a0\u00bb global_colors_info=\u00a0\u00bb{}\u00a0\u00bb][et_pb_column type=\u00a0\u00bb4_4&Prime; _builder_version=\u00a0\u00bb4.25.1&Prime; _module_preset=\u00a0\u00bbdefault\u00a0\u00bb global_colors_info=\u00a0\u00bb{}\u00a0\u00bb][et_pb_divider color=\u00a0\u00bb#fff101&Prime; divider_weight=\u00a0\u00bb2px\u00a0\u00bb _builder_version=\u00a0\u00bb4.25.1&Prime; _module_preset=\u00a0\u00bbdefault\u00a0\u00bb custom_margin=\u00a0\u00bb-35px||||false|false\u00a0\u00bb global_colors_info=\u00a0\u00bb{}\u00a0\u00bb][\/et_pb_divider][\/et_pb_column][\/et_pb_row][et_pb_row _builder_version=\u00a0\u00bb4.25.1&Prime; _module_preset=\u00a0\u00bbdefault\u00a0\u00bb global_colors_info=\u00a0\u00bb{}\u00a0\u00bb][et_pb_column type=\u00a0\u00bb4_4&Prime; _builder_version=\u00a0\u00bb4.25.1&Prime; _module_preset=\u00a0\u00bbdefault\u00a0\u00bb global_colors_info=\u00a0\u00bb{}\u00a0\u00bb][et_pb_text _builder_version=\u00a0\u00bb4.25.1&Prime; _module_preset=\u00a0\u00bbdefault\u00a0\u00bb text_font=\u00a0\u00bbAcme|700|||||||\u00a0\u00bb text_text_color=\u00a0\u00bb#000000&Prime; text_font_size=\u00a0\u00bb39px\u00a0\u00bb custom_margin=\u00a0\u00bb-56px||-66px||false|false\u00a0\u00bb global_colors_info=\u00a0\u00bb{}\u00a0\u00bb]<\/p>\n<p style=\"text-align: center;\"><strong>Prochain match<\/strong><\/p>\n<p>[\/et_pb_text][\/et_pb_column][\/et_pb_row][et_pb_row column_structure=\u00a0\u00bb1_2,1_2&Prime; _builder_version=\u00a0\u00bb4.25.1&Prime; _module_preset=\u00a0\u00bbdefault\u00a0\u00bb custom_margin=\u00a0\u00bb-50px||||false|false\u00a0\u00bb global_colors_info=\u00a0\u00bb{}\u00a0\u00bb][et_pb_column type=\u00a0\u00bb1_2&Prime; _builder_version=\u00a0\u00bb4.25.1&Prime; _module_preset=\u00a0\u00bbdefault\u00a0\u00bb global_colors_info=\u00a0\u00bb{}\u00a0\u00bb][et_pb_image src=\u00a0\u00bbhttps:\/\/entente-de-la-tet.fr\/wp-content\/uploads\/2024\/05\/Capture-decran-2024-05-24-a-10.43.45.png\u00a0\u00bb title_text=\u00a0\u00bbCapture d\u2019\u00e9cran 2024-05-24 \u00e0 10.43.45&Prime; _builder_version=\u00a0\u00bb4.25.1&Prime; _module_preset=\u00a0\u00bbdefault\u00a0\u00bb width=\u00a0\u00bb87%\u00a0\u00bb custom_margin=\u00a0\u00bb|||61px|false|false\u00a0\u00bb global_colors_info=\u00a0\u00bb{}\u00a0\u00bb][\/et_pb_image][\/et_pb_column][et_pb_column type=\u00a0\u00bb1_2&Prime; _builder_version=\u00a0\u00bb4.25.1&Prime; _module_preset=\u00a0\u00bbdefault\u00a0\u00bb global_colors_info=\u00a0\u00bb{}\u00a0\u00bb][et_pb_countdown_timer title=\u00a0\u00bbAucun match pr\u00e9vu actuellement \u00a0\u00bb date_time=\u00a0\u00bb2024-06-01 15:15&Prime; _builder_version=\u00a0\u00bb4.25.1&Prime; _module_preset=\u00a0\u00bbdefault\u00a0\u00bb background_color=\u00a0\u00bb#000000&Prime; global_colors_info=\u00a0\u00bb{}\u00a0\u00bb][\/et_pb_countdown_timer][et_pb_text _builder_version=\u00a0\u00bb4.25.1&Prime; _module_preset=\u00a0\u00bbdefault\u00a0\u00bb custom_margin=\u00a0\u00bb-20px||||false|false\u00a0\u00bb global_colors_info=\u00a0\u00bb{}\u00a0\u00bb]<\/p>\n<p>\u00a0Chers membres et supporters de l&rsquo;Entente de la T\u00eat,<\/p>\n<p>Nous vous informons qu&rsquo;il n&rsquo;y a actuellement aucun match pr\u00e9vu.<\/p>\n<p>Restez connect\u00e9s pour les mises \u00e0 jour et les annonces \u00e0 venir.<\/p>\n<p>Merci pour votre soutien constant et \u00e0 tr\u00e8s bient\u00f4t sur le terrain !<\/p>\n<p>Sportivement, L&rsquo;\u00e9quipe de l&rsquo;Entente de la T\u00eat<\/p>\n<p>[\/et_pb_text][\/et_pb_column][\/et_pb_row][et_pb_row _builder_version=\u00a0\u00bb4.25.1&Prime; _module_preset=\u00a0\u00bbdefault\u00a0\u00bb custom_margin=\u00a0\u00bb-20px|auto|110px|auto|false|false\u00a0\u00bb global_colors_info=\u00a0\u00bb{}\u00a0\u00bb][et_pb_column type=\u00a0\u00bb4_4&Prime; _builder_version=\u00a0\u00bb4.25.1&Prime; _module_preset=\u00a0\u00bbdefault\u00a0\u00bb global_colors_info=\u00a0\u00bb{}\u00a0\u00bb][et_pb_divider color=\u00a0\u00bb#fff101&Prime; divider_weight=\u00a0\u00bb2px\u00a0\u00bb _builder_version=\u00a0\u00bb4.25.1&Prime; _module_preset=\u00a0\u00bbdefault\u00a0\u00bb global_colors_info=\u00a0\u00bb{}\u00a0\u00bb][\/et_pb_divider][\/et_pb_column][\/et_pb_row][et_pb_row _builder_version=\u00a0\u00bb4.25.1&Prime; _module_preset=\u00a0\u00bbdefault\u00a0\u00bb custom_margin=\u00a0\u00bb-140px||||false|false\u00a0\u00bb global_colors_info=\u00a0\u00bb{}\u00a0\u00bb][et_pb_column type=\u00a0\u00bb4_4&Prime; _builder_version=\u00a0\u00bb4.25.1&Prime; _module_preset=\u00a0\u00bbdefault\u00a0\u00bb global_colors_info=\u00a0\u00bb{}\u00a0\u00bb][et_pb_text _builder_version=\u00a0\u00bb4.25.1&Prime; _module_preset=\u00a0\u00bbdefault\u00a0\u00bb text_font=\u00a0\u00bbAcme|700|||||||\u00a0\u00bb text_text_color=\u00a0\u00bb#000000&Prime; text_font_size=\u00a0\u00bb29px\u00a0\u00bb global_colors_info=\u00a0\u00bb{}\u00a0\u00bb]<\/p>\n<p style=\"text-align: center;\"><strong>Le staff de l&rsquo;\u00e9quipe Junior<\/strong><\/p>\n<p>[\/et_pb_text][\/et_pb_column][\/et_pb_row][et_pb_row column_structure=\u00a0\u00bb1_2,1_2&Prime; _builder_version=\u00a0\u00bb4.25.1&Prime; _module_preset=\u00a0\u00bbdefault\u00a0\u00bb custom_margin=\u00a0\u00bb-20px||||false|false\u00a0\u00bb global_colors_info=\u00a0\u00bb{}\u00a0\u00bb][et_pb_column type=\u00a0\u00bb1_2&Prime; _builder_version=\u00a0\u00bb4.25.1&Prime; _module_preset=\u00a0\u00bbdefault\u00a0\u00bb global_colors_info=\u00a0\u00bb{}\u00a0\u00bb][et_pb_image src=\u00a0\u00bbhttps:\/\/entente-de-la-tet.fr\/wp-content\/uploads\/2024\/07\/IMG_5728.jpg\u00a0\u00bb title_text=\u00a0\u00bbIMG_5728&Prime; _builder_version=\u00a0\u00bb4.25.2&Prime; _module_preset=\u00a0\u00bbdefault\u00a0\u00bb global_colors_info=\u00a0\u00bb{}\u00a0\u00bb][\/et_pb_image][\/et_pb_column][et_pb_column type=\u00a0\u00bb1_2&Prime; _builder_version=\u00a0\u00bb4.25.1&Prime; _module_preset=\u00a0\u00bbdefault\u00a0\u00bb global_colors_info=\u00a0\u00bb{}\u00a0\u00bb][et_pb_text _builder_version=\u00a0\u00bb4.25.2&Prime; _module_preset=\u00a0\u00bbdefault\u00a0\u00bb global_colors_info=\u00a0\u00bb{}\u00a0\u00bb]<\/p>\n<p><span style=\"color: #000000;\"><strong>Nicolas Maureta<\/strong><\/span><br \/>Passionn\u00e9 et innovant, Nicolas Maureta met l&rsquo;accent sur le d\u00e9veloppement technique et tactique des jeunes joueurs. Il cr\u00e9e un environnement positif pour leur \u00e9panouissement personnel et sportif.<\/p>\n<p><span style=\"color: #000000;\"><strong>Nicolas Marchand<\/strong><\/span><br \/>Dynamique et rigoureux, Nicolas Marchand se distingue par son approche d\u00e9taill\u00e9e et bienveillante. Il adapte ses entra\u00eenements aux besoins individuels, encourageant une progression harmonieuse de ses joueurs.<\/p>\n<p><span style=\"color: #000000;\"><strong>Laurent Lopez<\/strong><\/span><br \/>Exp\u00e9riment\u00e9 et strat\u00e9gique, Laurent Lopez valorise les fondamentaux et les valeurs sportives. Il d\u00e9tecte et d\u00e9veloppe le potentiel de chaque joueur, les guidant vers l&rsquo;excellence avec des entra\u00eenements structur\u00e9s.<\/p>\n<p>Ensemble, ces entra\u00eeneurs forment une \u00e9quipe compl\u00e9mentaire et d\u00e9vou\u00e9e, d\u00e9di\u00e9e \u00e0 la r\u00e9ussite et au d\u00e9veloppement des jeunes talents.<\/p>\n<p>[\/et_pb_text][\/et_pb_column][\/et_pb_row][et_pb_row _builder_version=\u00a0\u00bb4.25.1&Prime; _module_preset=\u00a0\u00bbdefault\u00a0\u00bb custom_margin=\u00a0\u00bb-20px|auto|110px|auto|false|false\u00a0\u00bb global_colors_info=\u00a0\u00bb{}\u00a0\u00bb][et_pb_column type=\u00a0\u00bb4_4&Prime; _builder_version=\u00a0\u00bb4.25.1&Prime; _module_preset=\u00a0\u00bbdefault\u00a0\u00bb global_colors_info=\u00a0\u00bb{}\u00a0\u00bb][et_pb_divider color=\u00a0\u00bb#fff101&Prime; divider_weight=\u00a0\u00bb2px\u00a0\u00bb _builder_version=\u00a0\u00bb4.25.1&Prime; _module_preset=\u00a0\u00bbdefault\u00a0\u00bb global_colors_info=\u00a0\u00bb{}\u00a0\u00bb][\/et_pb_divider][\/et_pb_column][\/et_pb_row][\/et_pb_section][et_pb_section fb_built=\u00a0\u00bb1&Prime; _builder_version=\u00a0\u00bb4.25.1&Prime; _module_preset=\u00a0\u00bbdefault\u00a0\u00bb custom_margin=\u00a0\u00bb||0px||false|false\u00a0\u00bb global_colors_info=\u00a0\u00bb{}\u00a0\u00bb][et_pb_row _builder_version=\u00a0\u00bb4.25.1&Prime; _module_preset=\u00a0\u00bbdefault\u00a0\u00bb custom_margin=\u00a0\u00bb-70px||||false|false\u00a0\u00bb global_colors_info=\u00a0\u00bb{}\u00a0\u00bb][et_pb_column type=\u00a0\u00bb4_4&Prime; _builder_version=\u00a0\u00bb4.25.1&Prime; _module_preset=\u00a0\u00bbdefault\u00a0\u00bb global_colors_info=\u00a0\u00bb{}\u00a0\u00bb][et_pb_text _builder_version=\u00a0\u00bb4.25.1&Prime; _module_preset=\u00a0\u00bbdefault\u00a0\u00bb text_font=\u00a0\u00bbAcme|700|||||||\u00a0\u00bb text_text_color=\u00a0\u00bb#000000&Prime; text_font_size=\u00a0\u00bb29px\u00a0\u00bb custom_margin=\u00a0\u00bb0px||39px||false|false\u00a0\u00bb global_colors_info=\u00a0\u00bb{}\u00a0\u00bb]<\/p>\n<p style=\"text-align: center;\">Comment rejoindre l&rsquo;\u00e9quipe Juniors ?<\/p>\n<p>[\/et_pb_text][\/et_pb_column][\/et_pb_row][et_pb_row column_structure=\u00a0\u00bb1_2,1_2&Prime; _builder_version=\u00a0\u00bb4.25.1&Prime; _module_preset=\u00a0\u00bbdefault\u00a0\u00bb custom_margin=\u00a0\u00bb-80px||||false|false\u00a0\u00bb global_colors_info=\u00a0\u00bb{}\u00a0\u00bb][et_pb_column type=\u00a0\u00bb1_2&Prime; _builder_version=\u00a0\u00bb4.25.1&Prime; _module_preset=\u00a0\u00bbdefault\u00a0\u00bb global_colors_info=\u00a0\u00bb{}\u00a0\u00bb][et_pb_image src=\u00a0\u00bbhttps:\/\/entente-de-la-tet.fr\/wp-content\/uploads\/2024\/05\/Capture-decran-2024-05-24-a-11.33.13.png\u00a0\u00bb title_text=\u00a0\u00bbCapture d\u2019\u00e9cran 2024-05-24 \u00e0 11.33.13&Prime; _builder_version=\u00a0\u00bb4.25.1&Prime; _module_preset=\u00a0\u00bbdefault\u00a0\u00bb global_colors_info=\u00a0\u00bb{}\u00a0\u00bb][\/et_pb_image][\/et_pb_column][et_pb_column type=\u00a0\u00bb1_2&Prime; _builder_version=\u00a0\u00bb4.25.1&Prime; _module_preset=\u00a0\u00bbdefault\u00a0\u00bb global_colors_info=\u00a0\u00bb{}\u00a0\u00bb][et_pb_text _builder_version=\u00a0\u00bb4.25.1&Prime; _module_preset=\u00a0\u00bbdefault\u00a0\u00bb global_colors_info=\u00a0\u00bb{}\u00a0\u00bb]<\/p>\n<h4>Comment Rejoindre l&rsquo;\u00c9quipe Juniors de l&rsquo;Entente de la T\u00eat ?<\/h4>\n<p>Si vous \u00eates passionn\u00e9 de rugby et que vous souhaitez rejoindre notre \u00e9quipe Juniors, voici comment proc\u00e9der :<\/p>\n<p><span style=\"text-decoration: underline; color: #000000;\"><strong>1) Remplissez le Formulaire de Contact<\/strong> :<\/span><\/p>\n<p><span style=\"color: #000000;\"><strong>Pour faciliter votre inscription, veuillez remplir le formulaire de contact en ligne via le lien ci-dessous.<\/strong><\/span> Nous avons besoin de vos informations pour mieux vous conna\u00eetre et \u00e9valuer votre candidature. Assurez-vous de fournir des d\u00e9tails pr\u00e9cis et complets.<\/p>\n<p><span style=\"text-decoration: underline; color: #000000;\"><strong>2) Contactez les Co-Pr\u00e9sidents<\/strong> : <\/span><\/p>\n<p>Si vous pr\u00e9f\u00e9rez discuter directement avec nous, n&rsquo;h\u00e9sitez pas \u00e0 appeler nos co-pr\u00e9sidents, R\u00e9gis Moliner et Thierry Baux. Ils seront ravis de r\u00e9pondre \u00e0 toutes vos questions et de vous guider dans le processus d&rsquo;inscription.<\/p>\n<ul>\n<li style=\"list-style-type: none;\">\n<ul>\n<li><span style=\"color: #000000;\"><strong>R\u00e9gis Moliner (Co-Pr\u00e9sident) : 06-11-30-93-07<\/strong><\/span><\/li>\n<li><span style=\"color: #000000;\"><strong>Thierry Baux (Co-Pr\u00e9sident) : 06-72-95-45-72<\/strong><\/span><\/li>\n<\/ul>\n<\/li>\n<\/ul>\n<p>Rejoindre notre \u00e9quipe Juniors est bien plus qu&rsquo;une simple adh\u00e9sion. C&rsquo;est <span style=\"color: #000000;\"><strong>l&rsquo;opportunit\u00e9 de d\u00e9velopper vos comp\u00e9tences, de tisser des liens avec d&rsquo;autres passionn\u00e9s et de vivre des moments inoubliables<\/strong><\/span> sur le terrain. Rejoignez-nous pour une exp\u00e9rience enrichissante et palpitante de rugby !<\/p>\n<p>[\/et_pb_text][\/et_pb_column][\/et_pb_row][et_pb_row _builder_version=\u00a0\u00bb4.25.1&Prime; _module_preset=\u00a0\u00bbdefault\u00a0\u00bb global_colors_info=\u00a0\u00bb{}\u00a0\u00bb][et_pb_column type=\u00a0\u00bb4_4&Prime; _builder_version=\u00a0\u00bb4.25.1&Prime; _module_preset=\u00a0\u00bbdefault\u00a0\u00bb global_colors_info=\u00a0\u00bb{}\u00a0\u00bb][et_pb_divider color=\u00a0\u00bb#fff101&Prime; divider_weight=\u00a0\u00bb2px\u00a0\u00bb _builder_version=\u00a0\u00bb4.25.1&Prime; _module_preset=\u00a0\u00bbdefault\u00a0\u00bb custom_margin=\u00a0\u00bb-20px||||false|false\u00a0\u00bb global_colors_info=\u00a0\u00bb{}\u00a0\u00bb][\/et_pb_divider][\/et_pb_column][\/et_pb_row][et_pb_row _builder_version=\u00a0\u00bb4.25.1&Prime; _module_preset=\u00a0\u00bbdefault\u00a0\u00bb global_colors_info=\u00a0\u00bb{}\u00a0\u00bb][et_pb_column type=\u00a0\u00bb4_4&Prime; _builder_version=\u00a0\u00bb4.25.1&Prime; _module_preset=\u00a0\u00bbdefault\u00a0\u00bb global_colors_info=\u00a0\u00bb{}\u00a0\u00bb][et_pb_text _builder_version=\u00a0\u00bb4.25.1&Prime; _module_preset=\u00a0\u00bbdefault\u00a0\u00bb text_font=\u00a0\u00bbAcme|700|||||||\u00a0\u00bb text_text_color=\u00a0\u00bb#000000&Prime; text_font_size=\u00a0\u00bb29px\u00a0\u00bb custom_margin=\u00a0\u00bb-50px||0px||false|false\u00a0\u00bb global_colors_info=\u00a0\u00bb{}\u00a0\u00bb]<\/p>\n<p style=\"text-align: center;\"><strong>Nous Contacter par Mail<\/strong><\/p>\n<p>[\/et_pb_text][\/et_pb_column][\/et_pb_row][et_pb_row _builder_version=\u00a0\u00bb4.25.1&Prime; _module_preset=\u00a0\u00bbdefault\u00a0\u00bb custom_margin=\u00a0\u00bb-60px||||false|false\u00a0\u00bb global_colors_info=\u00a0\u00bb{}\u00a0\u00bb][et_pb_column type=\u00a0\u00bb4_4&Prime; _builder_version=\u00a0\u00bb4.25.1&Prime; _module_preset=\u00a0\u00bbdefault\u00a0\u00bb global_colors_info=\u00a0\u00bb{}\u00a0\u00bb][et_pb_contact_form use_spam_service=\u00a0\u00bbon\u00a0\u00bb recaptcha_list=\u00a0\u00bbentente-de-la-tetfr|entente-de-la-tetfr-0&Prime; email=\u00a0\u00bbecolederugbyententedelatet@gmail.com\u00a0\u00bb success_message=\u00a0\u00bbMerci d&rsquo;avoir contact\u00e9 l&rsquo;Entente de la T\u00eat Rugby. Votre message a \u00e9t\u00e9 bien re\u00e7u et sera trait\u00e9 rapidement.  En attendant, consultez notre site pour les derni\u00e8res actualit\u00e9s et \u00e9v\u00e9nements.  Sportivement, L&rsquo;\u00e9quipe de l&rsquo;Entente de la T\u00eat Rugby\u00a0\u00bb submit_button_text=\u00a0\u00bbEnvoyer\u00a0\u00bb _builder_version=\u00a0\u00bb4.25.1&Prime; _module_preset=\u00a0\u00bbdefault\u00a0\u00bb _unique_id=\u00a0\u00bb5b854277-7d24-4794-8076-b039bfc3ad8e\u00a0\u00bb custom_button=\u00a0\u00bbon\u00a0\u00bb button_text_size=\u00a0\u00bb20px\u00a0\u00bb button_text_color=\u00a0\u00bb#000000&Prime; button_bg_color=\u00a0\u00bb#fff101&Prime; button_border_width=\u00a0\u00bb0px\u00a0\u00bb button_border_radius=\u00a0\u00bb18px\u00a0\u00bb button_font=\u00a0\u00bb|600|||||||\u00a0\u00bb global_colors_info=\u00a0\u00bb{}\u00a0\u00bb][et_pb_contact_field field_id=\u00a0\u00bbName\u00a0\u00bb field_title=\u00a0\u00bbNom\u00a0\u00bb _builder_version=\u00a0\u00bb4.16&Prime; global_colors_info=\u00a0\u00bb{}\u00a0\u00bb button_text_size__hover_enabled=\u00a0\u00bboff\u00a0\u00bb button_one_text_size__hover_enabled=\u00a0\u00bboff\u00a0\u00bb button_two_text_size__hover_enabled=\u00a0\u00bboff\u00a0\u00bb button_text_color__hover_enabled=\u00a0\u00bboff\u00a0\u00bb button_one_text_color__hover_enabled=\u00a0\u00bboff\u00a0\u00bb button_two_text_color__hover_enabled=\u00a0\u00bboff\u00a0\u00bb button_border_width__hover_enabled=\u00a0\u00bboff\u00a0\u00bb button_one_border_width__hover_enabled=\u00a0\u00bboff\u00a0\u00bb button_two_border_width__hover_enabled=\u00a0\u00bboff\u00a0\u00bb button_border_color__hover_enabled=\u00a0\u00bboff\u00a0\u00bb button_one_border_color__hover_enabled=\u00a0\u00bboff\u00a0\u00bb button_two_border_color__hover_enabled=\u00a0\u00bboff\u00a0\u00bb button_border_radius__hover_enabled=\u00a0\u00bboff\u00a0\u00bb button_one_border_radius__hover_enabled=\u00a0\u00bboff\u00a0\u00bb button_two_border_radius__hover_enabled=\u00a0\u00bboff\u00a0\u00bb button_letter_spacing__hover_enabled=\u00a0\u00bboff\u00a0\u00bb button_one_letter_spacing__hover_enabled=\u00a0\u00bboff\u00a0\u00bb button_two_letter_spacing__hover_enabled=\u00a0\u00bboff\u00a0\u00bb button_bg_color__hover_enabled=\u00a0\u00bboff\u00a0\u00bb button_one_bg_color__hover_enabled=\u00a0\u00bboff\u00a0\u00bb button_two_bg_color__hover_enabled=\u00a0\u00bboff\u00a0\u00bb][\/et_pb_contact_field][et_pb_contact_field field_id=\u00a0\u00bbEmail\u00a0\u00bb field_title=\u00a0\u00bbAdresse e-mail\u00a0\u00bb field_type=\u00a0\u00bbemail\u00a0\u00bb _builder_version=\u00a0\u00bb4.16&Prime; global_colors_info=\u00a0\u00bb{}\u00a0\u00bb button_text_size__hover_enabled=\u00a0\u00bboff\u00a0\u00bb button_one_text_size__hover_enabled=\u00a0\u00bboff\u00a0\u00bb button_two_text_size__hover_enabled=\u00a0\u00bboff\u00a0\u00bb button_text_color__hover_enabled=\u00a0\u00bboff\u00a0\u00bb button_one_text_color__hover_enabled=\u00a0\u00bboff\u00a0\u00bb button_two_text_color__hover_enabled=\u00a0\u00bboff\u00a0\u00bb button_border_width__hover_enabled=\u00a0\u00bboff\u00a0\u00bb button_one_border_width__hover_enabled=\u00a0\u00bboff\u00a0\u00bb button_two_border_width__hover_enabled=\u00a0\u00bboff\u00a0\u00bb button_border_color__hover_enabled=\u00a0\u00bboff\u00a0\u00bb button_one_border_color__hover_enabled=\u00a0\u00bboff\u00a0\u00bb button_two_border_color__hover_enabled=\u00a0\u00bboff\u00a0\u00bb button_border_radius__hover_enabled=\u00a0\u00bboff\u00a0\u00bb button_one_border_radius__hover_enabled=\u00a0\u00bboff\u00a0\u00bb button_two_border_radius__hover_enabled=\u00a0\u00bboff\u00a0\u00bb button_letter_spacing__hover_enabled=\u00a0\u00bboff\u00a0\u00bb button_one_letter_spacing__hover_enabled=\u00a0\u00bboff\u00a0\u00bb button_two_letter_spacing__hover_enabled=\u00a0\u00bboff\u00a0\u00bb button_bg_color__hover_enabled=\u00a0\u00bboff\u00a0\u00bb button_one_bg_color__hover_enabled=\u00a0\u00bboff\u00a0\u00bb button_two_bg_color__hover_enabled=\u00a0\u00bboff\u00a0\u00bb][\/et_pb_contact_field][et_pb_contact_field field_id=\u00a0\u00bbMessage\u00a0\u00bb field_title=\u00a0\u00bbMessage\u00a0\u00bb field_type=\u00a0\u00bbtext\u00a0\u00bb fullwidth_field=\u00a0\u00bbon\u00a0\u00bb _builder_version=\u00a0\u00bb4.16&Prime; global_colors_info=\u00a0\u00bb{}\u00a0\u00bb button_text_size__hover_enabled=\u00a0\u00bboff\u00a0\u00bb button_one_text_size__hover_enabled=\u00a0\u00bboff\u00a0\u00bb button_two_text_size__hover_enabled=\u00a0\u00bboff\u00a0\u00bb button_text_color__hover_enabled=\u00a0\u00bboff\u00a0\u00bb button_one_text_color__hover_enabled=\u00a0\u00bboff\u00a0\u00bb button_two_text_color__hover_enabled=\u00a0\u00bboff\u00a0\u00bb button_border_width__hover_enabled=\u00a0\u00bboff\u00a0\u00bb button_one_border_width__hover_enabled=\u00a0\u00bboff\u00a0\u00bb button_two_border_width__hover_enabled=\u00a0\u00bboff\u00a0\u00bb button_border_color__hover_enabled=\u00a0\u00bboff\u00a0\u00bb button_one_border_color__hover_enabled=\u00a0\u00bboff\u00a0\u00bb button_two_border_color__hover_enabled=\u00a0\u00bboff\u00a0\u00bb button_border_radius__hover_enabled=\u00a0\u00bboff\u00a0\u00bb button_one_border_radius__hover_enabled=\u00a0\u00bboff\u00a0\u00bb button_two_border_radius__hover_enabled=\u00a0\u00bboff\u00a0\u00bb button_letter_spacing__hover_enabled=\u00a0\u00bboff\u00a0\u00bb button_one_letter_spacing__hover_enabled=\u00a0\u00bboff\u00a0\u00bb button_two_letter_spacing__hover_enabled=\u00a0\u00bboff\u00a0\u00bb button_bg_color__hover_enabled=\u00a0\u00bboff\u00a0\u00bb button_one_bg_color__hover_enabled=\u00a0\u00bboff\u00a0\u00bb button_two_bg_color__hover_enabled=\u00a0\u00bboff\u00a0\u00bb][\/et_pb_contact_field][\/et_pb_contact_form][et_pb_text _builder_version=\u00a0\u00bb4.25.1&Prime; _module_preset=\u00a0\u00bbdefault\u00a0\u00bb custom_margin=\u00a0\u00bb-85px||||false|false\u00a0\u00bb global_colors_info=\u00a0\u00bb{}\u00a0\u00bb]<\/p>\n<p><em>*Les informations renseign\u00e9es dans ce formulaire serviront uniquement \u00e0 r\u00e9pondre \u00e0 votre demande et ne seront pas utilis\u00e9es \u00e0 des fins commerciales.<\/em><\/p>\n<p>[\/et_pb_text][\/et_pb_column][\/et_pb_row][et_pb_row _builder_version=\u00a0\u00bb4.25.1&Prime; _module_preset=\u00a0\u00bbdefault\u00a0\u00bb custom_margin=\u00a0\u00bb30px||||false|false\u00a0\u00bb global_colors_info=\u00a0\u00bb{}\u00a0\u00bb][et_pb_column type=\u00a0\u00bb4_4&Prime; _builder_version=\u00a0\u00bb4.25.1&Prime; _module_preset=\u00a0\u00bbdefault\u00a0\u00bb global_colors_info=\u00a0\u00bb{}\u00a0\u00bb][et_pb_divider color=\u00a0\u00bb#fff101&Prime; divider_weight=\u00a0\u00bb2px\u00a0\u00bb _builder_version=\u00a0\u00bb4.25.1&Prime; _module_preset=\u00a0\u00bbdefault\u00a0\u00bb custom_margin=\u00a0\u00bb-20px||||false|false\u00a0\u00bb global_colors_info=\u00a0\u00bb{}\u00a0\u00bb][\/et_pb_divider][\/et_pb_column][\/et_pb_row][\/et_pb_section]<\/p>\n","protected":false},"excerpt":{"rendered":"<p>Nos JuniorsNotre \u00e9quipe Junior\u00c0 l\u2019Entente de la T\u00eat, nous croyons fermement en l\u2019importance de cultiver et de d\u00e9velopper les jeunes talents. Notre \u00e9quipe junior incarne cet engagement, offrant aux jeunes joueurs une plateforme pour grandir, apprendre et s\u2019\u00e9panouir dans le monde exigeant mais gratifiant du rugby. Les juniors de l\u2019Entente de la T\u00eat partagent les [&hellip;]<\/p>\n","protected":false},"author":1,"featured_media":0,"parent":0,"menu_order":0,"comment_status":"closed","ping_status":"closed","template":"","meta":{"_et_pb_use_builder":"on","_et_pb_old_content":"","_et_gb_content_width":"","footnotes":""},"class_list":["post-72214","page","type-page","status-publish","hentry"],"yoast_head":"<!-- This site is optimized with the Yoast SEO plugin v24.7 - https:\/\/yoast.com\/wordpress\/plugins\/seo\/ -->\n<title>Junior - entente-de-la-tet.fr<\/title>\n<meta name=\"robots\" content=\"index, follow, max-snippet:-1, max-image-preview:large, max-video-preview:-1\" \/>\n<link rel=\"canonical\" href=\"https:\/\/entente-de-la-tet.fr\/?page_id=72214\" \/>\n<meta property=\"og:locale\" content=\"fr_FR\" \/>\n<meta property=\"og:type\" content=\"article\" \/>\n<meta property=\"og:title\" content=\"Junior - entente-de-la-tet.fr\" \/>\n<meta property=\"og:description\" content=\"Nos JuniorsNotre \u00e9quipe Junior\u00c0 l\u2019Entente de la T\u00eat, nous croyons fermement en l\u2019importance de cultiver et de d\u00e9velopper les jeunes talents. Notre \u00e9quipe junior incarne cet engagement, offrant aux jeunes joueurs une plateforme pour grandir, apprendre et s\u2019\u00e9panouir dans le monde exigeant mais gratifiant du rugby. Les juniors de l\u2019Entente de la T\u00eat partagent les [&hellip;]\" \/>\n<meta property=\"og:url\" content=\"https:\/\/entente-de-la-tet.fr\/?page_id=72214\" \/>\n<meta property=\"og:site_name\" content=\"entente-de-la-tet.fr\" \/>\n<meta property=\"article:modified_time\" content=\"2024-12-20T13:24:50+00:00\" \/>\n<meta name=\"twitter:card\" content=\"summary_large_image\" \/>\n<meta name=\"twitter:label1\" content=\"Dur\u00e9e de lecture estim\u00e9e\" \/>\n\t<meta name=\"twitter:data1\" content=\"13 minutes\" \/>\n<script type=\"application\/ld+json\" class=\"yoast-schema-graph\">{\"@context\":\"https:\/\/schema.org\",\"@graph\":[{\"@type\":\"WebPage\",\"@id\":\"https:\/\/entente-de-la-tet.fr\/?page_id=72214\",\"url\":\"https:\/\/entente-de-la-tet.fr\/?page_id=72214\",\"name\":\"Junior - entente-de-la-tet.fr\",\"isPartOf\":{\"@id\":\"https:\/\/entente-de-la-tet.fr\/#website\"},\"datePublished\":\"2024-05-24T11:06:17+00:00\",\"dateModified\":\"2024-12-20T13:24:50+00:00\",\"breadcrumb\":{\"@id\":\"https:\/\/entente-de-la-tet.fr\/?page_id=72214#breadcrumb\"},\"inLanguage\":\"fr-FR\",\"potentialAction\":[{\"@type\":\"ReadAction\",\"target\":[\"https:\/\/entente-de-la-tet.fr\/?page_id=72214\"]}]},{\"@type\":\"BreadcrumbList\",\"@id\":\"https:\/\/entente-de-la-tet.fr\/?page_id=72214#breadcrumb\",\"itemListElement\":[{\"@type\":\"ListItem\",\"position\":1,\"name\":\"Accueil\",\"item\":\"https:\/\/entente-de-la-tet.fr\/\"},{\"@type\":\"ListItem\",\"position\":2,\"name\":\"Junior\"}]},{\"@type\":\"WebSite\",\"@id\":\"https:\/\/entente-de-la-tet.fr\/#website\",\"url\":\"https:\/\/entente-de-la-tet.fr\/\",\"name\":\"entente-de-la-tet.fr\",\"description\":\"\",\"publisher\":{\"@id\":\"https:\/\/entente-de-la-tet.fr\/#organization\"},\"potentialAction\":[{\"@type\":\"SearchAction\",\"target\":{\"@type\":\"EntryPoint\",\"urlTemplate\":\"https:\/\/entente-de-la-tet.fr\/?s={search_term_string}\"},\"query-input\":{\"@type\":\"PropertyValueSpecification\",\"valueRequired\":true,\"valueName\":\"search_term_string\"}}],\"inLanguage\":\"fr-FR\"},{\"@type\":\"Organization\",\"@id\":\"https:\/\/entente-de-la-tet.fr\/#organization\",\"name\":\"entente-de-la-tet.fr\",\"url\":\"https:\/\/entente-de-la-tet.fr\/\",\"logo\":{\"@type\":\"ImageObject\",\"inLanguage\":\"fr-FR\",\"@id\":\"https:\/\/entente-de-la-tet.fr\/#\/schema\/logo\/image\/\",\"url\":\"https:\/\/entente-de-la-tet.fr\/wp-content\/uploads\/2024\/03\/logo_entente-removebg-preview.png\",\"contentUrl\":\"https:\/\/entente-de-la-tet.fr\/wp-content\/uploads\/2024\/03\/logo_entente-removebg-preview.png\",\"width\":499,\"height\":500,\"caption\":\"entente-de-la-tet.fr\"},\"image\":{\"@id\":\"https:\/\/entente-de-la-tet.fr\/#\/schema\/logo\/image\/\"}}]}<\/script>\n<!-- \/ Yoast SEO plugin. -->","yoast_head_json":{"title":"Junior - entente-de-la-tet.fr","robots":{"index":"index","follow":"follow","max-snippet":"max-snippet:-1","max-image-preview":"max-image-preview:large","max-video-preview":"max-video-preview:-1"},"canonical":"https:\/\/entente-de-la-tet.fr\/?page_id=72214","og_locale":"fr_FR","og_type":"article","og_title":"Junior - entente-de-la-tet.fr","og_description":"Nos JuniorsNotre \u00e9quipe Junior\u00c0 l\u2019Entente de la T\u00eat, nous croyons fermement en l\u2019importance de cultiver et de d\u00e9velopper les jeunes talents. Notre \u00e9quipe junior incarne cet engagement, offrant aux jeunes joueurs une plateforme pour grandir, apprendre et s\u2019\u00e9panouir dans le monde exigeant mais gratifiant du rugby. Les juniors de l\u2019Entente de la T\u00eat partagent les [&hellip;]","og_url":"https:\/\/entente-de-la-tet.fr\/?page_id=72214","og_site_name":"entente-de-la-tet.fr","article_modified_time":"2024-12-20T13:24:50+00:00","twitter_card":"summary_large_image","twitter_misc":{"Dur\u00e9e de lecture estim\u00e9e":"13 minutes"},"schema":{"@context":"https:\/\/schema.org","@graph":[{"@type":"WebPage","@id":"https:\/\/entente-de-la-tet.fr\/?page_id=72214","url":"https:\/\/entente-de-la-tet.fr\/?page_id=72214","name":"Junior - entente-de-la-tet.fr","isPartOf":{"@id":"https:\/\/entente-de-la-tet.fr\/#website"},"datePublished":"2024-05-24T11:06:17+00:00","dateModified":"2024-12-20T13:24:50+00:00","breadcrumb":{"@id":"https:\/\/entente-de-la-tet.fr\/?page_id=72214#breadcrumb"},"inLanguage":"fr-FR","potentialAction":[{"@type":"ReadAction","target":["https:\/\/entente-de-la-tet.fr\/?page_id=72214"]}]},{"@type":"BreadcrumbList","@id":"https:\/\/entente-de-la-tet.fr\/?page_id=72214#breadcrumb","itemListElement":[{"@type":"ListItem","position":1,"name":"Accueil","item":"https:\/\/entente-de-la-tet.fr\/"},{"@type":"ListItem","position":2,"name":"Junior"}]},{"@type":"WebSite","@id":"https:\/\/entente-de-la-tet.fr\/#website","url":"https:\/\/entente-de-la-tet.fr\/","name":"entente-de-la-tet.fr","description":"","publisher":{"@id":"https:\/\/entente-de-la-tet.fr\/#organization"},"potentialAction":[{"@type":"SearchAction","target":{"@type":"EntryPoint","urlTemplate":"https:\/\/entente-de-la-tet.fr\/?s={search_term_string}"},"query-input":{"@type":"PropertyValueSpecification","valueRequired":true,"valueName":"search_term_string"}}],"inLanguage":"fr-FR"},{"@type":"Organization","@id":"https:\/\/entente-de-la-tet.fr\/#organization","name":"entente-de-la-tet.fr","url":"https:\/\/entente-de-la-tet.fr\/","logo":{"@type":"ImageObject","inLanguage":"fr-FR","@id":"https:\/\/entente-de-la-tet.fr\/#\/schema\/logo\/image\/","url":"https:\/\/entente-de-la-tet.fr\/wp-content\/uploads\/2024\/03\/logo_entente-removebg-preview.png","contentUrl":"https:\/\/entente-de-la-tet.fr\/wp-content\/uploads\/2024\/03\/logo_entente-removebg-preview.png","width":499,"height":500,"caption":"entente-de-la-tet.fr"},"image":{"@id":"https:\/\/entente-de-la-tet.fr\/#\/schema\/logo\/image\/"}}]}},"_links":{"self":[{"href":"https:\/\/entente-de-la-tet.fr\/index.php?rest_route=\/wp\/v2\/pages\/72214"}],"collection":[{"href":"https:\/\/entente-de-la-tet.fr\/index.php?rest_route=\/wp\/v2\/pages"}],"about":[{"href":"https:\/\/entente-de-la-tet.fr\/index.php?rest_route=\/wp\/v2\/types\/page"}],"author":[{"embeddable":true,"href":"https:\/\/entente-de-la-tet.fr\/index.php?rest_route=\/wp\/v2\/users\/1"}],"replies":[{"embeddable":true,"href":"https:\/\/entente-de-la-tet.fr\/index.php?rest_route=%2Fwp%2Fv2%2Fcomments&post=72214"}],"version-history":[{"count":33,"href":"https:\/\/entente-de-la-tet.fr\/index.php?rest_route=\/wp\/v2\/pages\/72214\/revisions"}],"predecessor-version":[{"id":72625,"href":"https:\/\/entente-de-la-tet.fr\/index.php?rest_route=\/wp\/v2\/pages\/72214\/revisions\/72625"}],"wp:attachment":[{"href":"https:\/\/entente-de-la-tet.fr\/index.php?rest_route=%2Fwp%2Fv2%2Fmedia&parent=72214"}],"curies":[{"name":"wp","href":"https:\/\/api.w.org\/{rel}","templated":true}]}}