{"id":72131,"date":"2024-05-22T16:43:23","date_gmt":"2024-05-22T14:43:23","guid":{"rendered":"https:\/\/entente-de-la-tet.fr\/?page_id=72131"},"modified":"2024-06-17T08:33:04","modified_gmt":"2024-06-17T06:33:04","slug":"notre-politique-de-confidentialite","status":"publish","type":"page","link":"https:\/\/entente-de-la-tet.fr\/?page_id=72131","title":{"rendered":"Notre politique de confidentialit\u00e9"},"content":{"rendered":"<p>[et_pb_section fb_built=\u00a0\u00bb1&Prime; _builder_version=\u00a0\u00bb4.16&Prime; _module_preset=\u00a0\u00bbdefault\u00a0\u00bb background_image=\u00a0\u00bbhttps:\/\/entente-de-la-tet.fr\/wp-content\/uploads\/2024\/03\/Creation-WEB.png\u00a0\u00bb global_colors_info=\u00a0\u00bb{}\u00a0\u00bb][et_pb_row _builder_version=\u00a0\u00bb4.16&Prime; _module_preset=\u00a0\u00bbdefault\u00a0\u00bb global_colors_info=\u00a0\u00bb{}\u00a0\u00bb][et_pb_column type=\u00a0\u00bb4_4&Prime; _builder_version=\u00a0\u00bb4.16&Prime; _module_preset=\u00a0\u00bbdefault\u00a0\u00bb global_colors_info=\u00a0\u00bb{}\u00a0\u00bb][et_pb_image src=\u00a0\u00bbhttps:\/\/entente-de-la-tet.fr\/wp-content\/uploads\/2024\/03\/logo_entente-removebg-preview.png\u00a0\u00bb title_text=\u00a0\u00bblogo_entente-removebg-preview\u00a0\u00bb align=\u00a0\u00bbcenter\u00a0\u00bb _builder_version=\u00a0\u00bb4.16&Prime; _module_preset=\u00a0\u00bbdefault\u00a0\u00bb width=\u00a0\u00bb22%\u00a0\u00bb max_width=\u00a0\u00bb97%\u00a0\u00bb global_colors_info=\u00a0\u00bb{}\u00a0\u00bb][\/et_pb_image][et_pb_text _builder_version=\u00a0\u00bb4.25.1&Prime; _module_preset=\u00a0\u00bbdefault\u00a0\u00bb text_font=\u00a0\u00bbAcme|700|||||||\u00a0\u00bb text_text_color=\u00a0\u00bb#FFFFFF\u00a0\u00bb header_font=\u00a0\u00bbAdamina||||||||\u00a0\u00bb header_text_color=\u00a0\u00bb#FFFFFF\u00a0\u00bb header_font_size=\u00a0\u00bb50px\u00a0\u00bb header_font_size_tablet=\u00a0\u00bb50px\u00a0\u00bb header_font_size_phone=\u00a0\u00bb40px\u00a0\u00bb header_font_size_last_edited=\u00a0\u00bbon|desktop\u00a0\u00bb header_text_shadow_style=\u00a0\u00bbpreset1&Prime; global_colors_info=\u00a0\u00bb{}\u00a0\u00bb]<\/p>\n<h1 style=\"text-align: center;\">Notre Politique de Confidentialit\u00e9<\/h1>\n<p>[\/et_pb_text][\/et_pb_column][\/et_pb_row][\/et_pb_section][et_pb_section fb_built=\u00a0\u00bb1&Prime; _builder_version=\u00a0\u00bb4.16&Prime; _module_preset=\u00a0\u00bbdefault\u00a0\u00bb custom_margin=\u00a0\u00bb||-70px|||\u00a0\u00bb custom_padding=\u00a0\u00bb0px|||||\u00a0\u00bb global_colors_info=\u00a0\u00bb{}\u00a0\u00bb][et_pb_row column_structure=\u00a0\u00bb1_3,1_3,1_3&Prime; _builder_version=\u00a0\u00bb4.16&Prime; _module_preset=\u00a0\u00bbdefault\u00a0\u00bb global_colors_info=\u00a0\u00bb{}\u00a0\u00bb][et_pb_column type=\u00a0\u00bb1_3&Prime; _builder_version=\u00a0\u00bb4.16&Prime; _module_preset=\u00a0\u00bbdefault\u00a0\u00bb global_colors_info=\u00a0\u00bb{}\u00a0\u00bb][et_pb_image src=\u00a0\u00bbhttps:\/\/entente-de-la-tet.fr\/wp-content\/uploads\/2024\/03\/logo-labelisation-1.png\u00a0\u00bb title_text=\u00a0\u00bblogo lab\u00e9lisation 1&Prime; align=\u00a0\u00bbcenter\u00a0\u00bb _builder_version=\u00a0\u00bb4.16&Prime; _module_preset=\u00a0\u00bbdefault\u00a0\u00bb width=\u00a0\u00bb35%\u00a0\u00bb global_colors_info=\u00a0\u00bb{}\u00a0\u00bb][\/et_pb_image][\/et_pb_column][et_pb_column type=\u00a0\u00bb1_3&Prime; _builder_version=\u00a0\u00bb4.16&Prime; _module_preset=\u00a0\u00bbdefault\u00a0\u00bb global_colors_info=\u00a0\u00bb{}\u00a0\u00bb][et_pb_image src=\u00a0\u00bbhttps:\/\/entente-de-la-tet.fr\/wp-content\/uploads\/2024\/03\/club-engage-removebg-preview.png\u00a0\u00bb title_text=\u00a0\u00bbclub-engage-removebg-preview\u00a0\u00bb align=\u00a0\u00bbcenter\u00a0\u00bb _builder_version=\u00a0\u00bb4.16&Prime; _module_preset=\u00a0\u00bbdefault\u00a0\u00bb width=\u00a0\u00bb86%\u00a0\u00bb custom_margin=\u00a0\u00bb12px||||false|false\u00a0\u00bb custom_padding=\u00a0\u00bb0px|||||\u00a0\u00bb global_colors_info=\u00a0\u00bb{}\u00a0\u00bb][\/et_pb_image][\/et_pb_column][et_pb_column type=\u00a0\u00bb1_3&Prime; _builder_version=\u00a0\u00bb4.16&Prime; _module_preset=\u00a0\u00bbdefault\u00a0\u00bb global_colors_info=\u00a0\u00bb{}\u00a0\u00bb][et_pb_image src=\u00a0\u00bbhttps:\/\/entente-de-la-tet.fr\/wp-content\/uploads\/2024\/03\/309404718_175200778365163_7627744649808961020_n-removebg-preview.png\u00a0\u00bb title_text=\u00a0\u00bb309404718_175200778365163_7627744649808961020_n-removebg-preview\u00a0\u00bb align=\u00a0\u00bbcenter\u00a0\u00bb _builder_version=\u00a0\u00bb4.16&Prime; _module_preset=\u00a0\u00bbdefault\u00a0\u00bb width=\u00a0\u00bb55%\u00a0\u00bb global_colors_info=\u00a0\u00bb{}\u00a0\u00bb][\/et_pb_image][\/et_pb_column][\/et_pb_row][\/et_pb_section][et_pb_section fb_built=\u00a0\u00bb1&Prime; _builder_version=\u00a0\u00bb4.16&Prime; _module_preset=\u00a0\u00bbdefault\u00a0\u00bb min_height=\u00a0\u00bb440.1px\u00a0\u00bb custom_padding=\u00a0\u00bb||6px|||\u00a0\u00bb global_colors_info=\u00a0\u00bb{}\u00a0\u00bb][et_pb_row _builder_version=\u00a0\u00bb4.25.1&Prime; _module_preset=\u00a0\u00bbdefault\u00a0\u00bb custom_margin=\u00a0\u00bb-45px||||false|false\u00a0\u00bb global_colors_info=\u00a0\u00bb{}\u00a0\u00bb][et_pb_column type=\u00a0\u00bb4_4&Prime; _builder_version=\u00a0\u00bb4.16&Prime; _module_preset=\u00a0\u00bbdefault\u00a0\u00bb global_colors_info=\u00a0\u00bb{}\u00a0\u00bb][et_pb_divider color=\u00a0\u00bb#EDF000&Prime; divider_weight=\u00a0\u00bb2px\u00a0\u00bb _builder_version=\u00a0\u00bb4.25.1&Prime; _module_preset=\u00a0\u00bbdefault\u00a0\u00bb global_colors_info=\u00a0\u00bb{}\u00a0\u00bb][\/et_pb_divider][\/et_pb_column][\/et_pb_row][et_pb_row _builder_version=\u00a0\u00bb4.25.1&Prime; _module_preset=\u00a0\u00bbdefault\u00a0\u00bb global_colors_info=\u00a0\u00bb{}\u00a0\u00bb][et_pb_column type=\u00a0\u00bb4_4&Prime; _builder_version=\u00a0\u00bb4.25.1&Prime; _module_preset=\u00a0\u00bbdefault\u00a0\u00bb global_colors_info=\u00a0\u00bb{}\u00a0\u00bb][et_pb_text _builder_version=\u00a0\u00bb4.25.1&Prime; _module_preset=\u00a0\u00bbdefault\u00a0\u00bb text_font=\u00a0\u00bbAcme|700|||||||\u00a0\u00bb text_text_color=\u00a0\u00bb#000000&Prime; text_font_size=\u00a0\u00bb29px\u00a0\u00bb custom_margin=\u00a0\u00bb-43px||||false|false\u00a0\u00bb global_colors_info=\u00a0\u00bb{}\u00a0\u00bb]<\/p>\n<p style=\"text-align: center;\">Politique de Condidentialit\u00e9<\/p>\n<p>[\/et_pb_text][et_pb_text _builder_version=\u00a0\u00bb4.25.1&Prime; _module_preset=\u00a0\u00bbdefault\u00a0\u00bb global_colors_info=\u00a0\u00bb{}\u00a0\u00bb]<\/p>\n<h4 style=\"text-align: center;\"><span style=\"color: #000000;\"><strong>Date de prise d&rsquo;effet : Le 22\/05\/2024<\/strong><strong><\/strong><\/span><span style=\"color: #000000;\"><strong><\/strong><\/span><\/h4>\n<h4><span style=\"color: #000000;\"><strong><\/strong><\/span><\/h4>\n<p>&nbsp;<\/p>\n<p>[\/et_pb_text][\/et_pb_column][\/et_pb_row][et_pb_row _builder_version=\u00a0\u00bb4.25.1&Prime; _module_preset=\u00a0\u00bbdefault\u00a0\u00bb custom_margin=\u00a0\u00bb||90px||false|false\u00a0\u00bb global_colors_info=\u00a0\u00bb{}\u00a0\u00bb][et_pb_column type=\u00a0\u00bb4_4&Prime; _builder_version=\u00a0\u00bb4.25.1&Prime; _module_preset=\u00a0\u00bbdefault\u00a0\u00bb global_colors_info=\u00a0\u00bb{}\u00a0\u00bb][et_pb_text _builder_version=\u00a0\u00bb4.25.1&Prime; _module_preset=\u00a0\u00bbdefault\u00a0\u00bb global_colors_info=\u00a0\u00bb{}\u00a0\u00bb]<\/p>\n<h4 style=\"text-align: left;\"><span style=\"text-decoration: underline;\"><span style=\"color: #000000;\"><strong>1. Introduction :\u00a0<\/strong><\/span><\/span><\/h4>\n<p><span style=\"text-decoration: underline;\"><span style=\"color: #000000;\"><strong><\/strong><\/span><\/span><\/p>\n<p style=\"text-align: left;\">Bienvenue sur le site internet de l&rsquo;Entente de la Tet. La protection de vos donn\u00e9es personnelles est une priorit\u00e9 pour nous. Cette politique de confidentialit\u00e9 explique quelles donn\u00e9es nous collectons, comment nous les utilisons, et vos droits relatifs \u00e0 vos informations personnelles.<\/p>\n<h4 style=\"text-align: left;\"><span style=\"text-decoration: underline;\"><span style=\"color: #000000;\"><strong><\/strong><\/span><\/span><\/h4>\n<h4 style=\"text-align: left;\"><span style=\"text-decoration: underline;\"><span style=\"color: #000000;\"><strong>2. Protection contre le spam avec Google reCAPTCHA :<\/strong><\/span><\/span><span style=\"text-decoration: underline;\"><span style=\"color: #000000;\"><strong><\/strong><\/span><\/span><\/h4>\n<p style=\"text-align: left;\"><span style=\"text-decoration: underline;\"><span style=\"color: #000000;\"><strong><\/strong><\/span><\/span><\/p>\n<p style=\"text-align: left;\">Nous avons impl\u00e9ment\u00e9 Google reCAPTCHA dans les formulaires de notre site web pour v\u00e9rifier si les donn\u00e9es saisies proviennent de visiteurs humains ou de programmes automatis\u00e9s, appel\u00e9s \u00ab\u00a0bots\u00a0\u00bb. Cet outil analyse automatiquement le comportement des visiteurs lorsqu&rsquo;ils interagissent avec le site, en utilisant diverses informations telles que l&rsquo;adresse IP, la dur\u00e9e de visite et les mouvements de la souris. Les donn\u00e9es trait\u00e9es incluent les informations d&rsquo;utilisation comme le site web visit\u00e9, la date et l&rsquo;heure d&rsquo;acc\u00e8s, ainsi que les mouvements de la souris, et les informations de communication comme les adresses IP, le type de navigateur et le syst\u00e8me d&rsquo;exploitation.<\/p>\n<p style=\"text-align: left;\">Ce traitement concerne les visiteurs de notre site web et les utilisateurs de nos services en ligne, avec pour principal objectif de pr\u00e9venir l&rsquo;abus de notre formulaire de contact et d&rsquo;am\u00e9liorer la s\u00e9curit\u00e9. La base l\u00e9gale de ce traitement repose sur notre int\u00e9r\u00eat l\u00e9gitime conform\u00e9ment \u00e0 l&rsquo;Art. 6 par. 1 p. 1 lit. f du RGPD. Les destinataires des donn\u00e9es incluent Google Ireland Ltd, situ\u00e9 \u00e0 Google Building Gordon House, Barrow St, Dublin 4, Irlande (https:\/\/policies.google.com\/privacy), et notre fournisseur d&rsquo;h\u00e9bergement web. Les donn\u00e9es personnelles sont trait\u00e9es au sein de l&rsquo;UE, et la dur\u00e9e de r\u00e9tention des donn\u00e9es trait\u00e9es est d\u00e9termin\u00e9e par Google Ireland Limited. Pour plus d&rsquo;informations, veuillez consulter la politique de confidentialit\u00e9 de Google reCAPTCHA: <a href=\"https:\/\/policies.google.com\/privacy\">https:\/\/policies.google.com\/privacy<\/a><\/p>\n<h4 style=\"text-align: left;\"><span style=\"text-decoration: underline;\"><span style=\"color: #000000;\"><strong><\/strong><\/span><\/span><\/h4>\n<h4 style=\"text-align: left;\"><span style=\"text-decoration: underline;\"><span style=\"color: #000000;\"><strong>3. Propri\u00e9t\u00e9 intellectuelle :<\/strong><\/span><\/span><span style=\"color: #000000;\"><strong><\/strong><\/span><\/h4>\n<p style=\"text-align: left;\"><span style=\"color: #000000;\"><strong><\/strong><\/span><\/p>\n<p style=\"text-align: left;\">Le contenu du site ententedelatet.fr (textes, images, vid\u00e9os, etc.) est la propri\u00e9t\u00e9 exclusive de l&rsquo;Entente de la Tet, sauf indication contraire. Toute reproduction, m\u00eame partielle, sans autorisation pr\u00e9alable est interdite.<\/p>\n<p style=\"text-align: left;\">\n<h4 style=\"text-align: left;\"><span style=\"text-decoration: underline;\"><strong><span style=\"color: #000000; text-decoration: underline;\">4. Collecte de donn\u00e9es :<\/span><\/strong><\/span><strong><span style=\"color: #000000;\"><\/span><\/strong><\/h4>\n<p style=\"text-align: left;\"><strong><span style=\"color: #000000;\"><\/span><\/strong><\/p>\n<p style=\"text-align: left;\">Nous collectons des donn\u00e9es personnelles lorsque vous utilisez notre site internet ou nos services. Ces donn\u00e9es peuvent inclure, sans s\u2019y limiter, votre nom, votre adresse e-mail, votre num\u00e9ro de t\u00e9l\u00e9phone, et des informations sur les biens que vous souhaitez g\u00e9rer. La collecte de donn\u00e9es se fait essentiellement via le formulaire pour estimer ses revenus de locations.<\/p>\n<p style=\"text-align: left;\">\n<h4 style=\"text-align: left;\"><span style=\"text-decoration: underline;\"><span style=\"color: #000000;\"><strong>5. Utilisation des donn\u00e9es :<\/strong><\/span><\/span><span style=\"color: #000000;\"><strong><\/strong><\/span><span style=\"color: #000000;\"><strong><\/strong><\/span><\/h4>\n<p style=\"text-align: left;\"><span style=\"color: #000000;\"><strong><\/strong><\/span><\/p>\n<p style=\"text-align: left;\">Nous utilisons vos donn\u00e9es personnelles pour les finalit\u00e9s suivantes :<\/p>\n<ul style=\"text-align: left;\">\n<li>Communication avec vous<\/li>\n<li>Envoi et r\u00e9ception d\u2019informations\u00a0<\/li>\n<li>R\u00e9pondre \u00e0 vos demandes de renseignements<\/li>\n<\/ul>\n<h4 style=\"text-align: left;\"><span style=\"text-decoration: underline;\"><span style=\"color: #000000;\"><strong><\/strong><\/span><\/span><\/h4>\n<h4 style=\"text-align: left;\"><span style=\"text-decoration: underline;\"><span style=\"color: #000000;\"><strong>6. Partage des donn\u00e9es :<\/strong><\/span><\/span><span style=\"color: #000000;\"><strong><\/strong><\/span><span style=\"color: #000000;\"><strong><\/strong><\/span><\/h4>\n<p style=\"text-align: left;\"><span style=\"color: #000000;\"><strong><\/strong><\/span><\/p>\n<p style=\"text-align: left;\">Nous pouvons partager vos donn\u00e9es personnelles avec des tiers dans les cas suivants :<\/p>\n<ul style=\"text-align: left;\">\n<li>Lorsque cela est n\u00e9cessaire pour fournir nos services<\/li>\n<li>Conform\u00e9ment \u00e0 des obligations l\u00e9gales ou r\u00e9glementaires<\/li>\n<\/ul>\n<p>&nbsp;<\/p>\n<h4 style=\"text-align: left;\"><span style=\"text-decoration: underline;\"><span style=\"color: #000000;\"><strong>7. Protection des donn\u00e9es personnelles :<\/strong><\/span><\/span><span style=\"color: #000000;\"><strong><\/strong><\/span><span style=\"color: #000000;\"><strong><\/strong><\/span><\/h4>\n<p style=\"text-align: left;\"><span style=\"color: #000000;\"><strong><\/strong><\/span><\/p>\n<p style=\"text-align: left;\">L&rsquo;Entente de la Tet collecte et traite les donn\u00e9es personnelles conform\u00e9ment \u00e0 la l\u00e9gislation en vigueur. Nous prenons des mesures techniques et organisationnelles pour prot\u00e9ger vos donn\u00e9es personnelles contre toute utilisation non autoris\u00e9e, la perte ou la destruction accidentelle. Pour plus d\u2019informations sur notre politique de confidentialit\u00e9 et de protection des donn\u00e9es, veuillez consulter notre page d\u00e9di\u00e9e \u00e0 la vie priv\u00e9e.<\/p>\n<p style=\"text-align: left;\">\n<h3 style=\"text-align: left;\"><\/h3>\n<h4 style=\"text-align: left;\"><span style=\"text-decoration: underline;\"><span style=\"color: #000000;\"><strong>8. Vos droits :<\/strong><\/span><\/span><span style=\"color: #000000;\"><strong><\/strong><\/span><\/h4>\n<p style=\"text-align: left;\"><span style=\"color: #000000;\"><strong><\/strong><\/span><\/p>\n<p style=\"text-align: left;\">Vous avez le droit de :<\/p>\n<ul style=\"text-align: left;\">\n<li>Acc\u00e9der \u00e0 vos donn\u00e9es personnelles et en obtenir une copie<\/li>\n<li>Rectifier des donn\u00e9es personnelles inexactes<\/li>\n<li>Supprimer vos donn\u00e9es personnelles, sous r\u00e9serve de nos obligations l\u00e9gales<\/li>\n<li>Vous opposer au traitement de vos donn\u00e9es personnelles<\/li>\n<li>D\u00e9finir des directives sur la mani\u00e8re dont vos donn\u00e9es personnelles doivent \u00eatre trait\u00e9es apr\u00e8s votre d\u00e9c\u00e8s<\/li>\n<\/ul>\n<p>&nbsp;<\/p>\n<h4 style=\"text-align: left;\"><span style=\"text-decoration: underline;\"><span style=\"color: #000000;\"><strong>9. Contact :<\/strong><\/span><\/span><span style=\"color: #000000;\"><strong><\/strong><\/span><\/h4>\n<p style=\"text-align: left;\"><span style=\"color: #000000;\"><strong><\/strong><\/span><\/p>\n<p style=\"text-align: left;\">Pour toute question ou demande de renseignements, veuillez nous contacter \u00e0 l\u2019adresse e-mail : <a href=\"mailto:ecolederugbyententedelatet@gmail.com\">ecolederugbyententedelatet@gmail.com<\/a><\/p>\n<p style=\"text-align: left;\">\n<h4 style=\"text-align: left;\"><span style=\"text-decoration: underline;\"><span style=\"color: #000000;\"><strong>10. Tarifs :<\/strong><\/span><\/span><span style=\"color: #000000;\"><strong><\/strong><\/span><\/h4>\n<p style=\"text-align: left;\"><span style=\"color: #000000;\"><strong><\/strong><\/span><\/p>\n<p style=\"text-align: left;\">Nos tarifs sont disponibles sur demande. Pour obtenir un devis, veuillez nous contacter via le formulaire d\u00e9di\u00e9 sur le site ententedelatet.fr.<\/p>\n<p style=\"text-align: left;\">\n<h4 style=\"text-align: left;\"><span style=\"text-decoration: underline;\"><span style=\"color: #000000;\"><strong>11. Droit Applicable :<\/strong><\/span><\/span><span style=\"color: #000000;\"><strong><\/strong><\/span><\/h4>\n<p style=\"text-align: left;\"><span style=\"color: #000000;\"><strong><\/strong><\/span><\/p>\n<p style=\"text-align: left;\">Le site ententedelatet.fr est soumis au droit fran\u00e7ais. Tout litige relatif \u00e0 l\u2019utilisation du site sera soumis \u00e0 la comp\u00e9tence exclusive des tribunaux fran\u00e7ais.<\/p>\n<p>[\/et_pb_text][\/et_pb_column][\/et_pb_row][\/et_pb_section]<\/p>\n","protected":false},"excerpt":{"rendered":"<p>Notre Politique de Confidentialit\u00e9Politique de Condidentialit\u00e9Date de prise d&rsquo;effet : Le 22\/05\/2024 &nbsp;1. Introduction :\u00a0 Bienvenue sur le site internet de l&rsquo;Entente de la Tet. La protection de vos donn\u00e9es personnelles est une priorit\u00e9 pour nous. Cette politique de confidentialit\u00e9 explique quelles donn\u00e9es nous collectons, comment nous les utilisons, et vos droits relatifs \u00e0 vos [&hellip;]<\/p>\n","protected":false},"author":1,"featured_media":0,"parent":0,"menu_order":0,"comment_status":"closed","ping_status":"closed","template":"","meta":{"_et_pb_use_builder":"on","_et_pb_old_content":"","_et_gb_content_width":"","footnotes":""},"class_list":["post-72131","page","type-page","status-publish","hentry"],"yoast_head":"<!-- This site is optimized with the Yoast SEO plugin v24.7 - https:\/\/yoast.com\/wordpress\/plugins\/seo\/ -->\n<title>Notre politique de confidentialit\u00e9 - entente-de-la-tet.fr<\/title>\n<meta name=\"robots\" content=\"index, follow, max-snippet:-1, max-image-preview:large, max-video-preview:-1\" \/>\n<link rel=\"canonical\" href=\"https:\/\/entente-de-la-tet.fr\/?page_id=72131\" \/>\n<meta property=\"og:locale\" content=\"fr_FR\" \/>\n<meta property=\"og:type\" content=\"article\" \/>\n<meta property=\"og:title\" content=\"Notre politique de confidentialit\u00e9 - entente-de-la-tet.fr\" \/>\n<meta property=\"og:description\" content=\"Notre Politique de Confidentialit\u00e9Politique de Condidentialit\u00e9Date de prise d&#039;effet : Le 22\/05\/2024 &nbsp;1. Introduction :\u00a0 Bienvenue sur le site internet de l&#039;Entente de la Tet. La protection de vos donn\u00e9es personnelles est une priorit\u00e9 pour nous. Cette politique de confidentialit\u00e9 explique quelles donn\u00e9es nous collectons, comment nous les utilisons, et vos droits relatifs \u00e0 vos [&hellip;]\" \/>\n<meta property=\"og:url\" content=\"https:\/\/entente-de-la-tet.fr\/?page_id=72131\" \/>\n<meta property=\"og:site_name\" content=\"entente-de-la-tet.fr\" \/>\n<meta property=\"article:modified_time\" content=\"2024-06-17T06:33:04+00:00\" \/>\n<meta name=\"twitter:card\" content=\"summary_large_image\" \/>\n<meta name=\"twitter:label1\" content=\"Dur\u00e9e de lecture estim\u00e9e\" \/>\n\t<meta name=\"twitter:data1\" content=\"6 minutes\" \/>\n<script type=\"application\/ld+json\" class=\"yoast-schema-graph\">{\"@context\":\"https:\/\/schema.org\",\"@graph\":[{\"@type\":\"WebPage\",\"@id\":\"https:\/\/entente-de-la-tet.fr\/?page_id=72131\",\"url\":\"https:\/\/entente-de-la-tet.fr\/?page_id=72131\",\"name\":\"Notre politique de confidentialit\u00e9 - entente-de-la-tet.fr\",\"isPartOf\":{\"@id\":\"https:\/\/entente-de-la-tet.fr\/#website\"},\"datePublished\":\"2024-05-22T14:43:23+00:00\",\"dateModified\":\"2024-06-17T06:33:04+00:00\",\"breadcrumb\":{\"@id\":\"https:\/\/entente-de-la-tet.fr\/?page_id=72131#breadcrumb\"},\"inLanguage\":\"fr-FR\",\"potentialAction\":[{\"@type\":\"ReadAction\",\"target\":[\"https:\/\/entente-de-la-tet.fr\/?page_id=72131\"]}]},{\"@type\":\"BreadcrumbList\",\"@id\":\"https:\/\/entente-de-la-tet.fr\/?page_id=72131#breadcrumb\",\"itemListElement\":[{\"@type\":\"ListItem\",\"position\":1,\"name\":\"Accueil\",\"item\":\"https:\/\/entente-de-la-tet.fr\/\"},{\"@type\":\"ListItem\",\"position\":2,\"name\":\"Notre politique de confidentialit\u00e9\"}]},{\"@type\":\"WebSite\",\"@id\":\"https:\/\/entente-de-la-tet.fr\/#website\",\"url\":\"https:\/\/entente-de-la-tet.fr\/\",\"name\":\"entente-de-la-tet.fr\",\"description\":\"\",\"publisher\":{\"@id\":\"https:\/\/entente-de-la-tet.fr\/#organization\"},\"potentialAction\":[{\"@type\":\"SearchAction\",\"target\":{\"@type\":\"EntryPoint\",\"urlTemplate\":\"https:\/\/entente-de-la-tet.fr\/?s={search_term_string}\"},\"query-input\":{\"@type\":\"PropertyValueSpecification\",\"valueRequired\":true,\"valueName\":\"search_term_string\"}}],\"inLanguage\":\"fr-FR\"},{\"@type\":\"Organization\",\"@id\":\"https:\/\/entente-de-la-tet.fr\/#organization\",\"name\":\"entente-de-la-tet.fr\",\"url\":\"https:\/\/entente-de-la-tet.fr\/\",\"logo\":{\"@type\":\"ImageObject\",\"inLanguage\":\"fr-FR\",\"@id\":\"https:\/\/entente-de-la-tet.fr\/#\/schema\/logo\/image\/\",\"url\":\"https:\/\/entente-de-la-tet.fr\/wp-content\/uploads\/2024\/03\/logo_entente-removebg-preview.png\",\"contentUrl\":\"https:\/\/entente-de-la-tet.fr\/wp-content\/uploads\/2024\/03\/logo_entente-removebg-preview.png\",\"width\":499,\"height\":500,\"caption\":\"entente-de-la-tet.fr\"},\"image\":{\"@id\":\"https:\/\/entente-de-la-tet.fr\/#\/schema\/logo\/image\/\"}}]}<\/script>\n<!-- \/ Yoast SEO plugin. -->","yoast_head_json":{"title":"Notre politique de confidentialit\u00e9 - entente-de-la-tet.fr","robots":{"index":"index","follow":"follow","max-snippet":"max-snippet:-1","max-image-preview":"max-image-preview:large","max-video-preview":"max-video-preview:-1"},"canonical":"https:\/\/entente-de-la-tet.fr\/?page_id=72131","og_locale":"fr_FR","og_type":"article","og_title":"Notre politique de confidentialit\u00e9 - entente-de-la-tet.fr","og_description":"Notre Politique de Confidentialit\u00e9Politique de Condidentialit\u00e9Date de prise d'effet : Le 22\/05\/2024 &nbsp;1. Introduction :\u00a0 Bienvenue sur le site internet de l'Entente de la Tet. La protection de vos donn\u00e9es personnelles est une priorit\u00e9 pour nous. Cette politique de confidentialit\u00e9 explique quelles donn\u00e9es nous collectons, comment nous les utilisons, et vos droits relatifs \u00e0 vos [&hellip;]","og_url":"https:\/\/entente-de-la-tet.fr\/?page_id=72131","og_site_name":"entente-de-la-tet.fr","article_modified_time":"2024-06-17T06:33:04+00:00","twitter_card":"summary_large_image","twitter_misc":{"Dur\u00e9e de lecture estim\u00e9e":"6 minutes"},"schema":{"@context":"https:\/\/schema.org","@graph":[{"@type":"WebPage","@id":"https:\/\/entente-de-la-tet.fr\/?page_id=72131","url":"https:\/\/entente-de-la-tet.fr\/?page_id=72131","name":"Notre politique de confidentialit\u00e9 - entente-de-la-tet.fr","isPartOf":{"@id":"https:\/\/entente-de-la-tet.fr\/#website"},"datePublished":"2024-05-22T14:43:23+00:00","dateModified":"2024-06-17T06:33:04+00:00","breadcrumb":{"@id":"https:\/\/entente-de-la-tet.fr\/?page_id=72131#breadcrumb"},"inLanguage":"fr-FR","potentialAction":[{"@type":"ReadAction","target":["https:\/\/entente-de-la-tet.fr\/?page_id=72131"]}]},{"@type":"BreadcrumbList","@id":"https:\/\/entente-de-la-tet.fr\/?page_id=72131#breadcrumb","itemListElement":[{"@type":"ListItem","position":1,"name":"Accueil","item":"https:\/\/entente-de-la-tet.fr\/"},{"@type":"ListItem","position":2,"name":"Notre politique de confidentialit\u00e9"}]},{"@type":"WebSite","@id":"https:\/\/entente-de-la-tet.fr\/#website","url":"https:\/\/entente-de-la-tet.fr\/","name":"entente-de-la-tet.fr","description":"","publisher":{"@id":"https:\/\/entente-de-la-tet.fr\/#organization"},"potentialAction":[{"@type":"SearchAction","target":{"@type":"EntryPoint","urlTemplate":"https:\/\/entente-de-la-tet.fr\/?s={search_term_string}"},"query-input":{"@type":"PropertyValueSpecification","valueRequired":true,"valueName":"search_term_string"}}],"inLanguage":"fr-FR"},{"@type":"Organization","@id":"https:\/\/entente-de-la-tet.fr\/#organization","name":"entente-de-la-tet.fr","url":"https:\/\/entente-de-la-tet.fr\/","logo":{"@type":"ImageObject","inLanguage":"fr-FR","@id":"https:\/\/entente-de-la-tet.fr\/#\/schema\/logo\/image\/","url":"https:\/\/entente-de-la-tet.fr\/wp-content\/uploads\/2024\/03\/logo_entente-removebg-preview.png","contentUrl":"https:\/\/entente-de-la-tet.fr\/wp-content\/uploads\/2024\/03\/logo_entente-removebg-preview.png","width":499,"height":500,"caption":"entente-de-la-tet.fr"},"image":{"@id":"https:\/\/entente-de-la-tet.fr\/#\/schema\/logo\/image\/"}}]}},"_links":{"self":[{"href":"https:\/\/entente-de-la-tet.fr\/index.php?rest_route=\/wp\/v2\/pages\/72131"}],"collection":[{"href":"https:\/\/entente-de-la-tet.fr\/index.php?rest_route=\/wp\/v2\/pages"}],"about":[{"href":"https:\/\/entente-de-la-tet.fr\/index.php?rest_route=\/wp\/v2\/types\/page"}],"author":[{"embeddable":true,"href":"https:\/\/entente-de-la-tet.fr\/index.php?rest_route=\/wp\/v2\/users\/1"}],"replies":[{"embeddable":true,"href":"https:\/\/entente-de-la-tet.fr\/index.php?rest_route=%2Fwp%2Fv2%2Fcomments&post=72131"}],"version-history":[{"count":19,"href":"https:\/\/entente-de-la-tet.fr\/index.php?rest_route=\/wp\/v2\/pages\/72131\/revisions"}],"predecessor-version":[{"id":72473,"href":"https:\/\/entente-de-la-tet.fr\/index.php?rest_route=\/wp\/v2\/pages\/72131\/revisions\/72473"}],"wp:attachment":[{"href":"https:\/\/entente-de-la-tet.fr\/index.php?rest_route=%2Fwp%2Fv2%2Fmedia&parent=72131"}],"curies":[{"name":"wp","href":"https:\/\/api.w.org\/{rel}","templated":true}]}}