{"id":71576,"date":"2024-05-07T15:20:59","date_gmt":"2024-05-07T13:20:59","guid":{"rendered":"https:\/\/entente-de-la-tet.fr\/?page_id=71576"},"modified":"2024-07-08T22:38:32","modified_gmt":"2024-07-08T20:38:32","slug":"histoire","status":"publish","type":"page","link":"https:\/\/entente-de-la-tet.fr\/?page_id=71576","title":{"rendered":"Histoire"},"content":{"rendered":"<p>[et_pb_section fb_built=\u00a0\u00bb1&Prime; _builder_version=\u00a0\u00bb4.16&Prime; _module_preset=\u00a0\u00bbdefault\u00a0\u00bb background_image=\u00a0\u00bbhttps:\/\/entente-de-la-tet.fr\/wp-content\/uploads\/2024\/03\/Creation-WEB.png\u00a0\u00bb global_colors_info=\u00a0\u00bb{}\u00a0\u00bb][et_pb_row _builder_version=\u00a0\u00bb4.16&Prime; _module_preset=\u00a0\u00bbdefault\u00a0\u00bb global_colors_info=\u00a0\u00bb{}\u00a0\u00bb][et_pb_column type=\u00a0\u00bb4_4&Prime; _builder_version=\u00a0\u00bb4.16&Prime; _module_preset=\u00a0\u00bbdefault\u00a0\u00bb global_colors_info=\u00a0\u00bb{}\u00a0\u00bb][et_pb_image src=\u00a0\u00bbhttps:\/\/entente-de-la-tet.fr\/wp-content\/uploads\/2024\/03\/logo_entente-removebg-preview.png\u00a0\u00bb title_text=\u00a0\u00bblogo_entente-removebg-preview\u00a0\u00bb align=\u00a0\u00bbcenter\u00a0\u00bb _builder_version=\u00a0\u00bb4.16&Prime; _module_preset=\u00a0\u00bbdefault\u00a0\u00bb width=\u00a0\u00bb22%\u00a0\u00bb max_width=\u00a0\u00bb97%\u00a0\u00bb global_colors_info=\u00a0\u00bb{}\u00a0\u00bb][\/et_pb_image][et_pb_text _builder_version=\u00a0\u00bb4.16&Prime; _module_preset=\u00a0\u00bbdefault\u00a0\u00bb text_font=\u00a0\u00bbAcme|700|||||||\u00a0\u00bb text_text_color=\u00a0\u00bb#FFFFFF\u00a0\u00bb header_font=\u00a0\u00bbAdamina||||||||\u00a0\u00bb header_text_color=\u00a0\u00bb#FFFFFF\u00a0\u00bb header_font_size=\u00a0\u00bb50px\u00a0\u00bb header_font_size_tablet=\u00a0\u00bb50px\u00a0\u00bb header_font_size_phone=\u00a0\u00bb40px\u00a0\u00bb header_font_size_last_edited=\u00a0\u00bbon|desktop\u00a0\u00bb header_text_shadow_style=\u00a0\u00bbpreset1&Prime; global_colors_info=\u00a0\u00bb{}\u00a0\u00bb]<\/p>\n<h1 style=\"text-align: center;\">L&rsquo;histoire du club <\/h1>\n<p>[\/et_pb_text][\/et_pb_column][\/et_pb_row][\/et_pb_section][et_pb_section fb_built=\u00a0\u00bb1&Prime; specialty=\u00a0\u00bbon\u00a0\u00bb _builder_version=\u00a0\u00bb4.16&Prime; max_width_tablet=\u00a0\u00bb90%\u00a0\u00bb max_width_phone=\u00a0\u00bb90%\u00a0\u00bb max_width_last_edited=\u00a0\u00bboff|desktop\u00a0\u00bb inner_width_tablet=\u00a0\u00bb90%\u00a0\u00bb inner_width_phone=\u00a0\u00bb90%\u00a0\u00bb inner_width_last_edited=\u00a0\u00bbon|phone\u00a0\u00bb custom_padding=\u00a0\u00bb17px||17px||true|false\u00a0\u00bb hover_enabled=\u00a0\u00bb0&Prime; global_colors_info=\u00a0\u00bb{}\u00a0\u00bb min_height=\u00a0\u00bb893.7px\u00a0\u00bb sticky_enabled=\u00a0\u00bb0&Prime;][et_pb_column type=\u00a0\u00bb1_2&Prime; _builder_version=\u00a0\u00bb4.16&Prime; custom_padding=\u00a0\u00bb|||\u00a0\u00bb global_colors_info=\u00a0\u00bb{}\u00a0\u00bb custom_padding__hover=\u00a0\u00bb|||\u00a0\u00bb][et_pb_text _builder_version=\u00a0\u00bb4.25.2&Prime; _module_preset=\u00a0\u00bbdefault\u00a0\u00bb text_font=\u00a0\u00bbAcme||||||||\u00a0\u00bb text_text_color=\u00a0\u00bb#000000&Prime; text_font_size=\u00a0\u00bb40px\u00a0\u00bb text_orientation=\u00a0\u00bbcenter\u00a0\u00bb hover_enabled=\u00a0\u00bb0&Prime; global_colors_info=\u00a0\u00bb{}\u00a0\u00bb custom_margin=\u00a0\u00bb20px||40px||false|false\u00a0\u00bb sticky_enabled=\u00a0\u00bb0&Prime;]<\/p>\n<p style=\"text-align: center;\">La premi\u00e8re \u00e9quipe du club<\/p>\n<p>[\/et_pb_text][et_pb_image src=\u00a0\u00bbhttps:\/\/entente-de-la-tet.fr\/wp-content\/uploads\/2024\/05\/Capture-decran-2024-05-16-a-18.44.36.png\u00a0\u00bb title_text=\u00a0\u00bbCapture d\u2019\u00e9cran 2024-05-16 \u00e0 18.44.36&Prime; _builder_version=\u00a0\u00bb4.25.0&Prime; _module_preset=\u00a0\u00bbdefault\u00a0\u00bb global_colors_info=\u00a0\u00bb{}\u00a0\u00bb][\/et_pb_image][et_pb_text _builder_version=\u00a0\u00bb4.25.0&Prime; _module_preset=\u00a0\u00bbdefault\u00a0\u00bb text_font=\u00a0\u00bbAcme||||||||\u00a0\u00bb text_text_color=\u00a0\u00bb#000000&Prime; text_font_size=\u00a0\u00bb40px\u00a0\u00bb global_colors_info=\u00a0\u00bb{}\u00a0\u00bb]<\/p>\n<p style=\"text-align: center;\"><b>L&rsquo;\u00e9quipe\u00a0actuelle\u00a0<\/b><\/p>\n<p>[\/et_pb_text][et_pb_image src=\u00a0\u00bbhttps:\/\/entente-de-la-tet.fr\/wp-content\/uploads\/2024\/04\/b-bordelle.png\u00a0\u00bb title_text=\u00a0\u00bbb bordelle\u00a0\u00bb _builder_version=\u00a0\u00bb4.25.0&Prime; _module_preset=\u00a0\u00bbdefault\u00a0\u00bb global_colors_info=\u00a0\u00bb{}\u00a0\u00bb][\/et_pb_image][\/et_pb_column][et_pb_column type=\u00a0\u00bb1_2&Prime; specialty_columns=\u00a0\u00bb2&Prime; _builder_version=\u00a0\u00bb4.16&Prime; custom_padding=\u00a0\u00bb|||\u00a0\u00bb global_colors_info=\u00a0\u00bb{}\u00a0\u00bb custom_padding__hover=\u00a0\u00bb|||\u00a0\u00bb][et_pb_row_inner custom_padding_last_edited=\u00a0\u00bbon|tablet\u00a0\u00bb _builder_version=\u00a0\u00bb4.16&Prime; custom_padding=\u00a0\u00bb||18px\u00a0\u00bb custom_padding_tablet=\u00a0\u00bb40px||\u00a0\u00bb custom_padding_phone=\u00a0\u00bb40px||\u00a0\u00bb global_colors_info=\u00a0\u00bb{}\u00a0\u00bb][et_pb_column_inner saved_specialty_column_type=\u00a0\u00bb1_2&Prime; _builder_version=\u00a0\u00bb4.16&Prime; global_colors_info=\u00a0\u00bb{}\u00a0\u00bb][et_pb_text _builder_version=\u00a0\u00bb4.16&Prime; text_font=\u00a0\u00bbAcme|700|||||||\u00a0\u00bb text_text_color=\u00a0\u00bb#000000&Prime; text_font_size=\u00a0\u00bb29px\u00a0\u00bb header_font=\u00a0\u00bbPoppins|300|||||||\u00a0\u00bb header_text_color=\u00a0\u00bb#030303&Prime; header_font_size=\u00a0\u00bb35px\u00a0\u00bb header_line_height=\u00a0\u00bb1.4em\u00a0\u00bb custom_padding=\u00a0\u00bb0px||10px||false|false\u00a0\u00bb header_font_size_tablet=\u00a0\u00bb\u00a0\u00bb header_font_size_phone=\u00a0\u00bb25px\u00a0\u00bb header_font_size_last_edited=\u00a0\u00bbon|desktop\u00a0\u00bb global_colors_info=\u00a0\u00bb{}\u00a0\u00bb]<\/p>\n<p>Un club historique du d\u00e9partement<\/p>\n<p>[\/et_pb_text][et_pb_divider color=\u00a0\u00bb#fff101&Prime; divider_weight=\u00a0\u00bb2px\u00a0\u00bb _builder_version=\u00a0\u00bb4.25.1&Prime; _module_preset=\u00a0\u00bbdefault\u00a0\u00bb width=\u00a0\u00bb79%\u00a0\u00bb custom_margin=\u00a0\u00bb-25px||10px||false|false\u00a0\u00bb global_colors_info=\u00a0\u00bb{}\u00a0\u00bb][\/et_pb_divider][et_pb_text _builder_version=\u00a0\u00bb4.25.1&Prime; text_font=\u00a0\u00bb|300|||||||\u00a0\u00bb text_text_color=\u00a0\u00bb#030303&Prime; text_line_height=\u00a0\u00bb1.8em\u00a0\u00bb custom_margin=\u00a0\u00bb-20px||\u00a0\u00bb global_colors_info=\u00a0\u00bb{}\u00a0\u00bb]<\/p>\n<p><strong>Fond\u00e9e en 1908<\/strong>, L&rsquo;Entente Rugby Club puise ses origines le long des rives pittoresques de la T\u00eat, <strong>dans la commune de P\u00e9zilla-la-Rivi\u00e8re.<\/strong> Cependant, son rayonnement s&rsquo;\u00e9tend bien au-del\u00e0 de ses fronti\u00e8res g\u00e9ographiques, englobant \u00e9galement les charmants villages environnants tels que<strong> Saint-F\u00e9liu, Le Soler, Corneilla-la-Rivi\u00e8re, Villeneuve-la-Rivi\u00e8re et Baho<\/strong>. Acteur incontournable de la vie associative locale, le club s&rsquo;ancre profond\u00e9ment dans le tissu social de la r\u00e9gion.<\/p>\n<p>L&rsquo;Entente Rugby Club se distingue par sa <strong>philosophie bienveillante et son ambiance familiale<\/strong>. Nous croyons fermement que le rugby, avec ses valeurs de solidarit\u00e9, de respect et de d\u00e9passement de soi, offre un cadre id\u00e9al pour favoriser l&rsquo;\u00e9panouissement et la croissance des jeunes. <strong>Notre engagement envers chaque joueur va au-del\u00e0 du terrain, visant \u00e0 cultiver des individus \u00e9quilibr\u00e9s et confiants, pr\u00eats \u00e0 relever les d\u00e9fis de demain.<\/strong><\/p>\n<p>Rejoindre notre club, c&rsquo;est s&rsquo;immerger dans une communaut\u00e9 chaleureuse et inclusive, o\u00f9 c<strong>haque enfant est encourag\u00e9 \u00e0 d\u00e9velopper son potentiel, tant sur le plan sportif que personnel.<\/strong> Notre \u00e9quipe d&rsquo;entra\u00eeneurs qualifi\u00e9s met en \u0153uvre des programmes adapt\u00e9s \u00e0 chaque tranche d&rsquo;\u00e2ge, garantissant un apprentissage progressif et s\u00e9curis\u00e9 du rugby.<\/p>\n<p>Au c\u0153ur de notre d\u00e9marche, nous pla\u00e7ons le bien-\u00eatre et l&rsquo;\u00e9panouissement de chaque enfant. <strong>En les accompagnant dans leur parcours sportif, nous aspirons \u00e0 fa\u00e7onner les citoyens responsables et solidaires de demain. Rejoignez-nous \u00e0 L&rsquo;Entente Rugby Club et offrez \u00e0 votre enfant la chance de grandir dans un environnement o\u00f9 l&rsquo;amour du jeu rime avec valeurs humaines et succ\u00e8s durables.<\/strong><\/p>\n<p>[\/et_pb_text][\/et_pb_column_inner][\/et_pb_row_inner][\/et_pb_column][\/et_pb_section][et_pb_section fb_built=\u00a0\u00bb1&Prime; _builder_version=\u00a0\u00bb4.16&Prime; _module_preset=\u00a0\u00bbdefault\u00a0\u00bb min_height=\u00a0\u00bb440.1px\u00a0\u00bb custom_padding=\u00a0\u00bb||6px|||\u00a0\u00bb global_colors_info=\u00a0\u00bb{}\u00a0\u00bb][et_pb_row _builder_version=\u00a0\u00bb4.25.1&Prime; _module_preset=\u00a0\u00bbdefault\u00a0\u00bb global_colors_info=\u00a0\u00bb{}\u00a0\u00bb][et_pb_column type=\u00a0\u00bb4_4&Prime; _builder_version=\u00a0\u00bb4.25.1&Prime; _module_preset=\u00a0\u00bbdefault\u00a0\u00bb global_colors_info=\u00a0\u00bb{}\u00a0\u00bb][et_pb_divider color=\u00a0\u00bb#fff101&Prime; divider_weight=\u00a0\u00bb2px\u00a0\u00bb _builder_version=\u00a0\u00bb4.25.1&Prime; _module_preset=\u00a0\u00bbdefault\u00a0\u00bb custom_margin=\u00a0\u00bb-71px||||false|false\u00a0\u00bb custom_padding=\u00a0\u00bb0px||0px||false|false\u00a0\u00bb global_colors_info=\u00a0\u00bb{}\u00a0\u00bb][\/et_pb_divider][et_pb_text _builder_version=\u00a0\u00bb4.25.1&Prime; _module_preset=\u00a0\u00bbdefault\u00a0\u00bb text_font=\u00a0\u00bbAcme||||||||\u00a0\u00bb text_text_color=\u00a0\u00bb#000000&Prime; text_font_size=\u00a0\u00bb40px\u00a0\u00bb global_colors_info=\u00a0\u00bb{}\u00a0\u00bb]<\/p>\n<p style=\"text-align: center;\">LES D\u00c9BUTS DU CLUB<\/p>\n<p>[\/et_pb_text][\/et_pb_column][\/et_pb_row][et_pb_row column_structure=\u00a0\u00bb1_2,1_2&Prime; _builder_version=\u00a0\u00bb4.25.1&Prime; _module_preset=\u00a0\u00bbdefault\u00a0\u00bb global_colors_info=\u00a0\u00bb{}\u00a0\u00bb][et_pb_column type=\u00a0\u00bb1_2&Prime; _builder_version=\u00a0\u00bb4.25.1&Prime; _module_preset=\u00a0\u00bbdefault\u00a0\u00bb global_colors_info=\u00a0\u00bb{}\u00a0\u00bb][et_pb_text _builder_version=\u00a0\u00bb4.25.1&Prime; _module_preset=\u00a0\u00bbdefault\u00a0\u00bb global_colors_info=\u00a0\u00bb{}\u00a0\u00bb]<\/p>\n<p><span style=\"font-weight: 400;\">Le club a \u00e9t\u00e9 cr\u00e9\u00e9 pour <strong>rassembler les talents et les ressources des diff\u00e9rentes \u00e9quipes locales<\/strong>. En unissant leurs forces, ces \u00e9quipes pouvaient former une entit\u00e9 <\/span><b>plus comp\u00e9titive et plus structur\u00e9e.<\/b><\/p>\n<p><span style=\"font-weight: 400;\">La r\u00e9gion de la T\u00eat, comme beaucoup d&rsquo;autres r\u00e9gions en France, est passionn\u00e9e par le rugby. La cr\u00e9ation de l&rsquo;Entente de la T\u00eat visait \u00e0 <\/span><b>promouvoir et \u00e0 d\u00e9velopper ce sport \u00e0 un niveau local, en offrant aux jeunes et aux amateurs une plateforme solide pour pratiquer et progresser.<\/b><\/p>\n<p><span style=\"font-weight: 400;\">En regroupant plusieurs clubs, l&rsquo;Entente de la T\u00eat pouvait mettre en commun ses <\/span><b>ressources humaines et mat\u00e9rielles, <\/b>permettant ainsi de <b>former des \u00e9quipes plus comp\u00e9titives capables de rivaliser \u00e0 des niveaux plus \u00e9lev\u00e9s de la comp\u00e9tition.<\/b><\/p>\n<p><span style=\"font-weight: 400;\">Le rugby est porteur de valeurs telles que le respect, <\/span><b>l&rsquo;esprit sportif et le fair-play. <\/b>L&rsquo;Entente de la T\u00eat a \u00e9t\u00e9 fond\u00e9e <b>pour inculquer et promouvoir ces valeurs aupr\u00e8s de ses membres et de la communaut\u00e9 locale.<\/b><\/p>\n<p>[\/et_pb_text][\/et_pb_column][et_pb_column type=\u00a0\u00bb1_2&Prime; _builder_version=\u00a0\u00bb4.25.1&Prime; _module_preset=\u00a0\u00bbdefault\u00a0\u00bb global_colors_info=\u00a0\u00bb{}\u00a0\u00bb][et_pb_image src=\u00a0\u00bbhttps:\/\/entente-de-la-tet.fr\/wp-content\/uploads\/2024\/05\/Capture-decran-2024-05-16-a-18.44.36.png\u00a0\u00bb title_text=\u00a0\u00bbCapture d\u2019\u00e9cran 2024-05-16 \u00e0 18.44.36&Prime; _builder_version=\u00a0\u00bb4.25.1&Prime; _module_preset=\u00a0\u00bbdefault\u00a0\u00bb global_colors_info=\u00a0\u00bb{}\u00a0\u00bb][\/et_pb_image][\/et_pb_column][\/et_pb_row][et_pb_row _builder_version=\u00a0\u00bb4.16&Prime; _module_preset=\u00a0\u00bbdefault\u00a0\u00bb global_colors_info=\u00a0\u00bb{}\u00a0\u00bb][et_pb_column type=\u00a0\u00bb4_4&Prime; _builder_version=\u00a0\u00bb4.16&Prime; _module_preset=\u00a0\u00bbdefault\u00a0\u00bb global_colors_info=\u00a0\u00bb{}\u00a0\u00bb][et_pb_divider color=\u00a0\u00bb#fff101&Prime; divider_weight=\u00a0\u00bb2px\u00a0\u00bb _builder_version=\u00a0\u00bb4.25.1&Prime; _module_preset=\u00a0\u00bbdefault\u00a0\u00bb custom_margin=\u00a0\u00bb-6px||-15px||false|false\u00a0\u00bb custom_padding=\u00a0\u00bb0px||||false|false\u00a0\u00bb global_colors_info=\u00a0\u00bb{}\u00a0\u00bb][\/et_pb_divider][\/et_pb_column][\/et_pb_row][et_pb_row _builder_version=\u00a0\u00bb4.25.1&Prime; _module_preset=\u00a0\u00bbdefault\u00a0\u00bb global_colors_info=\u00a0\u00bb{}\u00a0\u00bb][et_pb_column type=\u00a0\u00bb4_4&Prime; _builder_version=\u00a0\u00bb4.25.1&Prime; _module_preset=\u00a0\u00bbdefault\u00a0\u00bb global_colors_info=\u00a0\u00bb{}\u00a0\u00bb][et_pb_text _builder_version=\u00a0\u00bb4.25.1&Prime; _module_preset=\u00a0\u00bbdefault\u00a0\u00bb text_font=\u00a0\u00bbAcme||||||||\u00a0\u00bb text_text_color=\u00a0\u00bb#000000&Prime; text_font_size=\u00a0\u00bb40px\u00a0\u00bb global_colors_info=\u00a0\u00bb{}\u00a0\u00bb]<\/p>\n<p style=\"text-align: center;\">NOS STADES<\/p>\n<p>[\/et_pb_text][\/et_pb_column][\/et_pb_row][et_pb_row column_structure=\u00a0\u00bb1_2,1_2&Prime; _builder_version=\u00a0\u00bb4.25.1&Prime; _module_preset=\u00a0\u00bbdefault\u00a0\u00bb global_colors_info=\u00a0\u00bb{}\u00a0\u00bb][et_pb_column type=\u00a0\u00bb1_2&Prime; _builder_version=\u00a0\u00bb4.25.1&Prime; _module_preset=\u00a0\u00bbdefault\u00a0\u00bb global_colors_info=\u00a0\u00bb{}\u00a0\u00bb][et_pb_image src=\u00a0\u00bbhttps:\/\/entente-de-la-tet.fr\/wp-content\/uploads\/2024\/05\/Capture-decran-2024-05-16-a-19.07.57.png\u00a0\u00bb title_text=\u00a0\u00bbCapture d\u2019\u00e9cran 2024-05-16 \u00e0 19.07.57&Prime; _builder_version=\u00a0\u00bb4.25.1&Prime; _module_preset=\u00a0\u00bbdefault\u00a0\u00bb min_height=\u00a0\u00bb338px\u00a0\u00bb global_colors_info=\u00a0\u00bb{}\u00a0\u00bb][\/et_pb_image][et_pb_text _builder_version=\u00a0\u00bb4.25.1&Prime; _module_preset=\u00a0\u00bbdefault\u00a0\u00bb text_text_color=\u00a0\u00bb#000000&Prime; global_colors_info=\u00a0\u00bb{}\u00a0\u00bb]<\/p>\n<p>Le stade <strong>Armel Costa<\/strong>\u00a0est livr\u00e9e pour l&rsquo;an 2000. Le stade est actuellement utilis\u00e9 par l&rsquo;\u00e9quipe premi\u00e8re et la r\u00e9serve.<\/p>\n<p>Le stade \u00e9tant un complexe sportif avec les deux terrais, une tribune de 500 places ainsi qu&rsquo;une halle des sports attenants au complexe.<\/p>\n<p>&nbsp;<\/p>\n<p>[\/et_pb_text][\/et_pb_column][et_pb_column type=\u00a0\u00bb1_2&Prime; _builder_version=\u00a0\u00bb4.25.1&Prime; _module_preset=\u00a0\u00bbdefault\u00a0\u00bb global_colors_info=\u00a0\u00bb{}\u00a0\u00bb][et_pb_image src=\u00a0\u00bbhttps:\/\/entente-de-la-tet.fr\/wp-content\/uploads\/2024\/05\/Capture-decran-2024-05-16-a-19.08.37.png\u00a0\u00bb title_text=\u00a0\u00bbCapture d\u2019\u00e9cran 2024-05-16 \u00e0 19.08.37&Prime; _builder_version=\u00a0\u00bb4.25.1&Prime; _module_preset=\u00a0\u00bbdefault\u00a0\u00bb min_height=\u00a0\u00bb386px\u00a0\u00bb global_colors_info=\u00a0\u00bb{}\u00a0\u00bb][\/et_pb_image][et_pb_text _builder_version=\u00a0\u00bb4.25.1&Prime; _module_preset=\u00a0\u00bbdefault\u00a0\u00bb text_text_color=\u00a0\u00bb#000000&Prime; global_colors_info=\u00a0\u00bb{}\u00a0\u00bb]<\/p>\n<p>Le stade <b>Louis Blad <\/b>fait partie int\u00e9grante du club, l&rsquo;inauguration du stade fut effectu\u00e9 le 3 f\u00e9vrier 1943 le jour de la f\u00eate locale.<\/p>\n<p>Le stade est encore occup\u00e9 par l&rsquo;\u00e9cole de rugby ainsi que par l&rsquo;\u00e9quipe premi\u00e8re pour les entra\u00eenements.<\/p>\n<p>[\/et_pb_text][\/et_pb_column][\/et_pb_row][et_pb_row _builder_version=\u00a0\u00bb4.16&Prime; _module_preset=\u00a0\u00bbdefault\u00a0\u00bb global_colors_info=\u00a0\u00bb{}\u00a0\u00bb][et_pb_column type=\u00a0\u00bb4_4&Prime; _builder_version=\u00a0\u00bb4.16&Prime; _module_preset=\u00a0\u00bbdefault\u00a0\u00bb global_colors_info=\u00a0\u00bb{}\u00a0\u00bb][et_pb_divider color=\u00a0\u00bb#fff101&Prime; divider_weight=\u00a0\u00bb2px\u00a0\u00bb _builder_version=\u00a0\u00bb4.25.1&Prime; _module_preset=\u00a0\u00bbdefault\u00a0\u00bb custom_margin=\u00a0\u00bb-25px||-21px||false|false\u00a0\u00bb global_colors_info=\u00a0\u00bb{}\u00a0\u00bb][\/et_pb_divider][\/et_pb_column][\/et_pb_row][et_pb_row column_structure=\u00a0\u00bb1_2,1_2&Prime; _builder_version=\u00a0\u00bb4.16&Prime; _module_preset=\u00a0\u00bbdefault\u00a0\u00bb custom_margin=\u00a0\u00bb-15px||||false|false\u00a0\u00bb global_colors_info=\u00a0\u00bb{}\u00a0\u00bb][et_pb_column type=\u00a0\u00bb1_2&Prime; _builder_version=\u00a0\u00bb4.16&Prime; _module_preset=\u00a0\u00bbdefault\u00a0\u00bb global_colors_info=\u00a0\u00bb{}\u00a0\u00bb][et_pb_text _builder_version=\u00a0\u00bb4.25.1&Prime; _module_preset=\u00a0\u00bbdefault\u00a0\u00bb text_font=\u00a0\u00bbAcme|700|||||||\u00a0\u00bb text_text_color=\u00a0\u00bb#000000&Prime; text_font_size=\u00a0\u00bb40px\u00a0\u00bb global_colors_info=\u00a0\u00bb{}\u00a0\u00bb]<\/p>\n<p>NOS SUPPORTERS<\/p>\n<p>[\/et_pb_text][et_pb_text _builder_version=\u00a0\u00bb4.25.1&Prime; _module_preset=\u00a0\u00bbdefault\u00a0\u00bb global_colors_info=\u00a0\u00bb{}\u00a0\u00bb]<\/p>\n<p>Depuis sa fondation en 1908, l&rsquo;Entente de la T\u00eat incarne <strong>la passion et l&rsquo;engagement dans le rugby. Aujourd&rsquo;hui, nos \u00e9quipes \u00e9voluent avec fougue et d\u00e9termination en R\u00e9gional 2, portant haut nos couleurs sur le terrain.<\/strong><\/p>\n<p>L&rsquo;\u00c9quipe Premi\u00e8re et la R\u00e9serve : Chaque joueur, qu&rsquo;il soit de l&rsquo;\u00e9quipe premi\u00e8re ou de la r\u00e9serve, <b>contribue \u00e0 l&rsquo;essence m\u00eame de notre club. Ensemble, ils partagent une m\u00eame vision : jouer au rugby avec intensit\u00e9, fair-play et respect.<\/b><\/p>\n<p>Le D\u00e9fi de la Comp\u00e9tition : Nos joueurs rel\u00e8vent chaque semaine les d\u00e9fis du championnat R\u00e9gional 2 avec courage et d\u00e9termination. <b>Chaque match est une occasion pour nos \u00e9quipes de montrer leur talent et leur coh\u00e9sion.<\/b><\/p>\n<p>&nbsp;<\/p>\n<p>&nbsp;<\/p>\n<p>[\/et_pb_text][\/et_pb_column][et_pb_column type=\u00a0\u00bb1_2&Prime; _builder_version=\u00a0\u00bb4.16&Prime; _module_preset=\u00a0\u00bbdefault\u00a0\u00bb global_colors_info=\u00a0\u00bb{}\u00a0\u00bb][et_pb_image src=\u00a0\u00bbhttps:\/\/entente-de-la-tet.fr\/wp-content\/uploads\/2024\/04\/347101043_588668833369294_6068130200000076487_n.jpg\u00a0\u00bb title_text=\u00a0\u00bb347101043_588668833369294_6068130200000076487_n\u00a0\u00bb _builder_version=\u00a0\u00bb4.16&Prime; _module_preset=\u00a0\u00bbdefault\u00a0\u00bb global_colors_info=\u00a0\u00bb{}\u00a0\u00bb][\/et_pb_image][\/et_pb_column][\/et_pb_row][et_pb_row _builder_version=\u00a0\u00bb4.25.1&Prime; _module_preset=\u00a0\u00bbdefault\u00a0\u00bb global_colors_info=\u00a0\u00bb{}\u00a0\u00bb][et_pb_column type=\u00a0\u00bb4_4&Prime; _builder_version=\u00a0\u00bb4.25.1&Prime; _module_preset=\u00a0\u00bbdefault\u00a0\u00bb global_colors_info=\u00a0\u00bb{}\u00a0\u00bb][et_pb_divider color=\u00a0\u00bb#EDF000&Prime; divider_weight=\u00a0\u00bb2px\u00a0\u00bb _builder_version=\u00a0\u00bb4.25.1&Prime; _module_preset=\u00a0\u00bbdefault\u00a0\u00bb custom_margin=\u00a0\u00bb-70px||||false|false\u00a0\u00bb hover_enabled=\u00a0\u00bb0&Prime; global_colors_info=\u00a0\u00bb{}\u00a0\u00bb sticky_enabled=\u00a0\u00bb0&Prime;][\/et_pb_divider][et_pb_text _builder_version=\u00a0\u00bb4.25.2&Prime; _module_preset=\u00a0\u00bbdefault\u00a0\u00bb text_font=\u00a0\u00bbAcme||||||||\u00a0\u00bb text_text_color=\u00a0\u00bb#000000&Prime; text_font_size=\u00a0\u00bb40px\u00a0\u00bb hover_enabled=\u00a0\u00bb0&Prime; global_colors_info=\u00a0\u00bb{}\u00a0\u00bb text_line_height=\u00a0\u00bb1.3em\u00a0\u00bb sticky_enabled=\u00a0\u00bb0&Prime;]<\/p>\n<p style=\"text-align: center;\"><strong>NOS RESULTATS DEPUIS LE COMMENCEMENT<\/strong><strong><\/strong><\/p>\n<p>[\/et_pb_text][\/et_pb_column][\/et_pb_row][et_pb_row column_structure=\u00a0\u00bb1_3,1_3,1_3&Prime; _builder_version=\u00a0\u00bb4.25.1&Prime; _module_preset=\u00a0\u00bbdefault\u00a0\u00bb global_colors_info=\u00a0\u00bb{}\u00a0\u00bb][et_pb_column type=\u00a0\u00bb1_3&Prime; _builder_version=\u00a0\u00bb4.25.1&Prime; _module_preset=\u00a0\u00bbdefault\u00a0\u00bb global_colors_info=\u00a0\u00bb{}\u00a0\u00bb][et_pb_number_counter title=\u00a0\u00bbChampionnat r\u00e9gional remport\u00e9 \u00a0\u00bb number=\u00a0\u00bb15&Prime; percent_sign=\u00a0\u00bboff\u00a0\u00bb _builder_version=\u00a0\u00bb4.25.1&Prime; _module_preset=\u00a0\u00bbdefault\u00a0\u00bb number_text_color=\u00a0\u00bb#000000&Prime; global_colors_info=\u00a0\u00bb{}\u00a0\u00bb][\/et_pb_number_counter][\/et_pb_column][et_pb_column type=\u00a0\u00bb1_3&Prime; _builder_version=\u00a0\u00bb4.25.1&Prime; _module_preset=\u00a0\u00bbdefault\u00a0\u00bb global_colors_info=\u00a0\u00bb{}\u00a0\u00bb][et_pb_number_counter title=\u00a0\u00bbFinales du championnat de France \u00a0\u00bb number=\u00a0\u00bb5&Prime; percent_sign=\u00a0\u00bboff\u00a0\u00bb _builder_version=\u00a0\u00bb4.25.2&Prime; _module_preset=\u00a0\u00bbdefault\u00a0\u00bb title_text_color=\u00a0\u00bb#000000&Prime; number_text_color=\u00a0\u00bb#000000&Prime; hover_enabled=\u00a0\u00bb0&Prime; global_colors_info=\u00a0\u00bb{}\u00a0\u00bb sticky_enabled=\u00a0\u00bb0&Prime;][\/et_pb_number_counter][\/et_pb_column][et_pb_column type=\u00a0\u00bb1_3&Prime; _builder_version=\u00a0\u00bb4.25.1&Prime; _module_preset=\u00a0\u00bbdefault\u00a0\u00bb global_colors_info=\u00a0\u00bb{}\u00a0\u00bb][et_pb_number_counter title=\u00a0\u00bbChampion challenge de France\u00a0\u00bb number=\u00a0\u00bb1&Prime; percent_sign=\u00a0\u00bboff\u00a0\u00bb _builder_version=\u00a0\u00bb4.25.2&Prime; _module_preset=\u00a0\u00bbdefault\u00a0\u00bb title_text_color=\u00a0\u00bb#000000&Prime; number_text_color=\u00a0\u00bb#000000&Prime; hover_enabled=\u00a0\u00bb0&Prime; global_colors_info=\u00a0\u00bb{}\u00a0\u00bb sticky_enabled=\u00a0\u00bb0&Prime;][\/et_pb_number_counter][\/et_pb_column][\/et_pb_row][et_pb_row _builder_version=\u00a0\u00bb4.16&Prime; _module_preset=\u00a0\u00bbdefault\u00a0\u00bb global_colors_info=\u00a0\u00bb{}\u00a0\u00bb][et_pb_column type=\u00a0\u00bb4_4&Prime; _builder_version=\u00a0\u00bb4.16&Prime; _module_preset=\u00a0\u00bbdefault\u00a0\u00bb global_colors_info=\u00a0\u00bb{}\u00a0\u00bb][et_pb_divider color=\u00a0\u00bb#fff101&Prime; divider_weight=\u00a0\u00bb2px\u00a0\u00bb _builder_version=\u00a0\u00bb4.25.1&Prime; _module_preset=\u00a0\u00bbdefault\u00a0\u00bb custom_margin=\u00a0\u00bb15px||||false|false\u00a0\u00bb global_colors_info=\u00a0\u00bb{}\u00a0\u00bb][\/et_pb_divider][\/et_pb_column][\/et_pb_row][et_pb_row _builder_version=\u00a0\u00bb4.16&Prime; _module_preset=\u00a0\u00bbdefault\u00a0\u00bb global_colors_info=\u00a0\u00bb{}\u00a0\u00bb][et_pb_column type=\u00a0\u00bb4_4&Prime; _builder_version=\u00a0\u00bb4.16&Prime; _module_preset=\u00a0\u00bbdefault\u00a0\u00bb global_colors_info=\u00a0\u00bb{}\u00a0\u00bb][et_pb_text _builder_version=\u00a0\u00bb4.25.1&Prime; _module_preset=\u00a0\u00bbdefault\u00a0\u00bb text_font=\u00a0\u00bbAcme|700|||||||\u00a0\u00bb text_text_color=\u00a0\u00bb#000000&Prime; text_font_size=\u00a0\u00bb40px\u00a0\u00bb text_orientation=\u00a0\u00bbcenter\u00a0\u00bb global_colors_info=\u00a0\u00bb{}\u00a0\u00bb]<\/p>\n<p style=\"text-align: center;\">NOTRE TOURNOI ANNUEL<\/p>\n<p>[\/et_pb_text][\/et_pb_column][\/et_pb_row][et_pb_row column_structure=\u00a0\u00bb1_2,1_2&Prime; _builder_version=\u00a0\u00bb4.16&Prime; _module_preset=\u00a0\u00bbdefault\u00a0\u00bb global_colors_info=\u00a0\u00bb{}\u00a0\u00bb][et_pb_column type=\u00a0\u00bb1_2&Prime; _builder_version=\u00a0\u00bb4.16&Prime; _module_preset=\u00a0\u00bbdefault\u00a0\u00bb global_colors_info=\u00a0\u00bb{}\u00a0\u00bb][et_pb_text _builder_version=\u00a0\u00bb4.16&Prime; _module_preset=\u00a0\u00bbdefault\u00a0\u00bb global_colors_info=\u00a0\u00bb{}\u00a0\u00bb]Vous avez toujours r\u00eav\u00e9 de vivre l&rsquo;excitation du rugby sur le terrain ? Vous recherchez une communaut\u00e9 passionn\u00e9e o\u00f9 vous pourrez d\u00e9velopper vos comp\u00e9tences, forger des amiti\u00e9s durables et vivre des moments inoubliables ?<\/p>\n<p>Ne cherchez pas plus loin. L&rsquo;Entente de la T\u00eat vous offre l&rsquo;opportunit\u00e9 de rejoindre notre \u00e9quipe dynamique et engag\u00e9e. Que vous soyez un joueur exp\u00e9riment\u00e9 ou d\u00e9butant, nous avons une place pour vous.<\/p>\n<p>En tant que membre de notre club, vous aurez acc\u00e8s \u00e0 des entra\u00eenements de qualit\u00e9 encadr\u00e9s par des coaches passionn\u00e9s, \u00e0 des comp\u00e9titions excitantes et \u00e0 un environnement o\u00f9 le respect, le fair-play et la camaraderie sont au c\u0153ur de tout ce que nous faisons.<\/p>\n<p>Alors, qu&rsquo;attendez-vous ? Prenez part \u00e0 l&rsquo;action d\u00e8s aujourd&rsquo;hui en vous inscrivant \u00e0 l&rsquo;Entente de la T\u00eat. Rejoignez-nous et faites partie de notre histoire. L&rsquo;aventure commence ici.[\/et_pb_text][et_pb_button button_url=\u00a0\u00bbhttps:\/\/entente-de-la-tet.fr\/?page_id=71847&#038;et_fb=1&#038;PageSpeed=off\u00a0\u00bb button_text=\u00a0\u00bbRejoins-nous\u00a0\u00bb button_alignment=\u00a0\u00bbcenter\u00a0\u00bb _builder_version=\u00a0\u00bb4.25.1&Prime; _module_preset=\u00a0\u00bbdefault\u00a0\u00bb custom_button=\u00a0\u00bbon\u00a0\u00bb button_text_color=\u00a0\u00bb#FFFFFF\u00a0\u00bb button_bg_color=\u00a0\u00bb#000000&Prime; button_font=\u00a0\u00bbAcme||||||||\u00a0\u00bb custom_margin=\u00a0\u00bb||||true\u00a0\u00bb global_colors_info=\u00a0\u00bb{}\u00a0\u00bb][\/et_pb_button][\/et_pb_column][et_pb_column type=\u00a0\u00bb1_2&Prime; _builder_version=\u00a0\u00bb4.16&Prime; _module_preset=\u00a0\u00bbdefault\u00a0\u00bb global_colors_info=\u00a0\u00bb{}\u00a0\u00bb][et_pb_image src=\u00a0\u00bbhttps:\/\/entente-de-la-tet.fr\/wp-content\/uploads\/2024\/04\/image.jpg\u00a0\u00bb title_text=\u00a0\u00bbimage\u00a0\u00bb _builder_version=\u00a0\u00bb4.16&Prime; _module_preset=\u00a0\u00bbdefault\u00a0\u00bb global_colors_info=\u00a0\u00bb{}\u00a0\u00bb][\/et_pb_image][\/et_pb_column][\/et_pb_row][\/et_pb_section]<\/p>\n","protected":false},"excerpt":{"rendered":"<p>L&rsquo;histoire du club La premi\u00e8re \u00e9quipe du clubL&rsquo;\u00e9quipe\u00a0actuelle\u00a0Un club historique du d\u00e9partementFond\u00e9e en 1908, L&rsquo;Entente Rugby Club puise ses origines le long des rives pittoresques de la T\u00eat, dans la commune de P\u00e9zilla-la-Rivi\u00e8re. Cependant, son rayonnement s&rsquo;\u00e9tend bien au-del\u00e0 de ses fronti\u00e8res g\u00e9ographiques, englobant \u00e9galement les charmants villages environnants tels que Saint-F\u00e9liu, Le Soler, Corneilla-la-Rivi\u00e8re, [&hellip;]<\/p>\n","protected":false},"author":1,"featured_media":0,"parent":0,"menu_order":0,"comment_status":"closed","ping_status":"closed","template":"","meta":{"_et_pb_use_builder":"on","_et_pb_old_content":"","_et_gb_content_width":"","footnotes":""},"class_list":["post-71576","page","type-page","status-publish","hentry"],"yoast_head":"<!-- This site is optimized with the Yoast SEO plugin v24.7 - https:\/\/yoast.com\/wordpress\/plugins\/seo\/ -->\n<title>Histoire - entente-de-la-tet.fr<\/title>\n<meta name=\"robots\" content=\"index, follow, max-snippet:-1, max-image-preview:large, max-video-preview:-1\" \/>\n<link rel=\"canonical\" href=\"https:\/\/entente-de-la-tet.fr\/?page_id=71576\" \/>\n<meta property=\"og:locale\" content=\"fr_FR\" \/>\n<meta property=\"og:type\" content=\"article\" \/>\n<meta property=\"og:title\" content=\"Histoire - entente-de-la-tet.fr\" \/>\n<meta property=\"og:description\" content=\"L&#039;histoire du club La premi\u00e8re \u00e9quipe du clubL&#039;\u00e9quipe\u00a0actuelle\u00a0Un club historique du d\u00e9partementFond\u00e9e en 1908, L&#039;Entente Rugby Club puise ses origines le long des rives pittoresques de la T\u00eat, dans la commune de P\u00e9zilla-la-Rivi\u00e8re. Cependant, son rayonnement s&#039;\u00e9tend bien au-del\u00e0 de ses fronti\u00e8res g\u00e9ographiques, englobant \u00e9galement les charmants villages environnants tels que Saint-F\u00e9liu, Le Soler, Corneilla-la-Rivi\u00e8re, [&hellip;]\" \/>\n<meta property=\"og:url\" content=\"https:\/\/entente-de-la-tet.fr\/?page_id=71576\" \/>\n<meta property=\"og:site_name\" content=\"entente-de-la-tet.fr\" \/>\n<meta property=\"article:modified_time\" content=\"2024-07-08T20:38:32+00:00\" \/>\n<meta name=\"twitter:card\" content=\"summary_large_image\" \/>\n<meta name=\"twitter:label1\" content=\"Dur\u00e9e de lecture estim\u00e9e\" \/>\n\t<meta name=\"twitter:data1\" content=\"12 minutes\" \/>\n<script type=\"application\/ld+json\" class=\"yoast-schema-graph\">{\"@context\":\"https:\/\/schema.org\",\"@graph\":[{\"@type\":\"WebPage\",\"@id\":\"https:\/\/entente-de-la-tet.fr\/?page_id=71576\",\"url\":\"https:\/\/entente-de-la-tet.fr\/?page_id=71576\",\"name\":\"Histoire - entente-de-la-tet.fr\",\"isPartOf\":{\"@id\":\"https:\/\/entente-de-la-tet.fr\/#website\"},\"datePublished\":\"2024-05-07T13:20:59+00:00\",\"dateModified\":\"2024-07-08T20:38:32+00:00\",\"breadcrumb\":{\"@id\":\"https:\/\/entente-de-la-tet.fr\/?page_id=71576#breadcrumb\"},\"inLanguage\":\"fr-FR\",\"potentialAction\":[{\"@type\":\"ReadAction\",\"target\":[\"https:\/\/entente-de-la-tet.fr\/?page_id=71576\"]}]},{\"@type\":\"BreadcrumbList\",\"@id\":\"https:\/\/entente-de-la-tet.fr\/?page_id=71576#breadcrumb\",\"itemListElement\":[{\"@type\":\"ListItem\",\"position\":1,\"name\":\"Accueil\",\"item\":\"https:\/\/entente-de-la-tet.fr\/\"},{\"@type\":\"ListItem\",\"position\":2,\"name\":\"Histoire\"}]},{\"@type\":\"WebSite\",\"@id\":\"https:\/\/entente-de-la-tet.fr\/#website\",\"url\":\"https:\/\/entente-de-la-tet.fr\/\",\"name\":\"entente-de-la-tet.fr\",\"description\":\"\",\"publisher\":{\"@id\":\"https:\/\/entente-de-la-tet.fr\/#organization\"},\"potentialAction\":[{\"@type\":\"SearchAction\",\"target\":{\"@type\":\"EntryPoint\",\"urlTemplate\":\"https:\/\/entente-de-la-tet.fr\/?s={search_term_string}\"},\"query-input\":{\"@type\":\"PropertyValueSpecification\",\"valueRequired\":true,\"valueName\":\"search_term_string\"}}],\"inLanguage\":\"fr-FR\"},{\"@type\":\"Organization\",\"@id\":\"https:\/\/entente-de-la-tet.fr\/#organization\",\"name\":\"entente-de-la-tet.fr\",\"url\":\"https:\/\/entente-de-la-tet.fr\/\",\"logo\":{\"@type\":\"ImageObject\",\"inLanguage\":\"fr-FR\",\"@id\":\"https:\/\/entente-de-la-tet.fr\/#\/schema\/logo\/image\/\",\"url\":\"https:\/\/entente-de-la-tet.fr\/wp-content\/uploads\/2024\/03\/logo_entente-removebg-preview.png\",\"contentUrl\":\"https:\/\/entente-de-la-tet.fr\/wp-content\/uploads\/2024\/03\/logo_entente-removebg-preview.png\",\"width\":499,\"height\":500,\"caption\":\"entente-de-la-tet.fr\"},\"image\":{\"@id\":\"https:\/\/entente-de-la-tet.fr\/#\/schema\/logo\/image\/\"}}]}<\/script>\n<!-- \/ Yoast SEO plugin. -->","yoast_head_json":{"title":"Histoire - entente-de-la-tet.fr","robots":{"index":"index","follow":"follow","max-snippet":"max-snippet:-1","max-image-preview":"max-image-preview:large","max-video-preview":"max-video-preview:-1"},"canonical":"https:\/\/entente-de-la-tet.fr\/?page_id=71576","og_locale":"fr_FR","og_type":"article","og_title":"Histoire - entente-de-la-tet.fr","og_description":"L'histoire du club La premi\u00e8re \u00e9quipe du clubL'\u00e9quipe\u00a0actuelle\u00a0Un club historique du d\u00e9partementFond\u00e9e en 1908, L'Entente Rugby Club puise ses origines le long des rives pittoresques de la T\u00eat, dans la commune de P\u00e9zilla-la-Rivi\u00e8re. Cependant, son rayonnement s'\u00e9tend bien au-del\u00e0 de ses fronti\u00e8res g\u00e9ographiques, englobant \u00e9galement les charmants villages environnants tels que Saint-F\u00e9liu, Le Soler, Corneilla-la-Rivi\u00e8re, [&hellip;]","og_url":"https:\/\/entente-de-la-tet.fr\/?page_id=71576","og_site_name":"entente-de-la-tet.fr","article_modified_time":"2024-07-08T20:38:32+00:00","twitter_card":"summary_large_image","twitter_misc":{"Dur\u00e9e de lecture estim\u00e9e":"12 minutes"},"schema":{"@context":"https:\/\/schema.org","@graph":[{"@type":"WebPage","@id":"https:\/\/entente-de-la-tet.fr\/?page_id=71576","url":"https:\/\/entente-de-la-tet.fr\/?page_id=71576","name":"Histoire - entente-de-la-tet.fr","isPartOf":{"@id":"https:\/\/entente-de-la-tet.fr\/#website"},"datePublished":"2024-05-07T13:20:59+00:00","dateModified":"2024-07-08T20:38:32+00:00","breadcrumb":{"@id":"https:\/\/entente-de-la-tet.fr\/?page_id=71576#breadcrumb"},"inLanguage":"fr-FR","potentialAction":[{"@type":"ReadAction","target":["https:\/\/entente-de-la-tet.fr\/?page_id=71576"]}]},{"@type":"BreadcrumbList","@id":"https:\/\/entente-de-la-tet.fr\/?page_id=71576#breadcrumb","itemListElement":[{"@type":"ListItem","position":1,"name":"Accueil","item":"https:\/\/entente-de-la-tet.fr\/"},{"@type":"ListItem","position":2,"name":"Histoire"}]},{"@type":"WebSite","@id":"https:\/\/entente-de-la-tet.fr\/#website","url":"https:\/\/entente-de-la-tet.fr\/","name":"entente-de-la-tet.fr","description":"","publisher":{"@id":"https:\/\/entente-de-la-tet.fr\/#organization"},"potentialAction":[{"@type":"SearchAction","target":{"@type":"EntryPoint","urlTemplate":"https:\/\/entente-de-la-tet.fr\/?s={search_term_string}"},"query-input":{"@type":"PropertyValueSpecification","valueRequired":true,"valueName":"search_term_string"}}],"inLanguage":"fr-FR"},{"@type":"Organization","@id":"https:\/\/entente-de-la-tet.fr\/#organization","name":"entente-de-la-tet.fr","url":"https:\/\/entente-de-la-tet.fr\/","logo":{"@type":"ImageObject","inLanguage":"fr-FR","@id":"https:\/\/entente-de-la-tet.fr\/#\/schema\/logo\/image\/","url":"https:\/\/entente-de-la-tet.fr\/wp-content\/uploads\/2024\/03\/logo_entente-removebg-preview.png","contentUrl":"https:\/\/entente-de-la-tet.fr\/wp-content\/uploads\/2024\/03\/logo_entente-removebg-preview.png","width":499,"height":500,"caption":"entente-de-la-tet.fr"},"image":{"@id":"https:\/\/entente-de-la-tet.fr\/#\/schema\/logo\/image\/"}}]}},"_links":{"self":[{"href":"https:\/\/entente-de-la-tet.fr\/index.php?rest_route=\/wp\/v2\/pages\/71576"}],"collection":[{"href":"https:\/\/entente-de-la-tet.fr\/index.php?rest_route=\/wp\/v2\/pages"}],"about":[{"href":"https:\/\/entente-de-la-tet.fr\/index.php?rest_route=\/wp\/v2\/types\/page"}],"author":[{"embeddable":true,"href":"https:\/\/entente-de-la-tet.fr\/index.php?rest_route=\/wp\/v2\/users\/1"}],"replies":[{"embeddable":true,"href":"https:\/\/entente-de-la-tet.fr\/index.php?rest_route=%2Fwp%2Fv2%2Fcomments&post=71576"}],"version-history":[{"count":14,"href":"https:\/\/entente-de-la-tet.fr\/index.php?rest_route=\/wp\/v2\/pages\/71576\/revisions"}],"predecessor-version":[{"id":72455,"href":"https:\/\/entente-de-la-tet.fr\/index.php?rest_route=\/wp\/v2\/pages\/71576\/revisions\/72455"}],"wp:attachment":[{"href":"https:\/\/entente-de-la-tet.fr\/index.php?rest_route=%2Fwp%2Fv2%2Fmedia&parent=71576"}],"curies":[{"name":"wp","href":"https:\/\/api.w.org\/{rel}","templated":true}]}}