{"id":71563,"date":"2024-05-21T14:51:43","date_gmt":"2024-05-21T12:51:43","guid":{"rendered":"https:\/\/entente-de-la-tet.fr\/?page_id=71563"},"modified":"2024-11-13T13:34:10","modified_gmt":"2024-11-13T12:34:10","slug":"club-de-rugby-a-pezilla-la-riviere-entente-de-la-tet","status":"publish","type":"page","link":"https:\/\/entente-de-la-tet.fr\/","title":{"rendered":"Club de Rugby \u00e0 P\u00e9zilla la Rivi\u00e8re Entente-de-la-tet"},"content":{"rendered":"<p>[et_pb_section fb_built=\u00a0\u00bb1&Prime; _builder_version=\u00a0\u00bb4.16&Prime; _module_preset=\u00a0\u00bbdefault\u00a0\u00bb background_image=\u00a0\u00bbhttps:\/\/entente-de-la-tet.fr\/wp-content\/uploads\/2024\/03\/Creation-WEB.png\u00a0\u00bb global_colors_info=\u00a0\u00bb{}\u00a0\u00bb][et_pb_row _builder_version=\u00a0\u00bb4.16&Prime; _module_preset=\u00a0\u00bbdefault\u00a0\u00bb global_colors_info=\u00a0\u00bb{}\u00a0\u00bb][et_pb_column type=\u00a0\u00bb4_4&Prime; _builder_version=\u00a0\u00bb4.16&Prime; _module_preset=\u00a0\u00bbdefault\u00a0\u00bb global_colors_info=\u00a0\u00bb{}\u00a0\u00bb][et_pb_image src=\u00a0\u00bbhttps:\/\/entente-de-la-tet.fr\/wp-content\/uploads\/2024\/03\/logo_entente-removebg-preview.png\u00a0\u00bb title_text=\u00a0\u00bblogo_entente-removebg-preview\u00a0\u00bb align=\u00a0\u00bbcenter\u00a0\u00bb _builder_version=\u00a0\u00bb4.16&Prime; _module_preset=\u00a0\u00bbdefault\u00a0\u00bb width=\u00a0\u00bb22%\u00a0\u00bb max_width=\u00a0\u00bb97%\u00a0\u00bb global_colors_info=\u00a0\u00bb{}\u00a0\u00bb][\/et_pb_image][et_pb_text _builder_version=\u00a0\u00bb4.16&Prime; _module_preset=\u00a0\u00bbdefault\u00a0\u00bb text_font=\u00a0\u00bbAcme|700|||||||\u00a0\u00bb text_text_color=\u00a0\u00bb#FFFFFF\u00a0\u00bb header_font=\u00a0\u00bbAdamina||||||||\u00a0\u00bb header_text_color=\u00a0\u00bb#FFFFFF\u00a0\u00bb header_font_size=\u00a0\u00bb50px\u00a0\u00bb header_font_size_tablet=\u00a0\u00bb50px\u00a0\u00bb header_font_size_phone=\u00a0\u00bb40px\u00a0\u00bb header_font_size_last_edited=\u00a0\u00bbon|desktop\u00a0\u00bb header_text_shadow_style=\u00a0\u00bbpreset1&Prime; global_colors_info=\u00a0\u00bb{}\u00a0\u00bb]<\/p>\n<h1 style=\"text-align: center;\">Club de Rugby \u00e0 P\u00e9zilla-la-rivi\u00e9re<\/h1>\n<p>[\/et_pb_text][\/et_pb_column][\/et_pb_row][\/et_pb_section][et_pb_section fb_built=\u00a0\u00bb1&Prime; _builder_version=\u00a0\u00bb4.16&Prime; _module_preset=\u00a0\u00bbdefault\u00a0\u00bb custom_margin=\u00a0\u00bb||-70px|||\u00a0\u00bb custom_padding=\u00a0\u00bb0px|||||\u00a0\u00bb global_colors_info=\u00a0\u00bb{}\u00a0\u00bb][et_pb_row column_structure=\u00a0\u00bb1_3,1_3,1_3&Prime; _builder_version=\u00a0\u00bb4.25.2&Prime; _module_preset=\u00a0\u00bbdefault\u00a0\u00bb width_tablet=\u00a0\u00bb\u00a0\u00bb width_phone=\u00a0\u00bb36%\u00a0\u00bb width_last_edited=\u00a0\u00bbon|phone\u00a0\u00bb global_colors_info=\u00a0\u00bb{}\u00a0\u00bb width__hover_enabled=\u00a0\u00bbon|desktop\u00a0\u00bb][et_pb_column type=\u00a0\u00bb1_3&Prime; _builder_version=\u00a0\u00bb4.16&Prime; _module_preset=\u00a0\u00bbdefault\u00a0\u00bb global_colors_info=\u00a0\u00bb{}\u00a0\u00bb][et_pb_image src=\u00a0\u00bbhttps:\/\/entente-de-la-tet.fr\/wp-content\/uploads\/2024\/03\/logo-labelisation-1.png\u00a0\u00bb title_text=\u00a0\u00bblogo lab\u00e9lisation 1&Prime; align=\u00a0\u00bbcenter\u00a0\u00bb _builder_version=\u00a0\u00bb4.16&Prime; _module_preset=\u00a0\u00bbdefault\u00a0\u00bb width=\u00a0\u00bb35%\u00a0\u00bb global_colors_info=\u00a0\u00bb{}\u00a0\u00bb][\/et_pb_image][\/et_pb_column][et_pb_column type=\u00a0\u00bb1_3&Prime; _builder_version=\u00a0\u00bb4.16&Prime; _module_preset=\u00a0\u00bbdefault\u00a0\u00bb global_colors_info=\u00a0\u00bb{}\u00a0\u00bb][et_pb_image src=\u00a0\u00bbhttps:\/\/entente-de-la-tet.fr\/wp-content\/uploads\/2024\/03\/club-engage-removebg-preview.png\u00a0\u00bb title_text=\u00a0\u00bbclub-engage-removebg-preview\u00a0\u00bb align=\u00a0\u00bbcenter\u00a0\u00bb _builder_version=\u00a0\u00bb4.16&Prime; _module_preset=\u00a0\u00bbdefault\u00a0\u00bb width=\u00a0\u00bb86%\u00a0\u00bb custom_margin=\u00a0\u00bb12px||||false|false\u00a0\u00bb custom_padding=\u00a0\u00bb0px|||||\u00a0\u00bb global_colors_info=\u00a0\u00bb{}\u00a0\u00bb][\/et_pb_image][\/et_pb_column][et_pb_column type=\u00a0\u00bb1_3&Prime; _builder_version=\u00a0\u00bb4.16&Prime; _module_preset=\u00a0\u00bbdefault\u00a0\u00bb global_colors_info=\u00a0\u00bb{}\u00a0\u00bb][et_pb_image src=\u00a0\u00bbhttps:\/\/entente-de-la-tet.fr\/wp-content\/uploads\/2024\/03\/309404718_175200778365163_7627744649808961020_n-removebg-preview.png\u00a0\u00bb title_text=\u00a0\u00bb309404718_175200778365163_7627744649808961020_n-removebg-preview\u00a0\u00bb align=\u00a0\u00bbcenter\u00a0\u00bb _builder_version=\u00a0\u00bb4.16&Prime; _module_preset=\u00a0\u00bbdefault\u00a0\u00bb width=\u00a0\u00bb55%\u00a0\u00bb global_colors_info=\u00a0\u00bb{}\u00a0\u00bb][\/et_pb_image][\/et_pb_column][\/et_pb_row][\/et_pb_section][et_pb_section fb_built=\u00a0\u00bb1&Prime; specialty=\u00a0\u00bbon\u00a0\u00bb _builder_version=\u00a0\u00bb4.16&Prime; max_width_tablet=\u00a0\u00bb90%\u00a0\u00bb max_width_phone=\u00a0\u00bb90%\u00a0\u00bb max_width_last_edited=\u00a0\u00bboff|desktop\u00a0\u00bb inner_width_tablet=\u00a0\u00bb90%\u00a0\u00bb inner_width_phone=\u00a0\u00bb90%\u00a0\u00bb inner_width_last_edited=\u00a0\u00bbon|phone\u00a0\u00bb custom_padding=\u00a0\u00bb17px||17px||true|false\u00a0\u00bb global_colors_info=\u00a0\u00bb{}\u00a0\u00bb][et_pb_column type=\u00a0\u00bb1_2&Prime; _builder_version=\u00a0\u00bb4.16&Prime; custom_padding=\u00a0\u00bb|||\u00a0\u00bb global_colors_info=\u00a0\u00bb{}\u00a0\u00bb custom_padding__hover=\u00a0\u00bb|||\u00a0\u00bb][et_pb_image src=\u00a0\u00bbhttps:\/\/entente-de-la-tet.fr\/wp-content\/uploads\/2024\/03\/joueur-ballon.jpg\u00a0\u00bb title_text=\u00a0\u00bbjoueur ballon\u00a0\u00bb _builder_version=\u00a0\u00bb4.16&Prime; _module_preset=\u00a0\u00bbdefault\u00a0\u00bb global_colors_info=\u00a0\u00bb{}\u00a0\u00bb][\/et_pb_image][et_pb_button button_url=\u00a0\u00bbhttps:\/\/entente-de-la-tet.fr\/?page_id=71576&#038;et_fb=1&#038;PageSpeed=off\u00a0\u00bb button_text=\u00a0\u00bbD\u00e9couvir\u00a0\u00bb button_alignment=\u00a0\u00bbcenter\u00a0\u00bb _builder_version=\u00a0\u00bb4.25.1&Prime; _module_preset=\u00a0\u00bbdefault\u00a0\u00bb custom_button=\u00a0\u00bbon\u00a0\u00bb button_text_color=\u00a0\u00bb#FFFFFF\u00a0\u00bb button_bg_color=\u00a0\u00bb#000000&Prime; button_font=\u00a0\u00bbAcme||||||||\u00a0\u00bb custom_margin=\u00a0\u00bb50px||||false|false\u00a0\u00bb global_colors_info=\u00a0\u00bb{}\u00a0\u00bb][\/et_pb_button][\/et_pb_column][et_pb_column type=\u00a0\u00bb1_2&Prime; specialty_columns=\u00a0\u00bb2&Prime; _builder_version=\u00a0\u00bb4.16&Prime; custom_padding=\u00a0\u00bb|||\u00a0\u00bb global_colors_info=\u00a0\u00bb{}\u00a0\u00bb custom_padding__hover=\u00a0\u00bb|||\u00a0\u00bb][et_pb_row_inner custom_padding_last_edited=\u00a0\u00bbon|tablet\u00a0\u00bb _builder_version=\u00a0\u00bb4.16&Prime; custom_padding=\u00a0\u00bb||18px\u00a0\u00bb custom_padding_tablet=\u00a0\u00bb40px||\u00a0\u00bb custom_padding_phone=\u00a0\u00bb40px||\u00a0\u00bb global_colors_info=\u00a0\u00bb{}\u00a0\u00bb][et_pb_column_inner saved_specialty_column_type=\u00a0\u00bb1_2&Prime; _builder_version=\u00a0\u00bb4.16&Prime; global_colors_info=\u00a0\u00bb{}\u00a0\u00bb][et_pb_text _builder_version=\u00a0\u00bb4.16&Prime; text_font=\u00a0\u00bbAcme|700|||||||\u00a0\u00bb text_text_color=\u00a0\u00bb#000000&Prime; text_font_size=\u00a0\u00bb29px\u00a0\u00bb header_font=\u00a0\u00bbPoppins|300|||||||\u00a0\u00bb header_text_color=\u00a0\u00bb#030303&Prime; header_font_size=\u00a0\u00bb35px\u00a0\u00bb header_line_height=\u00a0\u00bb1.4em\u00a0\u00bb custom_padding=\u00a0\u00bb0px||10px||false|false\u00a0\u00bb header_font_size_tablet=\u00a0\u00bb\u00a0\u00bb header_font_size_phone=\u00a0\u00bb25px\u00a0\u00bb header_font_size_last_edited=\u00a0\u00bbon|desktop\u00a0\u00bb global_colors_info=\u00a0\u00bb{}\u00a0\u00bb]<\/p>\n<p>Un club historique du d\u00e9partement<\/p>\n<p>[\/et_pb_text][et_pb_divider color=\u00a0\u00bb#f9ed1e\u00a0\u00bb divider_weight=\u00a0\u00bb2px\u00a0\u00bb _builder_version=\u00a0\u00bb4.16&Prime; _module_preset=\u00a0\u00bbdefault\u00a0\u00bb width=\u00a0\u00bb79%\u00a0\u00bb custom_margin=\u00a0\u00bb-25px||10px||false|false\u00a0\u00bb global_colors_info=\u00a0\u00bb{}\u00a0\u00bb][\/et_pb_divider][et_pb_text _builder_version=\u00a0\u00bb4.16&Prime; text_font=\u00a0\u00bbRoboto Condensed|300|||||||\u00a0\u00bb text_text_color=\u00a0\u00bb#030303&Prime; text_font_size=\u00a0\u00bb15px\u00a0\u00bb text_line_height=\u00a0\u00bb1.8em\u00a0\u00bb custom_margin=\u00a0\u00bb-20px||\u00a0\u00bb global_colors_info=\u00a0\u00bb{}\u00a0\u00bb]<\/p>\n<p><strong>Fond\u00e9e en 1908<\/strong>, L&rsquo;Entente Rugby Club puise ses origines le long des rives pittoresques de la T\u00eat, dans la commune de <strong>P\u00e9zilla-la-Rivi\u00e8re<\/strong>. Cependant, son rayonnement s&rsquo;\u00e9tend bien au-del\u00e0 de ses fronti\u00e8res g\u00e9ographiques, englobant \u00e9galement les charmants villages environnants tels que<strong> Saint-F\u00e9liu, Le Soler, Corneilla-la-Rivi\u00e8re, Villeneuve-la-Rivi\u00e8re et Baho<\/strong>. Acteur incontournable de la vie associative locale, le club s&rsquo;ancre profond\u00e9ment dans le tissu social de la r\u00e9gion.<\/p>\n<p><strong>L&rsquo;Entente Rugby Club<\/strong> se distingue par sa philosophie <strong>bienveillante<\/strong> et son <strong>ambiance familiale<\/strong>. Nous croyons fermement que le rugby, avec ses valeurs de <strong>solidarit\u00e9, de respect et de d\u00e9passement de soi,<\/strong> offre un cadre id\u00e9al pour favoriser l&rsquo;\u00e9panouissement et la croissance des jeunes. Notre engagement envers chaque joueur va au-del\u00e0 du terrain, visant \u00e0 cultiver des individus \u00e9quilibr\u00e9s et confiants, pr\u00eats \u00e0 relever les d\u00e9fis de demain.<\/p>\n<p><strong>Rejoindre notre club<\/strong>, c&rsquo;est s&rsquo;immerger dans une <strong>communaut\u00e9 chaleureuse<\/strong> et inclusive, o\u00f9 chaque enfant est encourag\u00e9 \u00e0 d\u00e9velopper son potentiel, tant sur le plan sportif que personnel. <strong>Notre \u00e9quipe d&rsquo;entra\u00eeneurs qualifi\u00e9s<\/strong> met en \u0153uvre des programmes adapt\u00e9s \u00e0 chaque tranche d&rsquo;\u00e2ge, garantissant un apprentissage progressif et s\u00e9curis\u00e9 du rugby.<\/p>\n<p>Au c\u0153ur de notre d\u00e9marche, nous pla\u00e7ons <strong>le bien-\u00eatre et l&rsquo;\u00e9panouissement<\/strong> de chaque enfant. En les accompagnant dans leur parcours sportif, nous aspirons \u00e0 fa\u00e7onner les citoyens responsables et solidaires de demain. <strong>Rejoignez-nous \u00e0 L&rsquo;Entente Rugby Club<\/strong> et offrez \u00e0 votre enfant la chance de grandir dans un environnement o\u00f9 l&rsquo;amour du jeu rime avec <strong>valeurs humaines<\/strong> et <strong>succ\u00e8s durables.<\/strong><\/p>\n<p>[\/et_pb_text][\/et_pb_column_inner][\/et_pb_row_inner][et_pb_row_inner column_structure=\u00a0\u00bb1_3,1_3,1_3&Prime; _builder_version=\u00a0\u00bb4.16&Prime; custom_padding=\u00a0\u00bb0px|||||\u00a0\u00bb global_colors_info=\u00a0\u00bb{}\u00a0\u00bb][et_pb_column_inner type=\u00a0\u00bb1_3&Prime; saved_specialty_column_type=\u00a0\u00bb1_2&Prime; _builder_version=\u00a0\u00bb4.16&Prime; global_colors_info=\u00a0\u00bb{}\u00a0\u00bb][et_pb_number_counter title=\u00a0\u00bbLicenci\u00e9\u00a0\u00bb number=\u00a0\u00bb205&Prime; percent_sign=\u00a0\u00bboff\u00a0\u00bb _builder_version=\u00a0\u00bb4.27.0&Prime; title_font=\u00a0\u00bbPoppins||||||||\u00a0\u00bb title_text_align=\u00a0\u00bbleft\u00a0\u00bb title_text_color=\u00a0\u00bb#030303&Prime; title_font_size=\u00a0\u00bb15px\u00a0\u00bb title_line_height=\u00a0\u00bb1.3em\u00a0\u00bb number_font=\u00a0\u00bbPoppins|700|||||||\u00a0\u00bb number_text_align=\u00a0\u00bbleft\u00a0\u00bb number_text_color=\u00a0\u00bb#030303&Prime; number_font_size=\u00a0\u00bb45px\u00a0\u00bb number_line_height=\u00a0\u00bb110px\u00a0\u00bb global_colors_info=\u00a0\u00bb{}\u00a0\u00bb][\/et_pb_number_counter][\/et_pb_column_inner][et_pb_column_inner type=\u00a0\u00bb1_3&Prime; saved_specialty_column_type=\u00a0\u00bb1_2&Prime; _builder_version=\u00a0\u00bb4.16&Prime; global_colors_info=\u00a0\u00bb{}\u00a0\u00bb][et_pb_number_counter title=\u00a0\u00bb\u00c9quipes\u00a0\u00bb number=\u00a0\u00bb9&Prime; percent_sign=\u00a0\u00bboff\u00a0\u00bb _builder_version=\u00a0\u00bb4.16&Prime; title_font=\u00a0\u00bbPoppins||||||||\u00a0\u00bb title_text_align=\u00a0\u00bbleft\u00a0\u00bb title_text_color=\u00a0\u00bb#030303&Prime; title_font_size=\u00a0\u00bb15px\u00a0\u00bb title_line_height=\u00a0\u00bb1.3em\u00a0\u00bb number_font=\u00a0\u00bbPoppins|700|||||||\u00a0\u00bb number_text_align=\u00a0\u00bbleft\u00a0\u00bb number_text_color=\u00a0\u00bb#030303&Prime; number_font_size=\u00a0\u00bb45px\u00a0\u00bb number_line_height=\u00a0\u00bb110px\u00a0\u00bb global_colors_info=\u00a0\u00bb{}\u00a0\u00bb][\/et_pb_number_counter][\/et_pb_column_inner][et_pb_column_inner type=\u00a0\u00bb1_3&Prime; saved_specialty_column_type=\u00a0\u00bb1_2&Prime; _builder_version=\u00a0\u00bb4.16&Prime; global_colors_info=\u00a0\u00bb{}\u00a0\u00bb][et_pb_number_counter title=\u00a0\u00bbCommune\u00a0\u00bb number=\u00a0\u00bb7&Prime; percent_sign=\u00a0\u00bboff\u00a0\u00bb _builder_version=\u00a0\u00bb4.25.1&Prime; title_font=\u00a0\u00bbPoppins||||||||\u00a0\u00bb title_text_align=\u00a0\u00bbleft\u00a0\u00bb title_text_color=\u00a0\u00bb#030303&Prime; title_font_size=\u00a0\u00bb15px\u00a0\u00bb title_line_height=\u00a0\u00bb1.3em\u00a0\u00bb number_font=\u00a0\u00bbPoppins|700|||||||\u00a0\u00bb number_text_align=\u00a0\u00bbleft\u00a0\u00bb number_text_color=\u00a0\u00bb#030303&Prime; number_font_size=\u00a0\u00bb45px\u00a0\u00bb number_line_height=\u00a0\u00bb110px\u00a0\u00bb global_colors_info=\u00a0\u00bb{}\u00a0\u00bb][\/et_pb_number_counter][\/et_pb_column_inner][\/et_pb_row_inner][\/et_pb_column][\/et_pb_section][et_pb_section fb_built=\u00a0\u00bb1&Prime; _builder_version=\u00a0\u00bb4.16&Prime; _module_preset=\u00a0\u00bbdefault\u00a0\u00bb custom_margin=\u00a0\u00bb-60px||||false|false\u00a0\u00bb custom_padding=\u00a0\u00bb||9px|||\u00a0\u00bb global_colors_info=\u00a0\u00bb{}\u00a0\u00bb][et_pb_row _builder_version=\u00a0\u00bb4.25.1&Prime; _module_preset=\u00a0\u00bbdefault\u00a0\u00bb custom_margin=\u00a0\u00bb-25px||||false|false\u00a0\u00bb global_colors_info=\u00a0\u00bb{}\u00a0\u00bb][et_pb_column type=\u00a0\u00bb4_4&Prime; _builder_version=\u00a0\u00bb4.16&Prime; _module_preset=\u00a0\u00bbdefault\u00a0\u00bb global_colors_info=\u00a0\u00bb{}\u00a0\u00bb][et_pb_divider color=\u00a0\u00bb#f9ed1e\u00a0\u00bb divider_weight=\u00a0\u00bb2px\u00a0\u00bb _builder_version=\u00a0\u00bb4.16&Prime; _module_preset=\u00a0\u00bbdefault\u00a0\u00bb global_colors_info=\u00a0\u00bb{}\u00a0\u00bb][\/et_pb_divider][et_pb_text _builder_version=\u00a0\u00bb4.16&Prime; text_font=\u00a0\u00bbAcme|700|||||||\u00a0\u00bb text_text_color=\u00a0\u00bb#000000&Prime; text_font_size=\u00a0\u00bb29px\u00a0\u00bb header_font=\u00a0\u00bbPoppins|300|||||||\u00a0\u00bb header_text_color=\u00a0\u00bb#030303&Prime; header_font_size=\u00a0\u00bb35px\u00a0\u00bb header_line_height=\u00a0\u00bb1.4em\u00a0\u00bb custom_margin=\u00a0\u00bb-15px||-15px||false|false\u00a0\u00bb custom_padding=\u00a0\u00bb0px||0px||false|false\u00a0\u00bb header_font_size_tablet=\u00a0\u00bb\u00a0\u00bb header_font_size_phone=\u00a0\u00bb25px\u00a0\u00bb header_font_size_last_edited=\u00a0\u00bbon|desktop\u00a0\u00bb global_colors_info=\u00a0\u00bb{}\u00a0\u00bb]<\/p>\n<p style=\"text-align: center;\">Les communes qui nous soutiennent<\/p>\n<p>[\/et_pb_text][\/et_pb_column][\/et_pb_row][et_pb_row _builder_version=\u00a0\u00bb4.25.2&Prime; _module_preset=\u00a0\u00bbdefault\u00a0\u00bb custom_margin=\u00a0\u00bb-6px||||false|false\u00a0\u00bb global_colors_info=\u00a0\u00bb{}\u00a0\u00bb][et_pb_column type=\u00a0\u00bb4_4&Prime; _builder_version=\u00a0\u00bb4.25.2&Prime; _module_preset=\u00a0\u00bbdefault\u00a0\u00bb global_colors_info=\u00a0\u00bb{}\u00a0\u00bb][et_pb_image src=\u00a0\u00bbhttps:\/\/entente-de-la-tet.fr\/wp-content\/uploads\/2024\/07\/Blush-Wave-LinkedIn-Banner.png\u00a0\u00bb title_text=\u00a0\u00bbBlush Wave LinkedIn Banner\u00a0\u00bb _builder_version=\u00a0\u00bb4.25.2&Prime; _module_preset=\u00a0\u00bbdefault\u00a0\u00bb global_colors_info=\u00a0\u00bb{}\u00a0\u00bb][\/et_pb_image][\/et_pb_column][\/et_pb_row][et_pb_row _builder_version=\u00a0\u00bb4.16&Prime; _module_preset=\u00a0\u00bbdefault\u00a0\u00bb custom_padding=\u00a0\u00bb||14px|||\u00a0\u00bb global_colors_info=\u00a0\u00bb{}\u00a0\u00bb][et_pb_column type=\u00a0\u00bb4_4&Prime; _builder_version=\u00a0\u00bb4.16&Prime; _module_preset=\u00a0\u00bbdefault\u00a0\u00bb global_colors_info=\u00a0\u00bb{}\u00a0\u00bb][et_pb_divider color=\u00a0\u00bb#f9ed1e\u00a0\u00bb divider_weight=\u00a0\u00bb2px\u00a0\u00bb _builder_version=\u00a0\u00bb4.25.2&Prime; _module_preset=\u00a0\u00bbdefault\u00a0\u00bb custom_margin=\u00a0\u00bb-15px||-82px||false|false\u00a0\u00bb custom_padding=\u00a0\u00bb0px||0px||false|false\u00a0\u00bb global_colors_info=\u00a0\u00bb{}\u00a0\u00bb][\/et_pb_divider][\/et_pb_column][\/et_pb_row][\/et_pb_section][et_pb_section fb_built=\u00a0\u00bb1&Prime; _builder_version=\u00a0\u00bb4.27.0&Prime; _module_preset=\u00a0\u00bbdefault\u00a0\u00bb custom_margin=\u00a0\u00bb-60px||||false|false\u00a0\u00bb global_colors_info=\u00a0\u00bb{}\u00a0\u00bb][et_pb_row _builder_version=\u00a0\u00bb4.25.1&Prime; _module_preset=\u00a0\u00bbdefault\u00a0\u00bb custom_margin=\u00a0\u00bb-100px||||false|false\u00a0\u00bb global_colors_info=\u00a0\u00bb{}\u00a0\u00bb][et_pb_column type=\u00a0\u00bb4_4&Prime; _builder_version=\u00a0\u00bb4.25.1&Prime; _module_preset=\u00a0\u00bbdefault\u00a0\u00bb global_colors_info=\u00a0\u00bb{}\u00a0\u00bb][et_pb_text _builder_version=\u00a0\u00bb4.27.0&Prime; _module_preset=\u00a0\u00bbdefault\u00a0\u00bb text_font=\u00a0\u00bbAcme|700|||||||\u00a0\u00bb text_text_color=\u00a0\u00bb#000000&Prime; text_font_size=\u00a0\u00bb28px\u00a0\u00bb custom_margin=\u00a0\u00bb80px||||false|false\u00a0\u00bb global_colors_info=\u00a0\u00bb{}\u00a0\u00bb]<\/p>\n<p style=\"text-align: center;\">Annonce d&rsquo;Ouverture de la Section Rugby \u00e0 5 \u00e0 Toucher de l&rsquo;Entente de la T\u00eat \ud83c\udfc9\ud83d\udc9b\ud83d\udda4<\/p>\n<p>[\/et_pb_text][\/et_pb_column][\/et_pb_row][et_pb_row column_structure=\u00a0\u00bb1_2,1_2&Prime; _builder_version=\u00a0\u00bb4.25.2&Prime; _module_preset=\u00a0\u00bbdefault\u00a0\u00bb custom_margin=\u00a0\u00bb-11px||-29px||false|false\u00a0\u00bb global_colors_info=\u00a0\u00bb{}\u00a0\u00bb][et_pb_column type=\u00a0\u00bb1_2&Prime; _builder_version=\u00a0\u00bb4.25.1&Prime; _module_preset=\u00a0\u00bbdefault\u00a0\u00bb global_colors_info=\u00a0\u00bb{}\u00a0\u00bb][et_pb_image src=\u00a0\u00bbhttps:\/\/entente-de-la-tet.fr\/wp-content\/uploads\/2024\/05\/Capture-decran-2024-05-20-a-15.05.46.png\u00a0\u00bb title_text=\u00a0\u00bbCapture d\u2019\u00e9cran 2024-05-20 \u00e0 15.05.46&Prime; _builder_version=\u00a0\u00bb4.25.2&Prime; _module_preset=\u00a0\u00bbdefault\u00a0\u00bb width=\u00a0\u00bb83%\u00a0\u00bb module_alignment=\u00a0\u00bbcenter\u00a0\u00bb global_colors_info=\u00a0\u00bb{}\u00a0\u00bb][\/et_pb_image][\/et_pb_column][et_pb_column type=\u00a0\u00bb1_2&Prime; _builder_version=\u00a0\u00bb4.25.1&Prime; _module_preset=\u00a0\u00bbdefault\u00a0\u00bb global_colors_info=\u00a0\u00bb{}\u00a0\u00bb][et_pb_text _builder_version=\u00a0\u00bb4.25.2&Prime; _module_preset=\u00a0\u00bbdefault\u00a0\u00bb global_colors_info=\u00a0\u00bb{}\u00a0\u00bb]<\/p>\n<p><span style=\"color: #000000;\"><strong>Salut \u00e0 tous les passionn\u00e9s de sport ! \ud83c\udf1f<\/strong><\/span><\/p>\n<p>Nous avons une grande nouvelle \u00e0 partager avec vous ! <span style=\"color: #000000;\"><strong>L&rsquo;Entente de la T\u00eat est heureuse de vous annoncer l&rsquo;ouverture d&rsquo;une toute nouvelle section de rugby \u00e0 5 \u00e0 toucher<\/strong><\/span>. Que vous soyez un joueur exp\u00e9riment\u00e9 ou un d\u00e9butant curieux, nous accueillons tout le monde avec enthousiasme et ferveur !<\/p>\n<p><span style=\"color: #000000;\"><strong>Pourquoi le Rugby \u00e0 5 \u00e0 Toucher ?<\/strong><\/span><\/p>\n<p>Le rugby \u00e0 5 \u00e0 toucher est <span style=\"color: #000000;\"><strong>une version dynamique et accessible du rugby traditionnel, mettant l&rsquo;accent sur la rapidit\u00e9, l&rsquo;agilit\u00e9, et surtout le plaisir de jouer sans contact physique rude<\/strong><\/span>. C&rsquo;est le sport id\u00e9al pour ceux qui souhaitent d\u00e9couvrir le rugby, am\u00e9liorer leur condition physique, ou simplement s&rsquo;amuser dans une ambiance conviviale.<\/p>\n<p><span style=\"color: #000000;\"><strong>Informations Pratiques :<\/strong><\/span><\/p>\n<p>Int\u00e9ress\u00e9(e) ? Pour plus d&rsquo;informations ou pour rejoindre notre \u00e9quipe, n&rsquo;h\u00e9sitez pas \u00e0 contacter <span style=\"color: #000000;\"><strong>Anthony Dangreau au 06 49 74 59 82.<\/strong><\/span><\/p>\n<p>Venez faire partie de cette nouvelle aventure et vivez le rugby autrement, tout ensemble en jaune et noir ! Endavant ! \ud83c\udfc6<\/p>\n<p>\ud83d\udda4\ud83d\udc9b Entente de la T\u00eat<\/p>\n<p>[\/et_pb_text][\/et_pb_column][\/et_pb_row][et_pb_row _builder_version=\u00a0\u00bb4.25.1&Prime; _module_preset=\u00a0\u00bbdefault\u00a0\u00bb global_colors_info=\u00a0\u00bb{}\u00a0\u00bb][et_pb_column type=\u00a0\u00bb4_4&Prime; _builder_version=\u00a0\u00bb4.25.1&Prime; _module_preset=\u00a0\u00bbdefault\u00a0\u00bb global_colors_info=\u00a0\u00bb{}\u00a0\u00bb][et_pb_divider color=\u00a0\u00bb#fff101&Prime; divider_weight=\u00a0\u00bb2px\u00a0\u00bb _builder_version=\u00a0\u00bb4.25.1&Prime; _module_preset=\u00a0\u00bbdefault\u00a0\u00bb global_colors_info=\u00a0\u00bb{}\u00a0\u00bb][\/et_pb_divider][\/et_pb_column][\/et_pb_row][\/et_pb_section][et_pb_section fb_built=\u00a0\u00bb1&Prime; _builder_version=\u00a0\u00bb4.16&Prime; _module_preset=\u00a0\u00bbdefault\u00a0\u00bb min_height=\u00a0\u00bb440.1px\u00a0\u00bb custom_padding=\u00a0\u00bb||6px|||\u00a0\u00bb global_colors_info=\u00a0\u00bb{}\u00a0\u00bb][et_pb_row _builder_version=\u00a0\u00bb4.25.1&Prime; _module_preset=\u00a0\u00bbdefault\u00a0\u00bb background_enable_image=\u00a0\u00bboff\u00a0\u00bb custom_margin=\u00a0\u00bb-103px||||false|false\u00a0\u00bb global_colors_info=\u00a0\u00bb{}\u00a0\u00bb][et_pb_column type=\u00a0\u00bb4_4&Prime; _builder_version=\u00a0\u00bb4.16&Prime; _module_preset=\u00a0\u00bbdefault\u00a0\u00bb global_colors_info=\u00a0\u00bb{}\u00a0\u00bb][et_pb_text _builder_version=\u00a0\u00bb4.16&Prime; _module_preset=\u00a0\u00bbdefault\u00a0\u00bb text_font=\u00a0\u00bbAcme|700||on|||||\u00a0\u00bb text_text_color=\u00a0\u00bb#000000&Prime; text_font_size=\u00a0\u00bb26px\u00a0\u00bb custom_margin=\u00a0\u00bb-40px||||false|false\u00a0\u00bb global_colors_info=\u00a0\u00bb{}\u00a0\u00bb]<\/p>\n<p style=\"text-align: center;\">Explorez nos formations : Plongez au c\u0153ur de l&rsquo;action avec nos \u00e9quipes.<\/p>\n<p>[\/et_pb_text][\/et_pb_column][\/et_pb_row][et_pb_row column_structure=\u00a0\u00bb1_2,1_2&Prime; _builder_version=\u00a0\u00bb4.16&Prime; _module_preset=\u00a0\u00bbdefault\u00a0\u00bb custom_margin=\u00a0\u00bb-110px|auto|1px|auto|false|false\u00a0\u00bb custom_padding=\u00a0\u00bb||13px||false|false\u00a0\u00bb global_colors_info=\u00a0\u00bb{}\u00a0\u00bb][et_pb_column type=\u00a0\u00bb1_2&Prime; _builder_version=\u00a0\u00bb4.16&Prime; _module_preset=\u00a0\u00bbdefault\u00a0\u00bb global_colors_info=\u00a0\u00bb{}\u00a0\u00bb][et_pb_image src=\u00a0\u00bbhttps:\/\/entente-de-la-tet.fr\/wp-content\/uploads\/2024\/03\/391728079_304447445668707_1848303006151773614_n.jpg\u00a0\u00bb title_text=\u00a0\u00bb391728079_304447445668707_1848303006151773614_n\u00a0\u00bb _builder_version=\u00a0\u00bb4.16&Prime; _module_preset=\u00a0\u00bbdefault\u00a0\u00bb global_colors_info=\u00a0\u00bb{}\u00a0\u00bb][\/et_pb_image][\/et_pb_column][et_pb_column type=\u00a0\u00bb1_2&Prime; _builder_version=\u00a0\u00bb4.16&Prime; _module_preset=\u00a0\u00bbdefault\u00a0\u00bb global_colors_info=\u00a0\u00bb{}\u00a0\u00bb][et_pb_text _builder_version=\u00a0\u00bb4.16&Prime; text_font=\u00a0\u00bbAcme|700|||||||\u00a0\u00bb text_text_color=\u00a0\u00bb#000000&Prime; text_font_size=\u00a0\u00bb22px\u00a0\u00bb header_font=\u00a0\u00bbPoppins|300|||||||\u00a0\u00bb header_text_color=\u00a0\u00bb#030303&Prime; header_font_size=\u00a0\u00bb35px\u00a0\u00bb header_line_height=\u00a0\u00bb1.4em\u00a0\u00bb custom_margin=\u00a0\u00bb4px||-15px||false|false\u00a0\u00bb custom_padding=\u00a0\u00bb0px||0px||false|false\u00a0\u00bb header_font_size_tablet=\u00a0\u00bb\u00a0\u00bb header_font_size_phone=\u00a0\u00bb25px\u00a0\u00bb header_font_size_last_edited=\u00a0\u00bbon|desktop\u00a0\u00bb global_colors_info=\u00a0\u00bb{}\u00a0\u00bb]<\/p>\n<p>L&rsquo;\u00e9cole de Rugby<\/p>\n<p>[\/et_pb_text][et_pb_text _builder_version=\u00a0\u00bb4.16&Prime; _module_preset=\u00a0\u00bbdefault\u00a0\u00bb custom_margin=\u00a0\u00bb25px||0px||false|false\u00a0\u00bb custom_padding=\u00a0\u00bb32px||||false|false\u00a0\u00bb global_colors_info=\u00a0\u00bb{}\u00a0\u00bb]<\/p>\n<p><span style=\"color: #000000;\"><strong>Voici les horaires d&rsquo;entra\u00eenement pour chaque cat\u00e9gorie :<\/strong><\/span><\/p>\n<p>U6 (2018\/2019\/2020) : Mercredi \u00e0 18h au Stade Louis Blad.<br \/>U8 (2016\/2017) : Mardi \u00e0 18h au Stade Louis Blad.<br \/>U10 (2014\/2015) : Mardi \u00e0 18h au Stade Louis Blad.<br \/>U12 (2013\/2012) : Mardi \u00e0 18h au Stade Louis Blad.<br \/>U14 (2011\/2010) : Mercredi et vendredi \u00e0 18h au Stade Louis Blad.<\/p>\n<p>Au plaisir de vous voir sur le terrain pour des s\u00e9ances dynamiques et instructives !<\/p>\n<p>[\/et_pb_text][et_pb_button button_url=\u00a0\u00bbhttps:\/\/entente-de-la-tet.fr\/?page_id=71565&#038;et_fb=1&#038;PageSpeed=off\u00a0\u00bb button_text=\u00a0\u00bbD\u00e9couvir\u00a0\u00bb button_alignment=\u00a0\u00bbcenter\u00a0\u00bb _builder_version=\u00a0\u00bb4.25.1&Prime; _module_preset=\u00a0\u00bbdefault\u00a0\u00bb custom_button=\u00a0\u00bbon\u00a0\u00bb button_text_color=\u00a0\u00bb#FFFFFF\u00a0\u00bb button_bg_color=\u00a0\u00bb#000000&Prime; button_font=\u00a0\u00bbAcme||||||||\u00a0\u00bb custom_margin=\u00a0\u00bb30px||||false|false\u00a0\u00bb global_colors_info=\u00a0\u00bb{}\u00a0\u00bb][\/et_pb_button][\/et_pb_column][\/et_pb_row][et_pb_row _builder_version=\u00a0\u00bb4.16&Prime; _module_preset=\u00a0\u00bbdefault\u00a0\u00bb global_colors_info=\u00a0\u00bb{}\u00a0\u00bb][et_pb_column type=\u00a0\u00bb4_4&Prime; _builder_version=\u00a0\u00bb4.16&Prime; _module_preset=\u00a0\u00bbdefault\u00a0\u00bb global_colors_info=\u00a0\u00bb{}\u00a0\u00bb][et_pb_divider color=\u00a0\u00bb#EDF000&Prime; divider_weight=\u00a0\u00bb2px\u00a0\u00bb _builder_version=\u00a0\u00bb4.16&Prime; _module_preset=\u00a0\u00bbdefault\u00a0\u00bb global_colors_info=\u00a0\u00bb{}\u00a0\u00bb][\/et_pb_divider][\/et_pb_column][\/et_pb_row][et_pb_row column_structure=\u00a0\u00bb1_2,1_2&Prime; _builder_version=\u00a0\u00bb4.16&Prime; _module_preset=\u00a0\u00bbdefault\u00a0\u00bb custom_margin=\u00a0\u00bb-15px||||false|false\u00a0\u00bb global_colors_info=\u00a0\u00bb{}\u00a0\u00bb][et_pb_column type=\u00a0\u00bb1_2&Prime; _builder_version=\u00a0\u00bb4.16&Prime; _module_preset=\u00a0\u00bbdefault\u00a0\u00bb global_colors_info=\u00a0\u00bb{}\u00a0\u00bb][et_pb_text _builder_version=\u00a0\u00bb4.16&Prime; _module_preset=\u00a0\u00bbdefault\u00a0\u00bb text_font=\u00a0\u00bbAcme|700|||||||\u00a0\u00bb text_text_color=\u00a0\u00bb#000000&Prime; text_font_size=\u00a0\u00bb22px\u00a0\u00bb global_colors_info=\u00a0\u00bb{}\u00a0\u00bb]<\/p>\n<p>For\u00e7a XV<\/p>\n<p>[\/et_pb_text][et_pb_text _builder_version=\u00a0\u00bb4.25.1&Prime; _module_preset=\u00a0\u00bbdefault\u00a0\u00bb global_colors_info=\u00a0\u00bb{}\u00a0\u00bb]<\/p>\n<p>Fond\u00e9e de la fusion entre <span style=\"color: #000000;\"><strong>l&rsquo;\u00e9cole de rugby de P\u00e9zilla-la-Rivi\u00e8re et celle de Millas, notre \u00e9quipe f\u00e9minine, For\u00e7a XV, incarne la vigueur et la solidarit\u00e9 d&rsquo;un collectif soud\u00e9. Compos\u00e9e de 42 licenci\u00e9es,<\/strong><\/span> notre \u00e9quipe s&rsquo;engage avec ferveur dans le championnat, repr\u00e9sentant fi\u00e8rement nos couleurs sur les terrains.<\/p>\n<p>Sous la direction des coachs \u00c9ric Gineste, Micka\u00ebl Sire, Wilfrid Costa et Ga\u00ebtan Giglio, ainsi que le renfort de Elvire Peyre et Honorine Hostallier pour la pr\u00e9paration physique, <span style=\"color: #000000;\"><strong>nos joueuses \u00e9voluent dans un environnement propice \u00e0 leur d\u00e9veloppement et \u00e0 leur \u00e9panouissement sportif.<\/strong><\/span><\/p>\n<p>[\/et_pb_text][\/et_pb_column][et_pb_column type=\u00a0\u00bb1_2&Prime; _builder_version=\u00a0\u00bb4.16&Prime; _module_preset=\u00a0\u00bbdefault\u00a0\u00bb global_colors_info=\u00a0\u00bb{}\u00a0\u00bb][et_pb_image src=\u00a0\u00bbhttps:\/\/entente-de-la-tet.fr\/wp-content\/uploads\/2024\/04\/forca-xv.jpg\u00a0\u00bb title_text=\u00a0\u00bbforca xv\u00a0\u00bb _builder_version=\u00a0\u00bb4.16&Prime; _module_preset=\u00a0\u00bbdefault\u00a0\u00bb global_colors_info=\u00a0\u00bb{}\u00a0\u00bb][\/et_pb_image][et_pb_button button_url=\u00a0\u00bbhttps:\/\/entente-de-la-tet.fr\/?page_id=71847&#038;et_fb=1&#038;PageSpeed=off\u00a0\u00bb button_text=\u00a0\u00bbRejoins-nous\u00a0\u00bb button_alignment=\u00a0\u00bbcenter\u00a0\u00bb _builder_version=\u00a0\u00bb4.25.2&Prime; _module_preset=\u00a0\u00bbdefault\u00a0\u00bb custom_button=\u00a0\u00bbon\u00a0\u00bb button_text_color=\u00a0\u00bb#FFFFFF\u00a0\u00bb button_bg_color=\u00a0\u00bb#000000&Prime; button_font=\u00a0\u00bbAcme||||||||\u00a0\u00bb custom_margin=\u00a0\u00bb||||true\u00a0\u00bb global_colors_info=\u00a0\u00bb{}\u00a0\u00bb][\/et_pb_button][\/et_pb_column][\/et_pb_row][et_pb_row _builder_version=\u00a0\u00bb4.16&Prime; _module_preset=\u00a0\u00bbdefault\u00a0\u00bb global_colors_info=\u00a0\u00bb{}\u00a0\u00bb][et_pb_column type=\u00a0\u00bb4_4&Prime; _builder_version=\u00a0\u00bb4.16&Prime; _module_preset=\u00a0\u00bbdefault\u00a0\u00bb global_colors_info=\u00a0\u00bb{}\u00a0\u00bb][et_pb_divider color=\u00a0\u00bb#EDF000&Prime; divider_weight=\u00a0\u00bb2px\u00a0\u00bb _builder_version=\u00a0\u00bb4.16&Prime; _module_preset=\u00a0\u00bbdefault\u00a0\u00bb global_colors_info=\u00a0\u00bb{}\u00a0\u00bb][\/et_pb_divider][\/et_pb_column][\/et_pb_row][et_pb_row column_structure=\u00a0\u00bb1_2,1_2&Prime; _builder_version=\u00a0\u00bb4.16&Prime; _module_preset=\u00a0\u00bbdefault\u00a0\u00bb custom_margin=\u00a0\u00bb-15px||||false|false\u00a0\u00bb global_colors_info=\u00a0\u00bb{}\u00a0\u00bb][et_pb_column type=\u00a0\u00bb1_2&Prime; _builder_version=\u00a0\u00bb4.16&Prime; _module_preset=\u00a0\u00bbdefault\u00a0\u00bb global_colors_info=\u00a0\u00bb{}\u00a0\u00bb][et_pb_image src=\u00a0\u00bbhttps:\/\/entente-de-la-tet.fr\/wp-content\/uploads\/2024\/05\/Capture-decran-2024-05-20-a-17.40.03.png\u00a0\u00bb title_text=\u00a0\u00bbCapture d\u2019\u00e9cran 2024-05-20 \u00e0 17.40.03&Prime; _builder_version=\u00a0\u00bb4.25.1&Prime; _module_preset=\u00a0\u00bbdefault\u00a0\u00bb global_colors_info=\u00a0\u00bb{}\u00a0\u00bb][\/et_pb_image][et_pb_button button_url=\u00a0\u00bbhttps:\/\/entente-de-la-tet.fr\/?page_id=72214&#038;et_fb=1&#038;PageSpeed=off\u00a0\u00bb button_text=\u00a0\u00bbRejoins-nous\u00a0\u00bb button_alignment=\u00a0\u00bbcenter\u00a0\u00bb _builder_version=\u00a0\u00bb4.25.1&Prime; _module_preset=\u00a0\u00bbdefault\u00a0\u00bb custom_button=\u00a0\u00bbon\u00a0\u00bb button_text_color=\u00a0\u00bb#FFFFFF\u00a0\u00bb button_bg_color=\u00a0\u00bb#000000&Prime; button_font=\u00a0\u00bbAcme||||||||\u00a0\u00bb custom_margin=\u00a0\u00bb||||true\u00a0\u00bb global_colors_info=\u00a0\u00bb{}\u00a0\u00bb][\/et_pb_button][\/et_pb_column][et_pb_column type=\u00a0\u00bb1_2&Prime; _builder_version=\u00a0\u00bb4.16&Prime; _module_preset=\u00a0\u00bbdefault\u00a0\u00bb global_colors_info=\u00a0\u00bb{}\u00a0\u00bb][et_pb_text _builder_version=\u00a0\u00bb4.25.1&Prime; _module_preset=\u00a0\u00bbdefault\u00a0\u00bb text_font=\u00a0\u00bbAcme|700|||||||\u00a0\u00bb text_text_color=\u00a0\u00bb#000000&Prime; text_font_size=\u00a0\u00bb22px\u00a0\u00bb custom_margin=\u00a0\u00bb-2px||||false|false\u00a0\u00bb global_colors_info=\u00a0\u00bb{}\u00a0\u00bb]<\/p>\n<p>Les juniors entente de la tet<\/p>\n<p>[\/et_pb_text][et_pb_text _builder_version=\u00a0\u00bb4.16&Prime; _module_preset=\u00a0\u00bbdefault\u00a0\u00bb global_colors_info=\u00a0\u00bb{}\u00a0\u00bb]<\/p>\n<p>\u00c0 l&rsquo;Entente de la T\u00eat, nous croyons fermement en <span style=\"color: #000000;\"><strong>l&rsquo;importance de cultiver et de d\u00e9velopper les jeunes talents<\/strong>.<\/span> Notre \u00e9quipe junior incarne cet engagement, offrant aux jeunes joueurs une plateforme pour grandir, apprendre et <span style=\"color: #000000;\"><strong>s&rsquo;\u00e9panouir dans le monde exigeant mais gratifiant du rugby.<\/strong><\/span><\/p>\n<p>Nos juniors partagent les m\u00eames valeurs fondamentales que nos \u00e9quipes seniors : <span style=\"color: #000000;\"><strong>le respect, la solidarit\u00e9 et le d\u00e9passement de soi<\/strong>.<\/span> Chaque membre de l&rsquo;\u00e9quipe contribue \u00e0 cr\u00e9er une atmosph\u00e8re o\u00f9 l&rsquo;entraide, l&rsquo;amiti\u00e9 et la passion pour le jeu sont au c\u0153ur de chaque entra\u00eenement et de chaque match.<\/p>\n<p>Sous la direction de <span style=\"color: #000000;\"><strong>coaches exp\u00e9riment\u00e9s et passionn\u00e9s, nos juniors b\u00e9n\u00e9ficient d&rsquo;un encadrement de qualit\u00e9, ax\u00e9 sur le d\u00e9veloppement technique, tactique et mental.<\/strong><\/span> Nous croyons en l&rsquo;importance d&rsquo;offrir aux jeunes joueurs les outils n\u00e9cessaires pour atteindre leur plein potentiel sur le terrain et dans leur vie personnelle.<\/p>\n<p>La saison pour nos juniors est bien plus qu&rsquo;une simple s\u00e9rie de matchs : c&rsquo;est <span style=\"color: #000000;\"><strong>une aventure sportive enrichissante o\u00f9 chaque comp\u00e9tition, chaque victoire et chaque d\u00e9fi surmont\u00e9 contribue \u00e0 la croissance individuelle et collective de l&rsquo;\u00e9quipe.<\/strong><\/span><\/p>\n<p><span style=\"color: #000000;\"><strong>Rejoignez notre \u00e9quipe junior<\/strong> <\/span>et faites partie de cette formidable aventure o\u00f9 le rugby est bien plus qu&rsquo;un sport, c&rsquo;est un mode de vie. Ensemble, nous construirons un avenir brillant pour le rugby et pour les jeunes talents de l&rsquo;Entente de la T\u00eat.<\/p>\n<p>[\/et_pb_text][\/et_pb_column][\/et_pb_row][et_pb_row _builder_version=\u00a0\u00bb4.16&Prime; _module_preset=\u00a0\u00bbdefault\u00a0\u00bb global_colors_info=\u00a0\u00bb{}\u00a0\u00bb][et_pb_column type=\u00a0\u00bb4_4&Prime; _builder_version=\u00a0\u00bb4.16&Prime; _module_preset=\u00a0\u00bbdefault\u00a0\u00bb global_colors_info=\u00a0\u00bb{}\u00a0\u00bb][et_pb_divider color=\u00a0\u00bb#EDF000&Prime; divider_weight=\u00a0\u00bb2px\u00a0\u00bb _builder_version=\u00a0\u00bb4.25.2&Prime; _module_preset=\u00a0\u00bbdefault\u00a0\u00bb custom_margin=\u00a0\u00bb10px||||false|false\u00a0\u00bb global_colors_info=\u00a0\u00bb{}\u00a0\u00bb][\/et_pb_divider][\/et_pb_column][\/et_pb_row][et_pb_row column_structure=\u00a0\u00bb1_2,1_2&Prime; _builder_version=\u00a0\u00bb4.16&Prime; _module_preset=\u00a0\u00bbdefault\u00a0\u00bb custom_margin=\u00a0\u00bb-15px||||false|false\u00a0\u00bb global_colors_info=\u00a0\u00bb{}\u00a0\u00bb][et_pb_column type=\u00a0\u00bb1_2&Prime; _builder_version=\u00a0\u00bb4.16&Prime; _module_preset=\u00a0\u00bbdefault\u00a0\u00bb global_colors_info=\u00a0\u00bb{}\u00a0\u00bb][et_pb_text _builder_version=\u00a0\u00bb4.16&Prime; _module_preset=\u00a0\u00bbdefault\u00a0\u00bb text_font=\u00a0\u00bbAcme|700|||||||\u00a0\u00bb text_text_color=\u00a0\u00bb#000000&Prime; text_font_size=\u00a0\u00bb22px\u00a0\u00bb global_colors_info=\u00a0\u00bb{}\u00a0\u00bb]<\/p>\n<p>L&rsquo;\u00e9quipe premi\u00e8re est la r\u00e9serve<\/p>\n<p>[\/et_pb_text][et_pb_text _builder_version=\u00a0\u00bb4.16&Prime; _module_preset=\u00a0\u00bbdefault\u00a0\u00bb global_colors_info=\u00a0\u00bb{}\u00a0\u00bb]<\/p>\n<p>Depuis sa fondation en 1908, l&rsquo;Entente de la T\u00eat incarne la passion et l&rsquo;engagement dans le rugby. Aujourd&rsquo;hui, <span style=\"color: #000000;\"><strong>nos \u00e9quipes \u00e9voluent avec fougue et d\u00e9termination en R\u00e9gional 2, portant haut nos couleurs sur le terrain.<\/strong><\/span><\/p>\n<p>L&rsquo;\u00c9quipe Premi\u00e8re et la R\u00e9serve : Chaque joueur, qu&rsquo;il soit de l&rsquo;\u00e9quipe premi\u00e8re ou de la r\u00e9serve, contribue \u00e0 l&rsquo;essence m\u00eame de notre club. Ensemble, ils partagent une m\u00eame vision : <span style=\"color: #000000;\"><strong>jouer au rugby avec intensit\u00e9, fair-play et respect.<\/strong><\/span><\/p>\n<p>Le D\u00e9fi de la Comp\u00e9tition : Nos joueurs rel\u00e8vent <span style=\"color: #000000;\"><strong>chaque semaine les d\u00e9fis du championnat R\u00e9gional 2 avec courage et d\u00e9termination.<\/strong> Chaque<\/span> match est une occasion pour nos \u00e9quipes de montrer leur talent et leur coh\u00e9sion.<\/p>\n<p><span style=\"color: #000000;\"><strong>Suivez les R\u00e9sultats en Temps R\u00e9el<\/strong><\/span> : Ne manquez pas les derniers r\u00e9sultats de l&rsquo;Entente de la T\u00eat en R\u00e9gional 2. Cliquez ci-dessous pour d\u00e9couvrir les performances de nos joueurs et leur progression au sein du championnat.<\/p>\n<p>[\/et_pb_text][et_pb_button button_url=\u00a0\u00bbhttps:\/\/entente-de-la-tet.fr\/?page_id=71436&#038;et_fb=1&#038;PageSpeed=off\u00a0\u00bb button_text=\u00a0\u00bbNos r\u00e9sultats\u00a0\u00bb button_alignment=\u00a0\u00bbcenter\u00a0\u00bb _builder_version=\u00a0\u00bb4.16&Prime; _module_preset=\u00a0\u00bbdefault\u00a0\u00bb custom_button=\u00a0\u00bbon\u00a0\u00bb button_text_color=\u00a0\u00bb#FFFFFF\u00a0\u00bb button_bg_color=\u00a0\u00bb#000000&Prime; button_font=\u00a0\u00bbAcme||||||||\u00a0\u00bb custom_margin=\u00a0\u00bb||||true\u00a0\u00bb global_colors_info=\u00a0\u00bb{}\u00a0\u00bb][\/et_pb_button][\/et_pb_column][et_pb_column type=\u00a0\u00bb1_2&Prime; _builder_version=\u00a0\u00bb4.16&Prime; _module_preset=\u00a0\u00bbdefault\u00a0\u00bb global_colors_info=\u00a0\u00bb{}\u00a0\u00bb][et_pb_image src=\u00a0\u00bbhttps:\/\/entente-de-la-tet.fr\/wp-content\/uploads\/2024\/03\/PHOTO-2023-05-24-17-22-14.jpg\u00a0\u00bb title_text=\u00a0\u00bbPHOTO-2023-05-24-17-22-14&Prime; _builder_version=\u00a0\u00bb4.16&Prime; _module_preset=\u00a0\u00bbdefault\u00a0\u00bb global_colors_info=\u00a0\u00bb{}\u00a0\u00bb][\/et_pb_image][\/et_pb_column][\/et_pb_row][et_pb_row _builder_version=\u00a0\u00bb4.16&Prime; _module_preset=\u00a0\u00bbdefault\u00a0\u00bb global_colors_info=\u00a0\u00bb{}\u00a0\u00bb][et_pb_column type=\u00a0\u00bb4_4&Prime; _builder_version=\u00a0\u00bb4.16&Prime; _module_preset=\u00a0\u00bbdefault\u00a0\u00bb global_colors_info=\u00a0\u00bb{}\u00a0\u00bb][et_pb_divider color=\u00a0\u00bb#EDF000&Prime; divider_weight=\u00a0\u00bb2px\u00a0\u00bb _builder_version=\u00a0\u00bb4.16&Prime; _module_preset=\u00a0\u00bbdefault\u00a0\u00bb custom_margin=\u00a0\u00bb15px||||false|false\u00a0\u00bb global_colors_info=\u00a0\u00bb{}\u00a0\u00bb][\/et_pb_divider][\/et_pb_column][\/et_pb_row][et_pb_row _builder_version=\u00a0\u00bb4.16&Prime; _module_preset=\u00a0\u00bbdefault\u00a0\u00bb custom_margin=\u00a0\u00bb-35px||||false|false\u00a0\u00bb global_colors_info=\u00a0\u00bb{}\u00a0\u00bb][et_pb_column type=\u00a0\u00bb4_4&Prime; _builder_version=\u00a0\u00bb4.16&Prime; _module_preset=\u00a0\u00bbdefault\u00a0\u00bb global_colors_info=\u00a0\u00bb{}\u00a0\u00bb][et_pb_text _builder_version=\u00a0\u00bb4.16&Prime; _module_preset=\u00a0\u00bbdefault\u00a0\u00bb text_font=\u00a0\u00bbAcme|700|||||||\u00a0\u00bb text_text_color=\u00a0\u00bb#000000&Prime; text_font_size=\u00a0\u00bb26px\u00a0\u00bb global_colors_info=\u00a0\u00bb{}\u00a0\u00bb]<\/p>\n<p style=\"text-align: center;\">Prenez part \u00e0 l&rsquo;action : Inscrivez-vous aujourd&rsquo;hui<\/p>\n<p>[\/et_pb_text][\/et_pb_column][\/et_pb_row][et_pb_row column_structure=\u00a0\u00bb1_2,1_2&Prime; _builder_version=\u00a0\u00bb4.16&Prime; _module_preset=\u00a0\u00bbdefault\u00a0\u00bb global_colors_info=\u00a0\u00bb{}\u00a0\u00bb][et_pb_column type=\u00a0\u00bb1_2&Prime; _builder_version=\u00a0\u00bb4.16&Prime; _module_preset=\u00a0\u00bbdefault\u00a0\u00bb global_colors_info=\u00a0\u00bb{}\u00a0\u00bb][et_pb_text _builder_version=\u00a0\u00bb4.16&Prime; _module_preset=\u00a0\u00bbdefault\u00a0\u00bb global_colors_info=\u00a0\u00bb{}\u00a0\u00bb]<\/p>\n<p>Vous avez toujours r\u00eav\u00e9 de vivre l&rsquo;excitation du rugby sur le terrain ? Vous recherchez <span style=\"color: #000000;\"><strong>une communaut\u00e9 passionn\u00e9e o\u00f9 vous pourrez d\u00e9velopper vos comp\u00e9tences,<\/strong><\/span> forger des amiti\u00e9s durables et vivre des moments inoubliables ?<\/p>\n<p>Ne cherchez pas plus loin. L&rsquo;Entente de la T\u00eat vous <span style=\"color: #000000;\"><strong>offre l&rsquo;opportunit\u00e9 de rejoindre notre \u00e9quipe dynamique et engag\u00e9e.<\/strong> <\/span>Que vous soyez un joueur exp\u00e9riment\u00e9 ou d\u00e9butant, nous avons une place pour vous.<\/p>\n<p>En tant que membre de notre club, <span style=\"color: #000000;\"><strong>vous aurez acc\u00e8s \u00e0 des entra\u00eenements de qualit\u00e9 encadr\u00e9s par des coaches passionn\u00e9s, \u00e0 des comp\u00e9titions excitantes et \u00e0 un environnement o\u00f9 le respect, le fair-play et la camaraderie sont au c\u0153ur de tout ce que nous faisons.<\/strong><\/span><\/p>\n<p>Alors, qu&rsquo;attendez-vous ? Prenez part \u00e0 l&rsquo;action d\u00e8s aujourd&rsquo;hui <span style=\"color: #000000;\"><strong>en vous inscrivant<\/strong> <\/span>\u00e0 l&rsquo;Entente de la T\u00eat. Rejoignez-nous et faites partie de notre histoire. L&rsquo;aventure commence ici.<\/p>\n<p>[\/et_pb_text][et_pb_button button_url=\u00a0\u00bbhttps:\/\/entente-de-la-tet.fr\/?page_id=71847&#038;et_fb=1&#038;PageSpeed=off\u00a0\u00bb button_text=\u00a0\u00bbRejoins-nous\u00a0\u00bb button_alignment=\u00a0\u00bbcenter\u00a0\u00bb _builder_version=\u00a0\u00bb4.25.1&Prime; _module_preset=\u00a0\u00bbdefault\u00a0\u00bb custom_button=\u00a0\u00bbon\u00a0\u00bb button_text_color=\u00a0\u00bb#FFFFFF\u00a0\u00bb button_bg_color=\u00a0\u00bb#000000&Prime; button_font=\u00a0\u00bbAcme||||||||\u00a0\u00bb custom_margin=\u00a0\u00bb||||true\u00a0\u00bb global_colors_info=\u00a0\u00bb{}\u00a0\u00bb][\/et_pb_button][\/et_pb_column][et_pb_column type=\u00a0\u00bb1_2&Prime; _builder_version=\u00a0\u00bb4.16&Prime; _module_preset=\u00a0\u00bbdefault\u00a0\u00bb global_colors_info=\u00a0\u00bb{}\u00a0\u00bb][et_pb_image src=\u00a0\u00bbhttps:\/\/entente-de-la-tet.fr\/wp-content\/uploads\/2024\/04\/image.jpg\u00a0\u00bb title_text=\u00a0\u00bbimage\u00a0\u00bb _builder_version=\u00a0\u00bb4.16&Prime; _module_preset=\u00a0\u00bbdefault\u00a0\u00bb global_colors_info=\u00a0\u00bb{}\u00a0\u00bb][\/et_pb_image][\/et_pb_column][\/et_pb_row][et_pb_row _builder_version=\u00a0\u00bb4.16&Prime; _module_preset=\u00a0\u00bbdefault\u00a0\u00bb global_colors_info=\u00a0\u00bb{}\u00a0\u00bb][et_pb_column type=\u00a0\u00bb4_4&Prime; _builder_version=\u00a0\u00bb4.16&Prime; _module_preset=\u00a0\u00bbdefault\u00a0\u00bb global_colors_info=\u00a0\u00bb{}\u00a0\u00bb][et_pb_divider color=\u00a0\u00bb#EDF000&Prime; divider_weight=\u00a0\u00bb2px\u00a0\u00bb _builder_version=\u00a0\u00bb4.16&Prime; _module_preset=\u00a0\u00bbdefault\u00a0\u00bb custom_margin=\u00a0\u00bb15px||||false|false\u00a0\u00bb global_colors_info=\u00a0\u00bb{}\u00a0\u00bb][\/et_pb_divider][\/et_pb_column][\/et_pb_row][et_pb_row _builder_version=\u00a0\u00bb4.16&Prime; _module_preset=\u00a0\u00bbdefault\u00a0\u00bb global_colors_info=\u00a0\u00bb{}\u00a0\u00bb][et_pb_column type=\u00a0\u00bb4_4&Prime; _builder_version=\u00a0\u00bb4.16&Prime; _module_preset=\u00a0\u00bbdefault\u00a0\u00bb global_colors_info=\u00a0\u00bb{}\u00a0\u00bb][et_pb_text _builder_version=\u00a0\u00bb4.16&Prime; _module_preset=\u00a0\u00bbdefault\u00a0\u00bb text_font=\u00a0\u00bbAcme|700||on|||||\u00a0\u00bb text_text_color=\u00a0\u00bb#000000&Prime; text_font_size=\u00a0\u00bb26px\u00a0\u00bb custom_margin=\u00a0\u00bb-30px||-30px||false|false\u00a0\u00bb custom_padding=\u00a0\u00bb0px||||false|false\u00a0\u00bb global_colors_info=\u00a0\u00bb{}\u00a0\u00bb]<\/p>\n<p style=\"text-align: center;\">La Boutique<\/p>\n<p>[\/et_pb_text][\/et_pb_column][\/et_pb_row][\/et_pb_section][et_pb_section fb_built=\u00a0\u00bb1&Prime; _builder_version=\u00a0\u00bb4.16&Prime; _module_preset=\u00a0\u00bbdefault\u00a0\u00bb custom_margin=\u00a0\u00bb||-45px||false|false\u00a0\u00bb global_colors_info=\u00a0\u00bb{}\u00a0\u00bb][et_pb_row column_structure=\u00a0\u00bb1_2,1_2&Prime; _builder_version=\u00a0\u00bb4.16&Prime; _module_preset=\u00a0\u00bbdefault\u00a0\u00bb custom_margin=\u00a0\u00bb-50px||||false|false\u00a0\u00bb global_colors_info=\u00a0\u00bb{}\u00a0\u00bb][et_pb_column type=\u00a0\u00bb1_2&Prime; _builder_version=\u00a0\u00bb4.16&Prime; _module_preset=\u00a0\u00bbdefault\u00a0\u00bb global_colors_info=\u00a0\u00bb{}\u00a0\u00bb][et_pb_image src=\u00a0\u00bbhttps:\/\/entente-de-la-tet.fr\/wp-content\/uploads\/2024\/04\/340091062_535498168667161_85053808644427819_n-1.jpg\u00a0\u00bb title_text=\u00a0\u00bb340091062_535498168667161_85053808644427819_n\u00a0\u00bb _builder_version=\u00a0\u00bb4.16&Prime; _module_preset=\u00a0\u00bbdefault\u00a0\u00bb background_color=\u00a0\u00bb#EDF000&Prime; global_colors_info=\u00a0\u00bb{}\u00a0\u00bb][\/et_pb_image][\/et_pb_column][et_pb_column type=\u00a0\u00bb1_2&Prime; _builder_version=\u00a0\u00bb4.16&Prime; _module_preset=\u00a0\u00bbdefault\u00a0\u00bb global_colors_info=\u00a0\u00bb{}\u00a0\u00bb][et_pb_text _builder_version=\u00a0\u00bb4.16&Prime; _module_preset=\u00a0\u00bbdefault\u00a0\u00bb global_colors_info=\u00a0\u00bb{}\u00a0\u00bb]<\/p>\n<p>D\u00e9couvrez notre boutique : Explorez notre s\u00e9lection de produits exclusifs !<\/p>\n<p>\u00cates-vous pr\u00eat \u00e0 <span style=\"color: #000000;\"><strong>afficher fi\u00e8rement vos couleurs et \u00e0 soutenir notre club ?<\/strong> <\/span>Plongez dans l&rsquo;univers de notre <span style=\"color: #000000;\"><strong>boutique en ligne, o\u00f9 vous trouverez une gamme vari\u00e9e de produits arborant notre embl\u00e9matique logo et nos couleurs distinctives.<\/strong><\/span><\/p>\n<p>Que vous recherchiez des maillots officiels, des accessoires de supporter ou des articles de mode urbaine, notre boutique a tout ce dont vous avez besoin pour <span style=\"color: #000000;\"><strong>montrer votre soutien \u00e0 l&rsquo;Entente de la T\u00eat.<\/strong><\/span><\/p>\n<p>Chaque achat contribue directement au <strong>d<span style=\"color: #000000;\">\u00e9veloppement de notre club et \u00e0 la promotion de notre sport dans la communaut\u00e9.<\/span><\/strong> Ne manquez pas cette opportunit\u00e9 de faire partie de quelque chose de sp\u00e9cial.<\/p>\n<p><span style=\"color: #000000;\"><strong>Cliquez ci-dessous<\/strong> <\/span>pour d\u00e9couvrir notre boutique et commencez d\u00e8s maintenant \u00e0 repr\u00e9senter fi\u00e8rement l&rsquo;Entente de la T\u00eat o\u00f9 que vous alliez.<\/p>\n<p>[\/et_pb_text][et_pb_button button_url=\u00a0\u00bbhttps:\/\/entente-de-la-tet.fr\/?page_id=81&#038;et_fb=1&#038;PageSpeed=off\u00a0\u00bb button_text=\u00a0\u00bbD\u00e9couvrir\u00a0\u00bb button_alignment=\u00a0\u00bbcenter\u00a0\u00bb _builder_version=\u00a0\u00bb4.16&Prime; _module_preset=\u00a0\u00bbdefault\u00a0\u00bb custom_button=\u00a0\u00bbon\u00a0\u00bb button_text_color=\u00a0\u00bb#FFFFFF\u00a0\u00bb button_bg_color=\u00a0\u00bb#000000&Prime; button_font=\u00a0\u00bbAcme||||||||\u00a0\u00bb custom_margin=\u00a0\u00bb||||true\u00a0\u00bb global_colors_info=\u00a0\u00bb{}\u00a0\u00bb][\/et_pb_button][\/et_pb_column][\/et_pb_row][\/et_pb_section][et_pb_section fb_built=\u00a0\u00bb1&Prime; _builder_version=\u00a0\u00bb4.16&Prime; _module_preset=\u00a0\u00bbdefault\u00a0\u00bb custom_margin=\u00a0\u00bb||-15px||false|false\u00a0\u00bb custom_padding=\u00a0\u00bb||54px|||\u00a0\u00bb global_colors_info=\u00a0\u00bb{}\u00a0\u00bb][et_pb_row _builder_version=\u00a0\u00bb4.16&Prime; custom_margin=\u00a0\u00bb-90px||0px||false|false\u00a0\u00bb custom_padding=\u00a0\u00bb0px||||false|false\u00a0\u00bb global_colors_info=\u00a0\u00bb{}\u00a0\u00bb][et_pb_column type=\u00a0\u00bb4_4&Prime; _builder_version=\u00a0\u00bb4.16&Prime; custom_padding=\u00a0\u00bb|||\u00a0\u00bb global_colors_info=\u00a0\u00bb{}\u00a0\u00bb custom_padding__hover=\u00a0\u00bb|||\u00a0\u00bb][et_pb_divider color=\u00a0\u00bb#EDF000&Prime; divider_weight=\u00a0\u00bb2px\u00a0\u00bb _builder_version=\u00a0\u00bb4.25.2&Prime; _module_preset=\u00a0\u00bbdefault\u00a0\u00bb custom_margin=\u00a0\u00bb40px||||false|false\u00a0\u00bb global_colors_info=\u00a0\u00bb{}\u00a0\u00bb][\/et_pb_divider][\/et_pb_column][\/et_pb_row][et_pb_row column_structure=\u00a0\u00bb1_2,1_2&Prime; _builder_version=\u00a0\u00bb4.16&Prime; _module_preset=\u00a0\u00bbdefault\u00a0\u00bb custom_margin=\u00a0\u00bb-42px||-15px||false|false\u00a0\u00bb global_colors_info=\u00a0\u00bb{}\u00a0\u00bb][et_pb_column type=\u00a0\u00bb1_2&Prime; _builder_version=\u00a0\u00bb4.16&Prime; _module_preset=\u00a0\u00bbdefault\u00a0\u00bb global_colors_info=\u00a0\u00bb{}\u00a0\u00bb][et_pb_text _builder_version=\u00a0\u00bb4.16&Prime; _module_preset=\u00a0\u00bbdefault\u00a0\u00bb text_font=\u00a0\u00bbAcme|700|||||||\u00a0\u00bb text_text_color=\u00a0\u00bb#000000&Prime; text_font_size=\u00a0\u00bb21px\u00a0\u00bb global_colors_info=\u00a0\u00bb{}\u00a0\u00bb]<\/p>\n<p>Devenir sponsor<\/p>\n<p>[\/et_pb_text][et_pb_text _builder_version=\u00a0\u00bb4.16&Prime; _module_preset=\u00a0\u00bbdefault\u00a0\u00bb custom_margin=\u00a0\u00bb-15px||||false|false\u00a0\u00bb global_colors_info=\u00a0\u00bb{}\u00a0\u00bb]<\/p>\n<p>Devenir sponsor de l&rsquo;Entente de la T\u00eat, c&rsquo;est bien plus qu&rsquo;un simple partenariat commercial. C&rsquo;est l&rsquo;opportunit\u00e9 de s&rsquo;impliquer dans une communaut\u00e9 passionn\u00e9e, de soutenir le d\u00e9veloppement du sport local et de promouvoir des valeurs telles que l&rsquo;esprit d&rsquo;\u00e9quipe, le respect et l&rsquo;engagement. En associant votre entreprise \u00e0 notre club, <strong>v<span style=\"color: #000000;\">ous b\u00e9n\u00e9ficiez d&rsquo;une visibilit\u00e9 exceptionnelle lors de nos \u00e9v\u00e9nements sportifs, sur nos \u00e9quipements et nos plateformes en ligne, vous permettant ainsi d&rsquo;accro\u00eetre votre notori\u00e9t\u00e9 aupr\u00e8s d&rsquo;un public diversifi\u00e9 et engag\u00e9. <\/span><\/strong><\/p>\n<p>Nos programmes de <span style=\"color: #000000;\"><strong>sponsoring flexibles sont con\u00e7us pour r\u00e9pondre \u00e0 vos objectifs marketing sp\u00e9cifiques et offrir des avantages uniques \u00e0 votre entreprise,<\/strong><\/span> que vous cherchiez \u00e0 renforcer votre visibilit\u00e9 locale, \u00e0 promouvoir vos <span style=\"color: #000000;\"><strong>valeurs d&rsquo;entreprise ou \u00e0 soutenir une cause qui vous tient \u00e0 c\u0153ur<\/strong>.<\/span> D\u00e9couvrez d\u00e8s maintenant<span style=\"color: #000000;\"><strong> les opportunit\u00e9s de partenariat en cliquant ci-dessous et rejoignez-nous<\/strong><\/span> pour une collaboration enrichissante qui profitera \u00e0 votre entreprise et \u00e0 notre communaut\u00e9 locale !<\/p>\n<p>[\/et_pb_text][et_pb_button button_url=\u00a0\u00bbhttps:\/\/entente-de-la-tet.fr\/?page_id=71601&#038;et_fb=1&#038;PageSpeed=off\u00a0\u00bb button_text=\u00a0\u00bbD\u00e9couvrez-en plus\u00a0\u00bb button_alignment=\u00a0\u00bbcenter\u00a0\u00bb _builder_version=\u00a0\u00bb4.16&Prime; _module_preset=\u00a0\u00bbdefault\u00a0\u00bb custom_button=\u00a0\u00bbon\u00a0\u00bb button_text_color=\u00a0\u00bb#FFFFFF\u00a0\u00bb button_bg_color=\u00a0\u00bb#000000&Prime; button_font=\u00a0\u00bbAcme||||||||\u00a0\u00bb custom_margin=\u00a0\u00bb||||true\u00a0\u00bb global_colors_info=\u00a0\u00bb{}\u00a0\u00bb][\/et_pb_button][\/et_pb_column][et_pb_column type=\u00a0\u00bb1_2&Prime; _builder_version=\u00a0\u00bb4.16&Prime; _module_preset=\u00a0\u00bbdefault\u00a0\u00bb global_colors_info=\u00a0\u00bb{}\u00a0\u00bb][et_pb_image src=\u00a0\u00bbhttps:\/\/entente-de-la-tet.fr\/wp-content\/uploads\/2024\/04\/346998646_2427633340746148_4280955920384474112_n.jpg\u00a0\u00bb title_text=\u00a0\u00bb346998646_2427633340746148_4280955920384474112_n\u00a0\u00bb _builder_version=\u00a0\u00bb4.16&Prime; _module_preset=\u00a0\u00bbdefault\u00a0\u00bb global_colors_info=\u00a0\u00bb{}\u00a0\u00bb][\/et_pb_image][\/et_pb_column][\/et_pb_row][\/et_pb_section][et_pb_section fb_built=\u00a0\u00bb1&Prime; _builder_version=\u00a0\u00bb4.16&Prime; _module_preset=\u00a0\u00bbdefault\u00a0\u00bb custom_margin=\u00a0\u00bb||-15px||false|false\u00a0\u00bb custom_padding=\u00a0\u00bb||54px|||\u00a0\u00bb global_colors_info=\u00a0\u00bb{}\u00a0\u00bb][et_pb_row _builder_version=\u00a0\u00bb4.16&Prime; custom_margin=\u00a0\u00bb-90px||0px||false|false\u00a0\u00bb custom_padding=\u00a0\u00bb0px||||false|false\u00a0\u00bb global_colors_info=\u00a0\u00bb{}\u00a0\u00bb][et_pb_column type=\u00a0\u00bb4_4&Prime; _builder_version=\u00a0\u00bb4.16&Prime; custom_padding=\u00a0\u00bb|||\u00a0\u00bb global_colors_info=\u00a0\u00bb{}\u00a0\u00bb custom_padding__hover=\u00a0\u00bb|||\u00a0\u00bb][et_pb_divider color=\u00a0\u00bb#EDF000&Prime; divider_weight=\u00a0\u00bb2px\u00a0\u00bb _builder_version=\u00a0\u00bb4.16&Prime; _module_preset=\u00a0\u00bbdefault\u00a0\u00bb custom_margin=\u00a0\u00bb15px||||false|false\u00a0\u00bb global_colors_info=\u00a0\u00bb{}\u00a0\u00bb][\/et_pb_divider][\/et_pb_column][\/et_pb_row][et_pb_row _builder_version=\u00a0\u00bb4.16&Prime; _module_preset=\u00a0\u00bbdefault\u00a0\u00bb global_colors_info=\u00a0\u00bb{}\u00a0\u00bb][et_pb_column type=\u00a0\u00bb4_4&Prime; _builder_version=\u00a0\u00bb4.16&Prime; _module_preset=\u00a0\u00bbdefault\u00a0\u00bb global_colors_info=\u00a0\u00bb{}\u00a0\u00bb][et_pb_text _builder_version=\u00a0\u00bb4.16&Prime; _module_preset=\u00a0\u00bbdefault\u00a0\u00bb text_font=\u00a0\u00bbAcme|700|||||||\u00a0\u00bb text_text_color=\u00a0\u00bb#000000&Prime; text_font_size=\u00a0\u00bb26px\u00a0\u00bb custom_margin=\u00a0\u00bb-45px||-26px||false|false\u00a0\u00bb global_colors_info=\u00a0\u00bb{}\u00a0\u00bb]<\/p>\n<p style=\"text-align: center;\">Ils nous soutiennent<\/p>\n<p>[\/et_pb_text][\/et_pb_column][\/et_pb_row][et_pb_row column_structure=\u00a0\u00bb1_3,1_3,1_3&Prime; _builder_version=\u00a0\u00bb4.16&Prime; _module_preset=\u00a0\u00bbdefault\u00a0\u00bb custom_margin=\u00a0\u00bb-40px||||false|false\u00a0\u00bb global_colors_info=\u00a0\u00bb{}\u00a0\u00bb][et_pb_column type=\u00a0\u00bb1_3&Prime; _builder_version=\u00a0\u00bb4.16&Prime; _module_preset=\u00a0\u00bbdefault\u00a0\u00bb global_colors_info=\u00a0\u00bb{}\u00a0\u00bb][et_pb_video src=\u00a0\u00bbhttps:\/\/entente-de-la-tet.fr\/wp-content\/uploads\/2024\/04\/vidoleo_demande35926.mp4&Prime; _builder_version=\u00a0\u00bb4.16&Prime; _module_preset=\u00a0\u00bbdefault\u00a0\u00bb global_colors_info=\u00a0\u00bb{}\u00a0\u00bb][\/et_pb_video][\/et_pb_column][et_pb_column type=\u00a0\u00bb1_3&Prime; _builder_version=\u00a0\u00bb4.16&Prime; _module_preset=\u00a0\u00bbdefault\u00a0\u00bb global_colors_info=\u00a0\u00bb{}\u00a0\u00bb][et_pb_text _builder_version=\u00a0\u00bb4.16&Prime; _module_preset=\u00a0\u00bbdefault\u00a0\u00bb global_colors_info=\u00a0\u00bb{}\u00a0\u00bb]<\/p>\n<p style=\"text-align: center;\"><span style=\"color: #000000;\"><strong>Alexandre B\u00e9cogn\u00e9e<\/strong>,<\/span> <strong>j<span style=\"color: #000000;\">oueur international fran\u00e7ais de rugby \u00e0 XV, est un pilier essentiel au sein de l&rsquo;effectif du Montpellier HR<\/span><\/strong>, o\u00f9 il excelle au poste de troisi\u00e8me ligne centre. Son engagement et son talent sur le terrain font de lui une figure respect\u00e9e du rugby fran\u00e7ais.<\/p>\n<p style=\"text-align: center;\">De m\u00eame, <span style=\"color: #000000;\"><strong>Maxime Mermoz<\/strong>, <\/span><strong><span style=\"color: #000000;\">joueur international fran\u00e7ais de renom<\/span>,<\/strong> apporte toute son exp\u00e9rience et son expertise au monde du rugby. Avec une impressionnante carri\u00e8re \u00e0 son actif, <span style=\"color: #000000;\"><strong>comprenant quatre championnats de France, trois Coupes d&rsquo;Europe et une finale de la Coupe du monde 2011 avec le XV de France,<\/strong> <\/span>Mermoz incarne le professionnalisme et l&rsquo;excellence sur le terrain.<\/p>\n<p style=\"text-align: center;\">Tous deux, <strong><span style=\"color: #000000;\">Alexandre B\u00e9cogn\u00e9e<\/span><\/strong> et <strong><span style=\"color: #000000;\">Maxime Mermoz<\/span><\/strong>, soutiennent avec<span style=\"color: #000000;\"><strong> fiert\u00e9 le club de l&rsquo;Entente de la T\u00eat, contribuant ainsi \u00e0 son d\u00e9veloppement et \u00e0 son rayonnement dans le monde du rugby.<\/strong><\/span> Par leur soutien et leur engagement, ils inspirent les jeunes joueurs et renforcent les liens entre les diff\u00e9rentes g\u00e9n\u00e9rations de passionn\u00e9s du rugby.<\/p>\n<p>[\/et_pb_text][\/et_pb_column][et_pb_column type=\u00a0\u00bb1_3&Prime; _builder_version=\u00a0\u00bb4.16&Prime; _module_preset=\u00a0\u00bbdefault\u00a0\u00bb global_colors_info=\u00a0\u00bb{}\u00a0\u00bb][et_pb_video src=\u00a0\u00bbhttps:\/\/entente-de-la-tet.fr\/wp-content\/uploads\/2024\/04\/439728241_7449842181789553_8819246431448081262_n.mp4&Prime; _builder_version=\u00a0\u00bb4.16&Prime; _module_preset=\u00a0\u00bbdefault\u00a0\u00bb global_colors_info=\u00a0\u00bb{}\u00a0\u00bb][\/et_pb_video][\/et_pb_column][\/et_pb_row][\/et_pb_section][et_pb_section fb_built=\u00a0\u00bb1&Prime; _builder_version=\u00a0\u00bb4.16&Prime; _module_preset=\u00a0\u00bbdefault\u00a0\u00bb custom_margin=\u00a0\u00bb||-15px||false|false\u00a0\u00bb custom_padding=\u00a0\u00bb||54px|||\u00a0\u00bb global_colors_info=\u00a0\u00bb{}\u00a0\u00bb][et_pb_row _builder_version=\u00a0\u00bb4.16&Prime; custom_margin=\u00a0\u00bb-90px||0px||false|false\u00a0\u00bb custom_padding=\u00a0\u00bb0px||||false|false\u00a0\u00bb global_colors_info=\u00a0\u00bb{}\u00a0\u00bb][et_pb_column type=\u00a0\u00bb4_4&Prime; _builder_version=\u00a0\u00bb4.16&Prime; custom_padding=\u00a0\u00bb|||\u00a0\u00bb global_colors_info=\u00a0\u00bb{}\u00a0\u00bb custom_padding__hover=\u00a0\u00bb|||\u00a0\u00bb][et_pb_divider color=\u00a0\u00bb#EDF000&Prime; divider_weight=\u00a0\u00bb2px\u00a0\u00bb _builder_version=\u00a0\u00bb4.16&Prime; _module_preset=\u00a0\u00bbdefault\u00a0\u00bb custom_margin=\u00a0\u00bb15px||||false|false\u00a0\u00bb global_colors_info=\u00a0\u00bb{}\u00a0\u00bb][\/et_pb_divider][\/et_pb_column][\/et_pb_row][et_pb_row _builder_version=\u00a0\u00bb4.16&Prime; _module_preset=\u00a0\u00bbdefault\u00a0\u00bb global_colors_info=\u00a0\u00bb{}\u00a0\u00bb][et_pb_column type=\u00a0\u00bb4_4&Prime; _builder_version=\u00a0\u00bb4.16&Prime; _module_preset=\u00a0\u00bbdefault\u00a0\u00bb global_colors_info=\u00a0\u00bb{}\u00a0\u00bb][et_pb_text _builder_version=\u00a0\u00bb4.25.1&Prime; _module_preset=\u00a0\u00bbdefault\u00a0\u00bb text_font=\u00a0\u00bbAcme|700|||||||\u00a0\u00bb text_text_color=\u00a0\u00bb#000000&Prime; text_font_size=\u00a0\u00bb26px\u00a0\u00bb custom_margin=\u00a0\u00bb-61px||-26px||false|false\u00a0\u00bb global_colors_info=\u00a0\u00bb{}\u00a0\u00bb]<\/p>\n<p style=\"text-align: center;\">Nos R\u00e9seaux<\/p>\n<p>[\/et_pb_text][\/et_pb_column][\/et_pb_row][et_pb_row column_structure=\u00a0\u00bb1_3,1_3,1_3&Prime; _builder_version=\u00a0\u00bb4.16&Prime; _module_preset=\u00a0\u00bbdefault\u00a0\u00bb custom_margin=\u00a0\u00bb-40px||||false|false\u00a0\u00bb global_colors_info=\u00a0\u00bb{}\u00a0\u00bb][et_pb_column type=\u00a0\u00bb1_3&Prime; _builder_version=\u00a0\u00bb4.16&Prime; _module_preset=\u00a0\u00bbdefault\u00a0\u00bb global_colors_info=\u00a0\u00bb{}\u00a0\u00bb][et_pb_social_media_follow _builder_version=\u00a0\u00bb4.16&Prime; _module_preset=\u00a0\u00bbdefault\u00a0\u00bb transform_scale=\u00a0\u00bb120%|120%\u00a0\u00bb text_orientation=\u00a0\u00bbcenter\u00a0\u00bb global_colors_info=\u00a0\u00bb{}\u00a0\u00bb][et_pb_social_media_follow_network social_network=\u00a0\u00bbfacebook\u00a0\u00bb url=\u00a0\u00bbhttps:\/\/www.facebook.com\/Ententedelatet\u00a0\u00bb icon_color=\u00a0\u00bb#FFFFFF\u00a0\u00bb _builder_version=\u00a0\u00bb4.16&Prime; _module_preset=\u00a0\u00bbdefault\u00a0\u00bb background_color=\u00a0\u00bb#3b5998&Prime; custom_button=\u00a0\u00bbon\u00a0\u00bb transform_scale=\u00a0\u00bb244%|244%\u00a0\u00bb global_colors_info=\u00a0\u00bb{}\u00a0\u00bb follow_button=\u00a0\u00bboff\u00a0\u00bb url_new_window=\u00a0\u00bbon\u00a0\u00bb]facebook[\/et_pb_social_media_follow_network][\/et_pb_social_media_follow][\/et_pb_column][et_pb_column type=\u00a0\u00bb1_3&Prime; _builder_version=\u00a0\u00bb4.16&Prime; _module_preset=\u00a0\u00bbdefault\u00a0\u00bb global_colors_info=\u00a0\u00bb{}\u00a0\u00bb][et_pb_social_media_follow _builder_version=\u00a0\u00bb4.16&Prime; _module_preset=\u00a0\u00bbdefault\u00a0\u00bb transform_scale=\u00a0\u00bb110%|110%\u00a0\u00bb text_orientation=\u00a0\u00bbcenter\u00a0\u00bb global_colors_info=\u00a0\u00bb{}\u00a0\u00bb][et_pb_social_media_follow_network social_network=\u00a0\u00bbinstagram\u00a0\u00bb url=\u00a0\u00bbhttps:\/\/www.instagram.com\/edr_entente_de_la_tet\/\u00a0\u00bb _builder_version=\u00a0\u00bb4.16&Prime; _module_preset=\u00a0\u00bbdefault\u00a0\u00bb background_color=\u00a0\u00bb#ea2c59&Prime; transform_scale=\u00a0\u00bb262%|262%\u00a0\u00bb global_colors_info=\u00a0\u00bb{}\u00a0\u00bb follow_button=\u00a0\u00bboff\u00a0\u00bb url_new_window=\u00a0\u00bbon\u00a0\u00bb]instagram[\/et_pb_social_media_follow_network][\/et_pb_social_media_follow][\/et_pb_column][et_pb_column type=\u00a0\u00bb1_3&Prime; _builder_version=\u00a0\u00bb4.16&Prime; _module_preset=\u00a0\u00bbdefault\u00a0\u00bb global_colors_info=\u00a0\u00bb{}\u00a0\u00bb][et_pb_social_media_follow _builder_version=\u00a0\u00bb4.16&Prime; _module_preset=\u00a0\u00bbdefault\u00a0\u00bb transform_scale=\u00a0\u00bb120%|120%\u00a0\u00bb text_orientation=\u00a0\u00bbcenter\u00a0\u00bb global_colors_info=\u00a0\u00bb{}\u00a0\u00bb][et_pb_social_media_follow_network social_network=\u00a0\u00bbfacebook\u00a0\u00bb url=\u00a0\u00bbhttps:\/\/www.facebook.com\/EcoledeRugbydelaTet\u00a0\u00bb icon_color=\u00a0\u00bb#FFFFFF\u00a0\u00bb _builder_version=\u00a0\u00bb4.16&Prime; _module_preset=\u00a0\u00bbdefault\u00a0\u00bb background_color=\u00a0\u00bb#3b5998&Prime; custom_button=\u00a0\u00bbon\u00a0\u00bb transform_scale=\u00a0\u00bb244%|244%\u00a0\u00bb global_colors_info=\u00a0\u00bb{}\u00a0\u00bb follow_button=\u00a0\u00bboff\u00a0\u00bb url_new_window=\u00a0\u00bbon\u00a0\u00bb]facebook[\/et_pb_social_media_follow_network][\/et_pb_social_media_follow][\/et_pb_column][\/et_pb_row][et_pb_row column_structure=\u00a0\u00bb1_3,1_3,1_3&Prime; _builder_version=\u00a0\u00bb4.16&Prime; _module_preset=\u00a0\u00bbdefault\u00a0\u00bb custom_margin=\u00a0\u00bb-14px||-43px||false|false\u00a0\u00bb custom_padding=\u00a0\u00bb||7px||false|false\u00a0\u00bb global_colors_info=\u00a0\u00bb{}\u00a0\u00bb][et_pb_column type=\u00a0\u00bb1_3&Prime; _builder_version=\u00a0\u00bb4.16&Prime; _module_preset=\u00a0\u00bbdefault\u00a0\u00bb global_colors_info=\u00a0\u00bb{}\u00a0\u00bb][et_pb_text _builder_version=\u00a0\u00bb4.16&Prime; _module_preset=\u00a0\u00bbdefault\u00a0\u00bb global_colors_info=\u00a0\u00bb{}\u00a0\u00bb]<\/p>\n<p style=\"text-align: center;\">ENTENTE DE LA TET<\/p>\n<p>[\/et_pb_text][\/et_pb_column][et_pb_column type=\u00a0\u00bb1_3&Prime; _builder_version=\u00a0\u00bb4.16&Prime; _module_preset=\u00a0\u00bbdefault\u00a0\u00bb global_colors_info=\u00a0\u00bb{}\u00a0\u00bb][et_pb_text _builder_version=\u00a0\u00bb4.16&Prime; _module_preset=\u00a0\u00bbdefault\u00a0\u00bb global_colors_info=\u00a0\u00bb{}\u00a0\u00bb]<\/p>\n<p style=\"text-align: center;\">edr_entente_de_la_tet<\/p>\n<p>[\/et_pb_text][\/et_pb_column][et_pb_column type=\u00a0\u00bb1_3&Prime; _builder_version=\u00a0\u00bb4.16&Prime; _module_preset=\u00a0\u00bbdefault\u00a0\u00bb global_colors_info=\u00a0\u00bb{}\u00a0\u00bb][et_pb_text _builder_version=\u00a0\u00bb4.16&Prime; _module_preset=\u00a0\u00bbdefault\u00a0\u00bb global_colors_info=\u00a0\u00bb{}\u00a0\u00bb]<\/p>\n<p style=\"text-align: center;\">Entente de la T\u00eat Ecole de Rugby.<\/p>\n<p>[\/et_pb_text][\/et_pb_column][\/et_pb_row][\/et_pb_section][et_pb_section fb_built=\u00a0\u00bb1&Prime; _builder_version=\u00a0\u00bb4.25.0&Prime; _module_preset=\u00a0\u00bbdefault\u00a0\u00bb custom_margin=\u00a0\u00bb35px||-15px||false|false\u00a0\u00bb custom_padding=\u00a0\u00bb||54px|||\u00a0\u00bb global_colors_info=\u00a0\u00bb{}\u00a0\u00bb][et_pb_row _builder_version=\u00a0\u00bb4.16&Prime; custom_margin=\u00a0\u00bb-90px||0px||false|false\u00a0\u00bb custom_padding=\u00a0\u00bb0px||||false|false\u00a0\u00bb global_colors_info=\u00a0\u00bb{}\u00a0\u00bb][et_pb_column type=\u00a0\u00bb4_4&Prime; _builder_version=\u00a0\u00bb4.16&Prime; custom_padding=\u00a0\u00bb|||\u00a0\u00bb global_colors_info=\u00a0\u00bb{}\u00a0\u00bb custom_padding__hover=\u00a0\u00bb|||\u00a0\u00bb][et_pb_divider color=\u00a0\u00bb#EDF000&Prime; divider_weight=\u00a0\u00bb2px\u00a0\u00bb _builder_version=\u00a0\u00bb4.16&Prime; _module_preset=\u00a0\u00bbdefault\u00a0\u00bb custom_margin=\u00a0\u00bb15px||||false|false\u00a0\u00bb global_colors_info=\u00a0\u00bb{}\u00a0\u00bb][\/et_pb_divider][\/et_pb_column][\/et_pb_row][et_pb_row _builder_version=\u00a0\u00bb4.16&Prime; _module_preset=\u00a0\u00bbdefault\u00a0\u00bb global_colors_info=\u00a0\u00bb{}\u00a0\u00bb][et_pb_column type=\u00a0\u00bb4_4&Prime; _builder_version=\u00a0\u00bb4.16&Prime; _module_preset=\u00a0\u00bbdefault\u00a0\u00bb global_colors_info=\u00a0\u00bb{}\u00a0\u00bb][et_pb_text _builder_version=\u00a0\u00bb4.25.0&Prime; _module_preset=\u00a0\u00bbdefault\u00a0\u00bb text_font=\u00a0\u00bbAcme|700|||||||\u00a0\u00bb text_text_color=\u00a0\u00bb#000000&Prime; text_font_size=\u00a0\u00bb26px\u00a0\u00bb custom_margin=\u00a0\u00bb-50px||||false|false\u00a0\u00bb global_colors_info=\u00a0\u00bb{}\u00a0\u00bb]<\/p>\n<p style=\"text-align: center;\">Devenir b\u00e9n\u00e9vole<\/p>\n<p>[\/et_pb_text][\/et_pb_column][\/et_pb_row][et_pb_row column_structure=\u00a0\u00bb1_2,1_2&Prime; _builder_version=\u00a0\u00bb4.16&Prime; _module_preset=\u00a0\u00bbdefault\u00a0\u00bb custom_margin=\u00a0\u00bb-40px||||false|false\u00a0\u00bb global_colors_info=\u00a0\u00bb{}\u00a0\u00bb][et_pb_column type=\u00a0\u00bb1_2&Prime; _builder_version=\u00a0\u00bb4.16&Prime; _module_preset=\u00a0\u00bbdefault\u00a0\u00bb global_colors_info=\u00a0\u00bb{}\u00a0\u00bb][et_pb_image src=\u00a0\u00bbhttps:\/\/entente-de-la-tet.fr\/wp-content\/uploads\/2024\/04\/404360571_292701296506131_488302048937587478_n.jpg\u00a0\u00bb title_text=\u00a0\u00bb404360571_292701296506131_488302048937587478_n\u00a0\u00bb _builder_version=\u00a0\u00bb4.16&Prime; _module_preset=\u00a0\u00bbdefault\u00a0\u00bb global_colors_info=\u00a0\u00bb{}\u00a0\u00bb][\/et_pb_image][et_pb_image src=\u00a0\u00bbhttps:\/\/entente-de-la-tet.fr\/wp-content\/uploads\/2024\/04\/IMG_0072.jpg\u00a0\u00bb title_text=\u00a0\u00bbIMG_0072&Prime; _builder_version=\u00a0\u00bb4.16&Prime; _module_preset=\u00a0\u00bbdefault\u00a0\u00bb custom_margin=\u00a0\u00bb-22px||||false|false\u00a0\u00bb global_colors_info=\u00a0\u00bb{}\u00a0\u00bb][\/et_pb_image][\/et_pb_column][et_pb_column type=\u00a0\u00bb1_2&Prime; _builder_version=\u00a0\u00bb4.16&Prime; _module_preset=\u00a0\u00bbdefault\u00a0\u00bb global_colors_info=\u00a0\u00bb{}\u00a0\u00bb][et_pb_text _builder_version=\u00a0\u00bb4.16&Prime; _module_preset=\u00a0\u00bbdefault\u00a0\u00bb text_font=\u00a0\u00bbAcme||||||||\u00a0\u00bb text_text_color=\u00a0\u00bb#000000&Prime; text_font_size=\u00a0\u00bb16px\u00a0\u00bb global_colors_info=\u00a0\u00bb{}\u00a0\u00bb]<\/p>\n<p><strong>Devenir B\u00e9n\u00e9vole \u00e0 l&rsquo;Entente de la Tet<\/strong><\/p>\n<p>[\/et_pb_text][et_pb_text _builder_version=\u00a0\u00bb4.25.1&Prime; _module_preset=\u00a0\u00bbdefault\u00a0\u00bb text_font=\u00a0\u00bb||||||||\u00a0\u00bb custom_margin=\u00a0\u00bb-15px||||false|false\u00a0\u00bb global_colors_info=\u00a0\u00bb{}\u00a0\u00bb]<\/p>\n<p><span style=\"color: #000000;\"><strong>Rejoignez notre \u00e9quipe de b\u00e9n\u00e9voles et participez \u00e0 l&rsquo;aventure de l&rsquo;Entente de la Tet !<\/strong> <\/span>En tant que b\u00e9n\u00e9vole, vous <span style=\"color: #000000;\"><strong>contribuerez<\/strong><\/span> \u00e0 notre <span style=\"color: #000000;\"><strong>succ\u00e8s<\/strong><\/span> sur et en dehors du terrain, d\u00e9velopperez de <span style=\"color: #000000;\"><strong>nouvelles comp\u00e9tences<\/strong> <\/span>et rencontrerez des personnes partageant la m\u00eame passion pour le rugby.<\/p>\n<p><span style=\"color: #000000;\"><strong>Pourquoi devenir b\u00e9n\u00e9vole ?<\/strong><\/span><\/p>\n<p>D\u00e9veloppez de <span style=\"color: #000000;\"><strong>nouvelles comp\u00e9tences.<\/strong><\/span><br \/>Tissez des liens forts avec notre <span style=\"color: #000000;\"><strong>communaut\u00e9.<\/strong><\/span><br \/>Contribuez \u00e0 <span style=\"color: #000000;\"><strong>l&rsquo;\u00e9panouissement<\/strong><\/span> des jeunes joueurs et joueuses.<br \/>Participez \u00e0 <span style=\"color: #000000;\"><strong>l&rsquo;organisation d&rsquo;\u00e9v\u00e9nements<\/strong><\/span> tout au long de l&rsquo;ann\u00e9e.<\/p>\n<p><span style=\"color: #0a0a0a;\"><strong>Comment rejoindre notre \u00e9quipe ?<\/strong><\/span><\/p>\n<p>Remplissez simplement le<span style=\"color: #000000;\"> <strong>formulaire de candidature<\/strong><\/span> ci-dessous en nous indiquant vos disponibilit\u00e9s et vos centres d&rsquo;int\u00e9r\u00eat. <span style=\"color: #000000;\"><strong>Nous vous contacterons rapidement pour discuter des opportunit\u00e9s de collaboration.<\/strong><\/span><\/p>\n<p><span style=\"color: #000000;\"><strong>Rejoignez-nous d\u00e8s aujourd&rsquo;hui !<\/strong><\/span><\/p>\n<p>Pour toute question, contactez-nous \u00e0 <strong><span style=\"color: #000000;\">ecolederugbyententedelatet@gmail.com<\/span><\/strong> ou venez nous rencontrer lors de nos prochains entra\u00eenements. Merci pour votre int\u00e9r\u00eat et votre engagement !<\/p>\n<p>[\/et_pb_text][et_pb_button button_url=\u00a0\u00bbhttps:\/\/entente-de-la-tet.fr\/?page_id=71847&#038;et_fb=1&#038;PageSpeed=off\u00a0\u00bb button_text=\u00a0\u00bbRejoins-nous\u00a0\u00bb button_alignment=\u00a0\u00bbcenter\u00a0\u00bb _builder_version=\u00a0\u00bb4.25.1&Prime; _module_preset=\u00a0\u00bbdefault\u00a0\u00bb custom_button=\u00a0\u00bbon\u00a0\u00bb button_text_color=\u00a0\u00bb#FFFFFF\u00a0\u00bb button_bg_color=\u00a0\u00bb#000000&Prime; button_font=\u00a0\u00bbAcme||||||||\u00a0\u00bb custom_margin=\u00a0\u00bb-15px||||false|false\u00a0\u00bb global_colors_info=\u00a0\u00bb{}\u00a0\u00bb][\/et_pb_button][\/et_pb_column][\/et_pb_row][\/et_pb_section][et_pb_section fb_built=\u00a0\u00bb1&Prime; _builder_version=\u00a0\u00bb4.16&Prime; _module_preset=\u00a0\u00bbdefault\u00a0\u00bb custom_margin=\u00a0\u00bb||-15px||false|false\u00a0\u00bb custom_padding=\u00a0\u00bb||54px|||\u00a0\u00bb global_colors_info=\u00a0\u00bb{}\u00a0\u00bb][et_pb_row _builder_version=\u00a0\u00bb4.16&Prime; custom_margin=\u00a0\u00bb-90px||0px||false|false\u00a0\u00bb custom_padding=\u00a0\u00bb0px||||false|false\u00a0\u00bb global_colors_info=\u00a0\u00bb{}\u00a0\u00bb][et_pb_column type=\u00a0\u00bb4_4&Prime; _builder_version=\u00a0\u00bb4.16&Prime; custom_padding=\u00a0\u00bb|||\u00a0\u00bb global_colors_info=\u00a0\u00bb{}\u00a0\u00bb custom_padding__hover=\u00a0\u00bb|||\u00a0\u00bb][et_pb_divider color=\u00a0\u00bb#EDF000&Prime; divider_weight=\u00a0\u00bb2px\u00a0\u00bb _builder_version=\u00a0\u00bb4.16&Prime; _module_preset=\u00a0\u00bbdefault\u00a0\u00bb custom_margin=\u00a0\u00bb15px||||false|false\u00a0\u00bb global_colors_info=\u00a0\u00bb{}\u00a0\u00bb][\/et_pb_divider][\/et_pb_column][\/et_pb_row][et_pb_row _builder_version=\u00a0\u00bb4.16&Prime; _module_preset=\u00a0\u00bbdefault\u00a0\u00bb global_colors_info=\u00a0\u00bb{}\u00a0\u00bb][et_pb_column type=\u00a0\u00bb4_4&Prime; _builder_version=\u00a0\u00bb4.16&Prime; _module_preset=\u00a0\u00bbdefault\u00a0\u00bb global_colors_info=\u00a0\u00bb{}\u00a0\u00bb][et_pb_text _builder_version=\u00a0\u00bb4.16&Prime; _module_preset=\u00a0\u00bbdefault\u00a0\u00bb text_font=\u00a0\u00bbAcme|700|||||||\u00a0\u00bb text_text_color=\u00a0\u00bb#000000&Prime; text_font_size=\u00a0\u00bb26px\u00a0\u00bb custom_margin=\u00a0\u00bb-45px||-26px||false|false\u00a0\u00bb global_colors_info=\u00a0\u00bb{}\u00a0\u00bb]<\/p>\n<p style=\"text-align: center;\">Il parle de nous<\/p>\n<p>[\/et_pb_text][\/et_pb_column][\/et_pb_row][et_pb_row column_structure=\u00a0\u00bb1_3,1_3,1_3&Prime; _builder_version=\u00a0\u00bb4.16&Prime; _module_preset=\u00a0\u00bbdefault\u00a0\u00bb custom_margin=\u00a0\u00bb-40px||||false|false\u00a0\u00bb global_colors_info=\u00a0\u00bb{}\u00a0\u00bb][et_pb_column type=\u00a0\u00bb1_3&Prime; _builder_version=\u00a0\u00bb4.16&Prime; _module_preset=\u00a0\u00bbdefault\u00a0\u00bb global_colors_info=\u00a0\u00bb{}\u00a0\u00bb][et_pb_image src=\u00a0\u00bbhttps:\/\/entente-de-la-tet.fr\/wp-content\/uploads\/2024\/04\/independent.png\u00a0\u00bb title_text=\u00a0\u00bbindependent\u00a0\u00bb _builder_version=\u00a0\u00bb4.16&Prime; _module_preset=\u00a0\u00bbdefault\u00a0\u00bb global_colors_info=\u00a0\u00bb{}\u00a0\u00bb][\/et_pb_image][et_pb_text _builder_version=\u00a0\u00bb4.16&Prime; _module_preset=\u00a0\u00bbdefault\u00a0\u00bb global_colors_info=\u00a0\u00bb{}\u00a0\u00bb]<\/p>\n<p>L&rsquo;article relate <span style=\"color: #000000;\"><strong>les performances des \u00e9quipes de rugby de l&rsquo;Entente<\/strong>,<\/span> mettant en avant leurs victoires ainsi que les d\u00e9fis rencontr\u00e9s lors des matches. L&rsquo;\u00e9quipe premi\u00e8re a domin\u00e9 son adversaire avec un score de 41-3, malgr\u00e9 quelques probl\u00e8mes de discipline. L&rsquo;entra\u00eeneur et les joueurs se montrent confiants pour les prochains d\u00e9fis, <span style=\"color: #000000;\"><strong>tout en soulignant l&rsquo;importance de rester concentr\u00e9s et disciplin\u00e9s.<\/strong><\/span> De son c\u00f4t\u00e9, l&rsquo;\u00e9quipe B a \u00e9galement remport\u00e9 une victoire apr\u00e8s une premi\u00e8re mi-temps difficile, montrant leur d\u00e9termination et leur capacit\u00e9 \u00e0 renverser la situation. Les deux \u00e9quipes se pr\u00e9parent maintenant pour <span style=\"color: #000000;\"><strong>les prochaines \u00e9tapes de la comp\u00e9tition avec optimisme et d\u00e9termination.<\/strong><\/span><\/p>\n<p><strong><em>Source : l&rsquo;ind\u00e9pendant<\/em><\/strong><\/p>\n<p>[\/et_pb_text][\/et_pb_column][et_pb_column type=\u00a0\u00bb1_3&Prime; _builder_version=\u00a0\u00bb4.16&Prime; _module_preset=\u00a0\u00bbdefault\u00a0\u00bb global_colors_info=\u00a0\u00bb{}\u00a0\u00bb][et_pb_image src=\u00a0\u00bbhttps:\/\/entente-de-la-tet.fr\/wp-content\/uploads\/2024\/04\/independant.png\u00a0\u00bb title_text=\u00a0\u00bbindependant\u00a0\u00bb _builder_version=\u00a0\u00bb4.16&Prime; _module_preset=\u00a0\u00bbdefault\u00a0\u00bb global_colors_info=\u00a0\u00bb{}\u00a0\u00bb][\/et_pb_image][et_pb_text _builder_version=\u00a0\u00bb4.16&Prime; _module_preset=\u00a0\u00bbdefault\u00a0\u00bb global_colors_info=\u00a0\u00bb{}\u00a0\u00bb]<\/p>\n<p>L&rsquo;article rapporte les performances<span style=\"color: #000000;\"><strong> r\u00e9centes des \u00e9quipes de rugby de l&rsquo;Entente de la T\u00eat<\/strong>. <\/span>L&rsquo;\u00e9quipe premi\u00e8re a d\u00e9montr\u00e9 sa force avec une victoire solide contre Rabastens, tandis que les r\u00e9servistes se pr\u00e9parent avec d\u00e9termination pour <span style=\"color: #000000;\"><strong>affronter Millassois en quart de finale.<\/strong> <\/span>Les juniors auront \u00e9galement l&rsquo;occasion de montrer leur talent lors d&rsquo;un match amical contre la Salanque C\u00f4te Radieuse. Les supporters sont convi\u00e9s \u00e0 se retrouver pour partager un repas avant le match de l&rsquo;\u00e9quipe premi\u00e8re, renfor\u00e7ant ainsi les liens de camaraderie autour du club. L&rsquo;article se termine sur des anecdotes partag\u00e9es chez Marcel Figueres, <span style=\"color: #000000;\"><strong>illustrant l&rsquo;attachement profond \u00e0 l&rsquo;esprit du rugby et \u00e0 ses valeurs au sein de la communaut\u00e9 de l&rsquo;Entente de la T\u00eat.<\/strong><\/span><\/p>\n<p><span><strong><em>Source : l&rsquo;ind\u00e9pendant<\/em><\/strong><\/span><\/p>\n<p>[\/et_pb_text][\/et_pb_column][et_pb_column type=\u00a0\u00bb1_3&Prime; _builder_version=\u00a0\u00bb4.16&Prime; _module_preset=\u00a0\u00bbdefault\u00a0\u00bb global_colors_info=\u00a0\u00bb{}\u00a0\u00bb][et_pb_image src=\u00a0\u00bbhttps:\/\/entente-de-la-tet.fr\/wp-content\/uploads\/2024\/04\/fkodfkdopf.png\u00a0\u00bb title_text=\u00a0\u00bbfkodfkdopf\u00a0\u00bb _builder_version=\u00a0\u00bb4.16&Prime; _module_preset=\u00a0\u00bbdefault\u00a0\u00bb width=\u00a0\u00bb80%\u00a0\u00bb module_alignment=\u00a0\u00bbcenter\u00a0\u00bb global_colors_info=\u00a0\u00bb{}\u00a0\u00bb][\/et_pb_image][et_pb_text _builder_version=\u00a0\u00bb4.16&Prime; _module_preset=\u00a0\u00bbdefault\u00a0\u00bb global_colors_info=\u00a0\u00bb{}\u00a0\u00bb]<\/p>\n<p>L&rsquo;article c\u00e9l\u00e8bre la performance remarquable de l&rsquo;Entente de la T\u00eat XV, qui a <strong><span style=\"color: #000000;\">assur\u00e9 sa place en finale du challenge r\u00e9gional 2 gr\u00e2ce \u00e0 une victoire captivante contre le Rugby Club Alaric, avec un score final de 24 \u00e0 22<\/span>.<\/strong> Cette rencontre a \u00e9t\u00e9 marqu\u00e9e par l&rsquo;intensit\u00e9 du jeu et la d\u00e9termination sans faille de nos joueurs, qui ont su faire face \u00e0 un d\u00e9fi de taille avec courage et r\u00e9silience. <span style=\"color: #000000;\"><strong>Avec cette qualification pour la finale, l&rsquo;Entente de la T\u00eat XV se pr\u00e9pare \u00e0 affronter un nouveau d\u00e9fi avec confiance et d\u00e9termination<\/strong>,<\/span> dans l&rsquo;objectif de <span style=\"color: #000000;\"><strong>d\u00e9fendre son titre<\/strong><\/span> avec la m\u00eame \u00e9nergie et la m\u00eame passion qui les animent. <span style=\"color: #000000;\"><strong>Cette victoire est une source de fiert\u00e9 pour le club et une preuve tangible de l&rsquo;esprit d&rsquo;\u00e9quipe.<\/strong><\/span><\/p>\n<p><span><strong><em>Source : S\u00e9rie Rugby<\/em><\/strong><\/span><\/p>\n<p>[\/et_pb_text][\/et_pb_column][\/et_pb_row][\/et_pb_section][et_pb_section fb_built=\u00a0\u00bb1&Prime; _builder_version=\u00a0\u00bb4.16&Prime; min_height=\u00a0\u00bb716.6px\u00a0\u00bb custom_padding=\u00a0\u00bb||1px|||\u00a0\u00bb global_colors_info=\u00a0\u00bb{}\u00a0\u00bb][et_pb_row _builder_version=\u00a0\u00bb4.16&Prime; custom_margin=\u00a0\u00bb-105px||0px||false|false\u00a0\u00bb custom_padding=\u00a0\u00bb0px||||false|false\u00a0\u00bb global_colors_info=\u00a0\u00bb{}\u00a0\u00bb][et_pb_column type=\u00a0\u00bb4_4&Prime; _builder_version=\u00a0\u00bb4.16&Prime; custom_padding=\u00a0\u00bb|||\u00a0\u00bb global_colors_info=\u00a0\u00bb{}\u00a0\u00bb custom_padding__hover=\u00a0\u00bb|||\u00a0\u00bb][et_pb_divider color=\u00a0\u00bb#EDF000&Prime; divider_weight=\u00a0\u00bb2px\u00a0\u00bb _builder_version=\u00a0\u00bb4.16&Prime; _module_preset=\u00a0\u00bbdefault\u00a0\u00bb custom_margin=\u00a0\u00bb15px||||false|false\u00a0\u00bb global_colors_info=\u00a0\u00bb{}\u00a0\u00bb][\/et_pb_divider][et_pb_text _builder_version=\u00a0\u00bb4.16&Prime; text_font=\u00a0\u00bbAcme|700|||||||\u00a0\u00bb text_text_color=\u00a0\u00bb#000000&Prime; text_font_size=\u00a0\u00bb28px\u00a0\u00bb text_orientation=\u00a0\u00bbcenter\u00a0\u00bb custom_margin=\u00a0\u00bb-25px||||false|false\u00a0\u00bb text_font_size_tablet=\u00a0\u00bb\u00a0\u00bb text_font_size_phone=\u00a0\u00bb20px\u00a0\u00bb text_font_size_last_edited=\u00a0\u00bbon|desktop\u00a0\u00bb global_colors_info=\u00a0\u00bb{}\u00a0\u00bb]<\/p>\n<p>Nos partenaire majeurs<\/p>\n<p>[\/et_pb_text][\/et_pb_column][\/et_pb_row][et_pb_row column_structure=\u00a0\u00bb1_3,1_3,1_3&Prime; _builder_version=\u00a0\u00bb4.16&Prime; _module_preset=\u00a0\u00bbdefault\u00a0\u00bb custom_margin=\u00a0\u00bb35px||||false|false\u00a0\u00bb custom_padding=\u00a0\u00bb0px|||||\u00a0\u00bb global_colors_info=\u00a0\u00bb{}\u00a0\u00bb][et_pb_column type=\u00a0\u00bb1_3&Prime; _builder_version=\u00a0\u00bb4.16&Prime; _module_preset=\u00a0\u00bbdefault\u00a0\u00bb global_colors_info=\u00a0\u00bb{}\u00a0\u00bb][et_pb_image src=\u00a0\u00bbhttps:\/\/entente-de-la-tet.fr\/wp-content\/uploads\/2024\/03\/Logo-Camar-Saint-Hippolyte-66.webp\u00a0\u00bb title_text=\u00a0\u00bbLogo-Camar-Saint-Hippolyte-66&Prime; _builder_version=\u00a0\u00bb4.16&Prime; _module_preset=\u00a0\u00bbdefault\u00a0\u00bb global_colors_info=\u00a0\u00bb{}\u00a0\u00bb][\/et_pb_image][\/et_pb_column][et_pb_column type=\u00a0\u00bb1_3&Prime; _builder_version=\u00a0\u00bb4.16&Prime; _module_preset=\u00a0\u00bbdefault\u00a0\u00bb global_colors_info=\u00a0\u00bb{}\u00a0\u00bb][et_pb_image src=\u00a0\u00bbhttps:\/\/entente-de-la-tet.fr\/wp-content\/uploads\/2024\/03\/yep_habitat_03143300_175001674.png\u00a0\u00bb title_text=\u00a0\u00bbyep_habitat_03143300_175001674&Prime; _builder_version=\u00a0\u00bb4.16&Prime; _module_preset=\u00a0\u00bbdefault\u00a0\u00bb global_colors_info=\u00a0\u00bb{}\u00a0\u00bb][\/et_pb_image][\/et_pb_column][et_pb_column type=\u00a0\u00bb1_3&Prime; _builder_version=\u00a0\u00bb4.16&Prime; _module_preset=\u00a0\u00bbdefault\u00a0\u00bb global_colors_info=\u00a0\u00bb{}\u00a0\u00bb][et_pb_image src=\u00a0\u00bbhttps:\/\/entente-de-la-tet.fr\/wp-content\/uploads\/2024\/03\/LOGO-CLV.png\u00a0\u00bb title_text=\u00a0\u00bbLOGO CLV\u00a0\u00bb _builder_version=\u00a0\u00bb4.16&Prime; _module_preset=\u00a0\u00bbdefault\u00a0\u00bb global_colors_info=\u00a0\u00bb{}\u00a0\u00bb][\/et_pb_image][\/et_pb_column][\/et_pb_row][et_pb_row column_structure=\u00a0\u00bb1_3,1_3,1_3&Prime; _builder_version=\u00a0\u00bb4.16&Prime; _module_preset=\u00a0\u00bbdefault\u00a0\u00bb custom_margin=\u00a0\u00bb-15px||||false|false\u00a0\u00bb global_colors_info=\u00a0\u00bb{}\u00a0\u00bb][et_pb_column type=\u00a0\u00bb1_3&Prime; _builder_version=\u00a0\u00bb4.16&Prime; _module_preset=\u00a0\u00bbdefault\u00a0\u00bb global_colors_info=\u00a0\u00bb{}\u00a0\u00bb][et_pb_image src=\u00a0\u00bbhttps:\/\/entente-de-la-tet.fr\/wp-content\/uploads\/2024\/03\/Copie-de-Copie-de-Copie-de-Taille-image-pour-article-reseau-6.webp\u00a0\u00bb title_text=\u00a0\u00bbCopie-de-Copie-de-Copie-de-Taille-image-pour-article-reseau-6&Prime; _builder_version=\u00a0\u00bb4.16&Prime; _module_preset=\u00a0\u00bbdefault\u00a0\u00bb global_colors_info=\u00a0\u00bb{}\u00a0\u00bb][\/et_pb_image][\/et_pb_column][et_pb_column type=\u00a0\u00bb1_3&Prime; _builder_version=\u00a0\u00bb4.16&Prime; _module_preset=\u00a0\u00bbdefault\u00a0\u00bb global_colors_info=\u00a0\u00bb{}\u00a0\u00bb][et_pb_image src=\u00a0\u00bbhttps:\/\/entente-de-la-tet.fr\/wp-content\/uploads\/2024\/03\/Capture_d_ecran_2024-03-27_161609-removebg-preview.png\u00a0\u00bb title_text=\u00a0\u00bbCapture_d_\u00e9cran_2024-03-27_161609-removebg-preview\u00a0\u00bb _builder_version=\u00a0\u00bb4.16&Prime; _module_preset=\u00a0\u00bbdefault\u00a0\u00bb custom_margin=\u00a0\u00bb-18px||||false|false\u00a0\u00bb global_colors_info=\u00a0\u00bb{}\u00a0\u00bb][\/et_pb_image][\/et_pb_column][et_pb_column type=\u00a0\u00bb1_3&Prime; _builder_version=\u00a0\u00bb4.16&Prime; _module_preset=\u00a0\u00bbdefault\u00a0\u00bb global_colors_info=\u00a0\u00bb{}\u00a0\u00bb][et_pb_image src=\u00a0\u00bbhttps:\/\/entente-de-la-tet.fr\/wp-content\/uploads\/2024\/03\/logo_coif-removebg-preview.png\u00a0\u00bb title_text=\u00a0\u00bblogo_coif-removebg-preview\u00a0\u00bb _builder_version=\u00a0\u00bb4.16&Prime; _module_preset=\u00a0\u00bbdefault\u00a0\u00bb width=\u00a0\u00bb93%\u00a0\u00bb custom_margin=\u00a0\u00bb-20px||||false|false\u00a0\u00bb global_colors_info=\u00a0\u00bb{}\u00a0\u00bb][\/et_pb_image][\/et_pb_column][\/et_pb_row][et_pb_row column_structure=\u00a0\u00bb1_3,1_3,1_3&Prime; _builder_version=\u00a0\u00bb4.16&Prime; _module_preset=\u00a0\u00bbdefault\u00a0\u00bb custom_margin=\u00a0\u00bb-35px||||false|false\u00a0\u00bb global_colors_info=\u00a0\u00bb{}\u00a0\u00bb][et_pb_column type=\u00a0\u00bb1_3&Prime; _builder_version=\u00a0\u00bb4.16&Prime; _module_preset=\u00a0\u00bbdefault\u00a0\u00bb global_colors_info=\u00a0\u00bb{}\u00a0\u00bb][et_pb_image src=\u00a0\u00bbhttps:\/\/entente-de-la-tet.fr\/wp-content\/uploads\/2024\/03\/amf-removebg-preview.png\u00a0\u00bb title_text=\u00a0\u00bbamf-removebg-preview\u00a0\u00bb _builder_version=\u00a0\u00bb4.16&Prime; _module_preset=\u00a0\u00bbdefault\u00a0\u00bb width=\u00a0\u00bb101%\u00a0\u00bb custom_margin=\u00a0\u00bb-23px||||false|false\u00a0\u00bb global_colors_info=\u00a0\u00bb{}\u00a0\u00bb][\/et_pb_image][\/et_pb_column][et_pb_column type=\u00a0\u00bb1_3&Prime; _builder_version=\u00a0\u00bb4.16&Prime; _module_preset=\u00a0\u00bbdefault\u00a0\u00bb global_colors_info=\u00a0\u00bb{}\u00a0\u00bb][et_pb_image src=\u00a0\u00bbhttps:\/\/entente-de-la-tet.fr\/wp-content\/uploads\/2024\/03\/clim-removebg-preview.png\u00a0\u00bb title_text=\u00a0\u00bbclim-removebg-preview\u00a0\u00bb _builder_version=\u00a0\u00bb4.16&Prime; _module_preset=\u00a0\u00bbdefault\u00a0\u00bb custom_margin=\u00a0\u00bb-4px||||false|false\u00a0\u00bb global_colors_info=\u00a0\u00bb{}\u00a0\u00bb][\/et_pb_image][\/et_pb_column][et_pb_column type=\u00a0\u00bb1_3&Prime; _builder_version=\u00a0\u00bb4.16&Prime; _module_preset=\u00a0\u00bbdefault\u00a0\u00bb global_colors_info=\u00a0\u00bb{}\u00a0\u00bb][et_pb_image src=\u00a0\u00bbhttps:\/\/entente-de-la-tet.fr\/wp-content\/uploads\/2024\/03\/Nouveau_logo_Land_Rover-removebg-preview.png\u00a0\u00bb title_text=\u00a0\u00bbNouveau_logo_Land_Rover-removebg-preview\u00a0\u00bb _builder_version=\u00a0\u00bb4.16&Prime; _module_preset=\u00a0\u00bbdefault\u00a0\u00bb global_colors_info=\u00a0\u00bb{}\u00a0\u00bb][\/et_pb_image][\/et_pb_column][\/et_pb_row][et_pb_row column_structure=\u00a0\u00bb1_3,1_3,1_3&Prime; _builder_version=\u00a0\u00bb4.16&Prime; _module_preset=\u00a0\u00bbdefault\u00a0\u00bb custom_margin=\u00a0\u00bb-35px||||false|false\u00a0\u00bb global_colors_info=\u00a0\u00bb{}\u00a0\u00bb][et_pb_column type=\u00a0\u00bb1_3&Prime; _builder_version=\u00a0\u00bb4.16&Prime; _module_preset=\u00a0\u00bbdefault\u00a0\u00bb global_colors_info=\u00a0\u00bb{}\u00a0\u00bb][et_pb_image src=\u00a0\u00bbhttps:\/\/entente-de-la-tet.fr\/wp-content\/uploads\/2024\/09\/Capture-decran-2024-09-13-a-08.52.31.png\u00a0\u00bb title_text=\u00a0\u00bbCapture d\u2019\u00e9cran 2024-09-13 \u00e0 08.52.31&Prime; _builder_version=\u00a0\u00bb4.27.0&Prime; _module_preset=\u00a0\u00bbdefault\u00a0\u00bb width=\u00a0\u00bb101%\u00a0\u00bb custom_margin=\u00a0\u00bb50px||||false|false\u00a0\u00bb global_colors_info=\u00a0\u00bb{}\u00a0\u00bb][\/et_pb_image][\/et_pb_column][et_pb_column type=\u00a0\u00bb1_3&Prime; _builder_version=\u00a0\u00bb4.16&Prime; _module_preset=\u00a0\u00bbdefault\u00a0\u00bb global_colors_info=\u00a0\u00bb{}\u00a0\u00bb][et_pb_image src=\u00a0\u00bbhttps:\/\/entente-de-la-tet.fr\/wp-content\/uploads\/2024\/09\/Com-roussillon-noir-pdf.jpg\u00a0\u00bb title_text=\u00a0\u00bbCom roussillon-noir\u00a0\u00bb _builder_version=\u00a0\u00bb4.27.2&Prime; _module_preset=\u00a0\u00bbdefault\u00a0\u00bb custom_margin=\u00a0\u00bb-58px||||false|false\u00a0\u00bb hover_enabled=\u00a0\u00bb0&Prime; global_colors_info=\u00a0\u00bb{}\u00a0\u00bb url=\u00a0\u00bbhttps:\/\/comroussillon.fr\u00a0\u00bb sticky_enabled=\u00a0\u00bb0&Prime;][\/et_pb_image][\/et_pb_column][et_pb_column type=\u00a0\u00bb1_3&Prime; _builder_version=\u00a0\u00bb4.16&Prime; _module_preset=\u00a0\u00bbdefault\u00a0\u00bb global_colors_info=\u00a0\u00bb{}\u00a0\u00bb][\/et_pb_column][\/et_pb_row][et_pb_row _builder_version=\u00a0\u00bb4.27.0&Prime; _module_preset=\u00a0\u00bbdefault\u00a0\u00bb custom_margin=\u00a0\u00bb-70px||||false|false\u00a0\u00bb global_colors_info=\u00a0\u00bb{}\u00a0\u00bb][et_pb_column type=\u00a0\u00bb4_4&Prime; _builder_version=\u00a0\u00bb4.16&Prime; _module_preset=\u00a0\u00bbdefault\u00a0\u00bb global_colors_info=\u00a0\u00bb{}\u00a0\u00bb][et_pb_divider color=\u00a0\u00bb#f9ed1e\u00a0\u00bb divider_weight=\u00a0\u00bb2px\u00a0\u00bb _builder_version=\u00a0\u00bb4.16&Prime; _module_preset=\u00a0\u00bbdefault\u00a0\u00bb custom_margin=\u00a0\u00bb-15px||||false|false\u00a0\u00bb custom_padding=\u00a0\u00bb0px||0px||false|false\u00a0\u00bb global_colors_info=\u00a0\u00bb{}\u00a0\u00bb][\/et_pb_divider][\/et_pb_column][\/et_pb_row][\/et_pb_section]<\/p>\n","protected":false},"excerpt":{"rendered":"<p>Club de Rugby \u00e0 P\u00e9zilla-la-rivi\u00e9reUn club historique du d\u00e9partementFond\u00e9e en 1908, L&rsquo;Entente Rugby Club puise ses origines le long des rives pittoresques de la T\u00eat, dans la commune de P\u00e9zilla-la-Rivi\u00e8re. Cependant, son rayonnement s&rsquo;\u00e9tend bien au-del\u00e0 de ses fronti\u00e8res g\u00e9ographiques, englobant \u00e9galement les charmants villages environnants tels que Saint-F\u00e9liu, Le Soler, Corneilla-la-Rivi\u00e8re, Villeneuve-la-Rivi\u00e8re et Baho. [&hellip;]<\/p>\n","protected":false},"author":1,"featured_media":0,"parent":0,"menu_order":0,"comment_status":"closed","ping_status":"closed","template":"","meta":{"_et_pb_use_builder":"on","_et_pb_old_content":"","_et_gb_content_width":"","footnotes":""},"class_list":["post-71563","page","type-page","status-publish","hentry"],"yoast_head":"<!-- This site is optimized with the Yoast SEO plugin v24.7 - https:\/\/yoast.com\/wordpress\/plugins\/seo\/ -->\n<title>Club de Rugby \u00e0 P\u00e9zilla la Rivi\u00e8re Entente-de-la-tet<\/title>\n<meta name=\"description\" content=\"D\u00e9couvrez l&#039;Entente de la T\u00eat Rugby, formant les talents de demain avec passion et excellence dans les Pyr\u00e9n\u00e9es-Orientales. Rejoignez-nous !\" \/>\n<meta name=\"robots\" content=\"index, follow, max-snippet:-1, max-image-preview:large, max-video-preview:-1\" \/>\n<link rel=\"canonical\" href=\"https:\/\/entente-de-la-tet.fr\/\" \/>\n<meta property=\"og:locale\" content=\"fr_FR\" \/>\n<meta property=\"og:type\" content=\"article\" \/>\n<meta property=\"og:title\" content=\"Club de Rugby \u00e0 P\u00e9zilla la Rivi\u00e8re Entente-de-la-tet\" \/>\n<meta property=\"og:description\" content=\"D\u00e9couvrez l&#039;Entente de la T\u00eat Rugby, formant les talents de demain avec passion et excellence dans les Pyr\u00e9n\u00e9es-Orientales. Rejoignez-nous !\" \/>\n<meta property=\"og:url\" content=\"https:\/\/entente-de-la-tet.fr\/\" \/>\n<meta property=\"og:site_name\" content=\"entente-de-la-tet.fr\" \/>\n<meta property=\"article:modified_time\" content=\"2024-11-13T12:34:10+00:00\" \/>\n<meta name=\"twitter:card\" content=\"summary_large_image\" \/>\n<meta name=\"twitter:label1\" content=\"Dur\u00e9e de lecture estim\u00e9e\" \/>\n\t<meta name=\"twitter:data1\" content=\"17 minutes\" \/>\n<script type=\"application\/ld+json\" class=\"yoast-schema-graph\">{\"@context\":\"https:\/\/schema.org\",\"@graph\":[{\"@type\":\"WebPage\",\"@id\":\"https:\/\/entente-de-la-tet.fr\/\",\"url\":\"https:\/\/entente-de-la-tet.fr\/\",\"name\":\"Club de Rugby \u00e0 P\u00e9zilla la Rivi\u00e8re Entente-de-la-tet\",\"isPartOf\":{\"@id\":\"https:\/\/entente-de-la-tet.fr\/#website\"},\"datePublished\":\"2024-05-21T12:51:43+00:00\",\"dateModified\":\"2024-11-13T12:34:10+00:00\",\"description\":\"D\u00e9couvrez l'Entente de la T\u00eat Rugby, formant les talents de demain avec passion et excellence dans les Pyr\u00e9n\u00e9es-Orientales. Rejoignez-nous !\",\"breadcrumb\":{\"@id\":\"https:\/\/entente-de-la-tet.fr\/#breadcrumb\"},\"inLanguage\":\"fr-FR\",\"potentialAction\":[{\"@type\":\"ReadAction\",\"target\":[\"https:\/\/entente-de-la-tet.fr\/\"]}]},{\"@type\":\"BreadcrumbList\",\"@id\":\"https:\/\/entente-de-la-tet.fr\/#breadcrumb\",\"itemListElement\":[{\"@type\":\"ListItem\",\"position\":1,\"name\":\"Accueil\",\"item\":\"https:\/\/entente-de-la-tet.fr\/\"},{\"@type\":\"ListItem\",\"position\":2,\"name\":\"Club de Rugby \u00e0 P\u00e9zilla la Rivi\u00e8re Entente-de-la-tet\"}]},{\"@type\":\"WebSite\",\"@id\":\"https:\/\/entente-de-la-tet.fr\/#website\",\"url\":\"https:\/\/entente-de-la-tet.fr\/\",\"name\":\"entente-de-la-tet.fr\",\"description\":\"\",\"publisher\":{\"@id\":\"https:\/\/entente-de-la-tet.fr\/#organization\"},\"potentialAction\":[{\"@type\":\"SearchAction\",\"target\":{\"@type\":\"EntryPoint\",\"urlTemplate\":\"https:\/\/entente-de-la-tet.fr\/?s={search_term_string}\"},\"query-input\":{\"@type\":\"PropertyValueSpecification\",\"valueRequired\":true,\"valueName\":\"search_term_string\"}}],\"inLanguage\":\"fr-FR\"},{\"@type\":\"Organization\",\"@id\":\"https:\/\/entente-de-la-tet.fr\/#organization\",\"name\":\"entente-de-la-tet.fr\",\"url\":\"https:\/\/entente-de-la-tet.fr\/\",\"logo\":{\"@type\":\"ImageObject\",\"inLanguage\":\"fr-FR\",\"@id\":\"https:\/\/entente-de-la-tet.fr\/#\/schema\/logo\/image\/\",\"url\":\"https:\/\/entente-de-la-tet.fr\/wp-content\/uploads\/2024\/03\/logo_entente-removebg-preview.png\",\"contentUrl\":\"https:\/\/entente-de-la-tet.fr\/wp-content\/uploads\/2024\/03\/logo_entente-removebg-preview.png\",\"width\":499,\"height\":500,\"caption\":\"entente-de-la-tet.fr\"},\"image\":{\"@id\":\"https:\/\/entente-de-la-tet.fr\/#\/schema\/logo\/image\/\"}}]}<\/script>\n<!-- \/ Yoast SEO plugin. -->","yoast_head_json":{"title":"Club de Rugby \u00e0 P\u00e9zilla la Rivi\u00e8re Entente-de-la-tet","description":"D\u00e9couvrez l'Entente de la T\u00eat Rugby, formant les talents de demain avec passion et excellence dans les Pyr\u00e9n\u00e9es-Orientales. Rejoignez-nous !","robots":{"index":"index","follow":"follow","max-snippet":"max-snippet:-1","max-image-preview":"max-image-preview:large","max-video-preview":"max-video-preview:-1"},"canonical":"https:\/\/entente-de-la-tet.fr\/","og_locale":"fr_FR","og_type":"article","og_title":"Club de Rugby \u00e0 P\u00e9zilla la Rivi\u00e8re Entente-de-la-tet","og_description":"D\u00e9couvrez l'Entente de la T\u00eat Rugby, formant les talents de demain avec passion et excellence dans les Pyr\u00e9n\u00e9es-Orientales. Rejoignez-nous !","og_url":"https:\/\/entente-de-la-tet.fr\/","og_site_name":"entente-de-la-tet.fr","article_modified_time":"2024-11-13T12:34:10+00:00","twitter_card":"summary_large_image","twitter_misc":{"Dur\u00e9e de lecture estim\u00e9e":"17 minutes"},"schema":{"@context":"https:\/\/schema.org","@graph":[{"@type":"WebPage","@id":"https:\/\/entente-de-la-tet.fr\/","url":"https:\/\/entente-de-la-tet.fr\/","name":"Club de Rugby \u00e0 P\u00e9zilla la Rivi\u00e8re Entente-de-la-tet","isPartOf":{"@id":"https:\/\/entente-de-la-tet.fr\/#website"},"datePublished":"2024-05-21T12:51:43+00:00","dateModified":"2024-11-13T12:34:10+00:00","description":"D\u00e9couvrez l'Entente de la T\u00eat Rugby, formant les talents de demain avec passion et excellence dans les Pyr\u00e9n\u00e9es-Orientales. Rejoignez-nous !","breadcrumb":{"@id":"https:\/\/entente-de-la-tet.fr\/#breadcrumb"},"inLanguage":"fr-FR","potentialAction":[{"@type":"ReadAction","target":["https:\/\/entente-de-la-tet.fr\/"]}]},{"@type":"BreadcrumbList","@id":"https:\/\/entente-de-la-tet.fr\/#breadcrumb","itemListElement":[{"@type":"ListItem","position":1,"name":"Accueil","item":"https:\/\/entente-de-la-tet.fr\/"},{"@type":"ListItem","position":2,"name":"Club de Rugby \u00e0 P\u00e9zilla la Rivi\u00e8re Entente-de-la-tet"}]},{"@type":"WebSite","@id":"https:\/\/entente-de-la-tet.fr\/#website","url":"https:\/\/entente-de-la-tet.fr\/","name":"entente-de-la-tet.fr","description":"","publisher":{"@id":"https:\/\/entente-de-la-tet.fr\/#organization"},"potentialAction":[{"@type":"SearchAction","target":{"@type":"EntryPoint","urlTemplate":"https:\/\/entente-de-la-tet.fr\/?s={search_term_string}"},"query-input":{"@type":"PropertyValueSpecification","valueRequired":true,"valueName":"search_term_string"}}],"inLanguage":"fr-FR"},{"@type":"Organization","@id":"https:\/\/entente-de-la-tet.fr\/#organization","name":"entente-de-la-tet.fr","url":"https:\/\/entente-de-la-tet.fr\/","logo":{"@type":"ImageObject","inLanguage":"fr-FR","@id":"https:\/\/entente-de-la-tet.fr\/#\/schema\/logo\/image\/","url":"https:\/\/entente-de-la-tet.fr\/wp-content\/uploads\/2024\/03\/logo_entente-removebg-preview.png","contentUrl":"https:\/\/entente-de-la-tet.fr\/wp-content\/uploads\/2024\/03\/logo_entente-removebg-preview.png","width":499,"height":500,"caption":"entente-de-la-tet.fr"},"image":{"@id":"https:\/\/entente-de-la-tet.fr\/#\/schema\/logo\/image\/"}}]}},"_links":{"self":[{"href":"https:\/\/entente-de-la-tet.fr\/index.php?rest_route=\/wp\/v2\/pages\/71563"}],"collection":[{"href":"https:\/\/entente-de-la-tet.fr\/index.php?rest_route=\/wp\/v2\/pages"}],"about":[{"href":"https:\/\/entente-de-la-tet.fr\/index.php?rest_route=\/wp\/v2\/types\/page"}],"author":[{"embeddable":true,"href":"https:\/\/entente-de-la-tet.fr\/index.php?rest_route=\/wp\/v2\/users\/1"}],"replies":[{"embeddable":true,"href":"https:\/\/entente-de-la-tet.fr\/index.php?rest_route=%2Fwp%2Fv2%2Fcomments&post=71563"}],"version-history":[{"count":59,"href":"https:\/\/entente-de-la-tet.fr\/index.php?rest_route=\/wp\/v2\/pages\/71563\/revisions"}],"predecessor-version":[{"id":72618,"href":"https:\/\/entente-de-la-tet.fr\/index.php?rest_route=\/wp\/v2\/pages\/71563\/revisions\/72618"}],"wp:attachment":[{"href":"https:\/\/entente-de-la-tet.fr\/index.php?rest_route=%2Fwp%2Fv2%2Fmedia&parent=71563"}],"curies":[{"name":"wp","href":"https:\/\/api.w.org\/{rel}","templated":true}]}}